{"id":85069,"date":"2025-06-03T14:23:31","date_gmt":"2025-06-03T12:23:31","guid":{"rendered":"https:\/\/www.atech-sas.com\/?post_type=portfolio&#038;p=85069"},"modified":"2025-06-03T14:23:31","modified_gmt":"2025-06-03T12:23:31","slug":"gestaltung-von-strassenraendern","status":"publish","type":"portfolio","link":"https:\/\/www.atech-sas.com\/de\/inspirationen\/gestaltung-von-strassenraendern\/","title":{"rendered":"Gestaltung von Stra\u00dfenr\u00e4ndern"},"content":{"rendered":"<div class=\"wpb-content-wrapper\"><p>[vc_row][vc_column]\t\t<div id=\"wd-683ee1b9eecc6\" class=\"wd-text-block wd-wpb reset-last-child wd-rs-683ee1b9eecc6 text-left \">\n\t\t\t<p>Die Gestaltung von Stra\u00dfenr\u00e4ndern stellt eine zentrale Aufgabe f\u00fcr Kommunen und Stadtplaner dar. Dabei gilt es, Sicherheit, Verkehrsfluss und eine ansprechende Optik miteinander zu vereinen \u2013 ohne die visuelle Identit\u00e4t der Stadt aus dem Blick zu verlieren. Die Produktlinie PASTEL bietet mit ihren farbigen und funktionalen Elementen eine durchdachte L\u00f6sung: Sie sorgt f\u00fcr mehr Sicherheit und bringt zugleich Farbe und Lebendigkeit in oft stark versiegelte Stadtbereiche.<\/p>\n\t\t<\/div>\n\t\t[\/vc_column][\/vc_row][vc_row equal_height=&#8221;yes&#8221; content_placement=&#8221;top&#8221; css=&#8221;.vc_custom_1494415255420{margin-bottom: 5vh !important;}&#8221;][vc_column css=&#8221;.vc_custom_1499847091930{margin-bottom: 30px !important;}&#8221; offset=&#8221;vc_col-lg-8 vc_col-md-12&#8243;]\t\t<div id=\"wd-6759603ad4416\" class=\"wd-image wd-wpb wd-rs-6759603ad4416 text-left \">\n\t\t\t\n\t\t\t<img decoding=\"async\" width=\"1024\" height=\"943\" src=\"data:image\/png;base64,iVBORw0KGgoAAAANSUhEUgAAAAsAAAAKCAMAAABVLlSxAAABQVBMVEXTzs7Ry8zFv8DMxsbPycjLxcXFv7qZl4BZYzNnbD9mZkW7say5r6qupJ6ypp+ypp6soJedk35xcEdfYjNsbjpvbj+hkIOVhnqai4CdjX+ZiXeRgm6Lfmh2cE5pZztnZT50bUygmJV0cW+VjIeZjoaDcmBsW0WLfm5nZUVSUClaTDNmS0HY0s++sKyxo5uyrJx\/YFJnPDeXhn16Y1ZYLCNmJiJjLCq6rqqShoBjYT2Rm0p5fT5kT0a1pJybfnlxJCaKKSyDXFiWioZ\/eHVUVkhkZk59fm+Pi4mtpJ6wnpaRXly3e3nazMOJgH2Wi4akmI+hlI2pn5epo569trHo4Njh2dLg19Dd1c2GfXqFfXmMgn2Mg36WjYaFf3qdlI2zqaGuo5ypnpalmpKUioWYjYedkIiekoqilo6il4+hlo6hlo01CFFdAAAAgElEQVQI12NgYGRiZmFlY+fg5GLg5uHl4xcQFBIWEWUQE5eQlJKWkZWTV2BQVFJWUVVT19DU0mbQ0dXTNzA0MjYxNWMwt7C0sraxtbN3cGRwcnZxdXP38PTy9mHw9fMPCAwKDgkNC2eIiIyKjomNi09ITGJITklNS8\/IzMzIyAIApWcXYWvZl\/AAAAAASUVORK5CYII=\" class=\"attachment-large wd-lazy-load wd-lazy-fade\" alt=\"ATECH PASTEL gal\u00e4nder\" title=\"ATECH-pastel-gelander\" srcset=\"\" sizes=\"(max-width: 1024px) 100vw, 1024px\" data-wood-src=\"https:\/\/www.atech-sas.com\/wp-content\/uploads\/2018\/09\/ATECH-pastel-gelander-1024x943.png\" data-srcset=\"https:\/\/www.atech-sas.com\/wp-content\/uploads\/2018\/09\/ATECH-pastel-gelander-1024x943.png 1024w, https:\/\/www.atech-sas.com\/wp-content\/uploads\/2018\/09\/ATECH-pastel-gelander-300x276.png 300w, https:\/\/www.atech-sas.com\/wp-content\/uploads\/2018\/09\/ATECH-pastel-gelander-768x707.png 768w, https:\/\/www.atech-sas.com\/wp-content\/uploads\/2018\/09\/ATECH-pastel-gelander-1536x1414.png 1536w, https:\/\/www.atech-sas.com\/wp-content\/uploads\/2018\/09\/ATECH-pastel-gelander-1200x1105.png 1200w, https:\/\/www.atech-sas.com\/wp-content\/uploads\/2018\/09\/ATECH-pastel-gelander-150x138.png 150w, https:\/\/www.atech-sas.com\/wp-content\/uploads\/2018\/09\/ATECH-pastel-gelander.png 1969w\" \/>\n\t\t\t\t\t<\/div>\n\t\t[\/vc_column][vc_column woodmart_sticky_column=&#8221;true&#8221; css=&#8221;.vc_custom_1499847110653{margin-right: 5px !important;margin-bottom: 48px !important;margin-left: 5px !important;}&#8221; offset=&#8221;vc_col-lg-4 vc_col-md-12&#8243;][vc_row_inner css=&#8221;.vc_custom_1494415923456{border-top-width: 10px !important;border-right-width: 10px !important;border-bottom-width: 10px !important;border-left-width: 10px !important;padding-top: 30px !important;padding-right: 30px !important;padding-bottom: 10px !important;padding-left: 30px !important;border-left-color: #f7f7f7 !important;border-left-style: solid !important;border-right-color: #f7f7f7 !important;border-right-style: solid !important;border-top-color: #f7f7f7 !important;border-top-style: solid !important;border-bottom-color: #f7f7f7 !important;border-bottom-style: solid !important;}&#8221;][vc_column_inner css=&#8221;.vc_custom_1494415839649{padding-top: 0px !important;padding-right: 0px !important;padding-left: 0px !important;}&#8221;][vc_custom_heading text=&#8221;FARBLICHE GESTALTUNG F\u00dcR SICHERE UND \u00c4STHETISCHE STRASSENR\u00c4NDER&#8221; font_container=&#8221;tag:h2|font_size:38px|text_align:left|line_height:1&#8243; use_theme_fonts=&#8221;yes&#8221; css=&#8221;.vc_custom_1748951565263{margin-bottom: 15px !important;}&#8221;][vc_column_text css=&#8221;&#8221; text_larger=&#8221;no&#8221; woodmart_inline=&#8221;no&#8221;]Die <strong>PASTEL-Serie<\/strong> zeichnet sich durch die Verwendung von <strong>\u00fcbereinander angeordneten Farbb\u00e4ndern<\/strong> aus. Diese farblichen Akzente \u2013 typisch f\u00fcr die Kollektion \u2013 beleben den Raum und <strong>durchbrechen die Monotonie<\/strong> klassischer pulverbeschichteter Stahlelemente. PASTEL ist die ideale Wahl f\u00fcr eine <strong>aufgewertete und begr\u00fcnte Stra\u00dfenrandgestaltung<\/strong>.[\/vc_column_text][\/vc_column_inner][\/vc_row_inner][\/vc_column][\/vc_row][vc_row][vc_column width=&#8221;1\/2&#8243;]\n\t\t<div id=\"wd-683ee2c9751b1\" class=\"title-wrapper wd-wpb set-mb-s reset-last-child  wd-rs-683ee2c9751b1 wd-title-color-default wd-title-style-default text-center  wd-underline-colored\">\n\t\t\t\n\t\t\t<div class=\"liner-continer\">\n\t\t\t\t<h3 class=\"woodmart-title-container title  wd-font-weight-700 wd-fontsize-l\" >Mehr Sicherheit und Sichtbarkeit<\/h3>\n\t\t\t\t\t\t\t<\/div>\n\t\t\t\n\t\t\t\n\t\t\t\n\t\t<\/div>\n\t\t\n\t\t\t\t<div id=\"wd-683ee2d17e471\" class=\"wd-text-block wd-wpb reset-last-child wd-rs-683ee2d17e471 text-left \">\n\t\t\t<p>Die Farbb\u00e4nder sorgen f\u00fcr eine <strong>bessere Sichtbarkeit<\/strong>, auch aus der Ferne. Diese Markierung \u00e4hnelt den wei\u00dfen Linien, die bei Ausstattungen f\u00fcr mobilit\u00e4tseingeschr\u00e4nkte Personen verwendet werden, und erh\u00f6ht die <strong>Sicherheit von Fu\u00dfg\u00e4ngern<\/strong>, indem sie die <strong>Trennung zwischen Fahrbahn und Gehweg<\/strong> klar definiert. So schaffen die <strong>farbigen Poller und Zaune<\/strong> der PASTEL-Serie eine <strong>klare und zugleich harmonische Abgrenzung<\/strong>.<\/p>\n\t\t<\/div>\n\t\t\n\t\t<div id=\"wd-683ee2ecd4809\" class=\"title-wrapper wd-wpb set-mb-s reset-last-child  wd-rs-683ee2ecd4809 wd-title-color-default wd-title-style-default text-center  wd-underline-colored\">\n\t\t\t\n\t\t\t<div class=\"liner-continer\">\n\t\t\t\t<h3 class=\"woodmart-title-container title  wd-font-weight-700 wd-fontsize-l\" >Individuelle Farbauswahl<\/h3>\n\t\t\t\t\t\t\t<\/div>\n\t\t\t\n\t\t\t\n\t\t\t\n\t\t<\/div>\n\t\t\n\t\t[vc_row_inner][vc_column_inner]\t\t<div id=\"wd-683ee3017b32f\" class=\"wd-text-block wd-wpb reset-last-child wd-rs-683ee3017b32f text-left \">\n\t\t\t<p>Folgende Standardfarben stehen zur Verf\u00fcgung:<\/p>\n\t\t<\/div>\n\t\t[\/vc_column_inner][\/vc_row_inner][vc_row_inner][vc_column_inner width=&#8221;1\/2&#8243;]\t\t<div id=\"wd-6759666e7f8ce\" class=\"wd-text-block wd-wpb reset-last-child wd-rs-6759666e7f8ce text-left \">\n\t\t\t<ul>\n<li><span style=\"color: #bbd6b3;\"><strong>RAL 6019<\/strong><\/span><\/li>\n<li><span style=\"color: #76a7a7;\"><strong>RAL 6034<\/strong><\/span><\/li>\n<li><span style=\"color: #786095;\"><strong>RAL 4005<\/strong><\/span><\/li>\n<li><span style=\"color: #cf9ba0;\"><strong>RAL 3015<\/strong><\/span><\/li>\n<\/ul>\n\t\t<\/div>\n\t\t[\/vc_column_inner][vc_column_inner width=&#8221;1\/2&#8243;]\t\t<div id=\"wd-67596679cff76\" class=\"wd-text-block wd-wpb reset-last-child wd-rs-67596679cff76 text-left \">\n\t\t\t<ul>\n<li style=\"text-align: left;\"><span style=\"color: #e4974f;\"><strong>RAL 1034<\/strong><\/span><\/li>\n<li style=\"text-align: left;\"><span style=\"color: #ce624b;\"><strong>RAL 2012<\/strong><\/span><\/li>\n<li style=\"text-align: left;\"><span style=\"color: #5f8daa;\"><strong>RAL 5024<\/strong><\/span><\/li>\n<li style=\"text-align: left;\"><span style=\"color: #43474c;\"><strong>RAL 7024<\/strong><\/span><\/li>\n<\/ul>\n\t\t<\/div>\n\t\t[\/vc_column_inner][\/vc_row_inner][vc_row_inner][vc_column_inner]\t\t<div id=\"wd-683ee33f0f88d\" class=\"wd-text-block wd-wpb reset-last-child wd-rs-683ee33f0f88d text-left \">\n\t\t\t<p>Diese Farben k\u00f6nnen <strong>individuell angepasst<\/strong> werden, damit jede Stadt die <strong>Farbt\u00f6ne ihrer visuellen Identit\u00e4t<\/strong> integrieren und die Gestaltung ihrer Stra\u00dfenr\u00e4nder personalisieren kann.<\/p>\n\t\t<\/div>\n\t\t[\/vc_column_inner][\/vc_row_inner][vc_empty_space woodmart_hide_large=&#8221;0&#8243; woodmart_hide_medium=&#8221;0&#8243; woodmart_hide_small=&#8221;0&#8243;]<div id=\"wd-683ee41827349\" class=\" wd-rs-683ee41827349 vc_custom_1748952092148 wd-button-wrapper text-center\"><a href=\"https:\/\/www.atech-sas.com\/de\/gamme\/pastel-de\/\" title=\"DIE PRODUKTLINIE PASTEL ENTDECKEN\" class=\"btn btn-scheme-dark btn-scheme-hover-light btn-style-default btn-style-rectangle btn-size-default\">DIE PRODUKTLINIE PASTEL ENTDECKEN<\/a><\/div>[vc_empty_space height=&#8221;75&#8243; woodmart_hide_large=&#8221;0&#8243; woodmart_hide_medium=&#8221;0&#8243; woodmart_hide_small=&#8221;0&#8243;][\/vc_column][vc_column width=&#8221;1\/2&#8243;]\t\t<div id=\"wd-67595fc0390a2\" class=\"wd-image wd-wpb wd-rs-67595fc0390a2 text-left \">\n\t\t\t\n\t\t\t<img decoding=\"async\" width=\"1024\" height=\"1024\" src=\"data:image\/jpg;base64,\/9j\/4AAQSkZJRgABAQAAAQABAAD\/\/gAfQ29tcHJlc3NlZCBieSBqcGVnLXJlY29tcHJlc3P\/2wBDAAYEBAUEBAYFBQUGBgYHCQ4JCQgICRINDQoOFRIWFhUSFBQXGiEcFxgfGRQUHScdHyIjJSUlFhwpLCgkKyEkJST\/2wBDAQYGBgkICREJCREkGBQYJCQkJCQkJCQkJCQkJCQkJCQkJCQkJCQkJCQkJCQkJCQkJCQkJCQkJCQkJCQkJCQkJCT\/wAARCAAKAAoDASIAAhEBAxEB\/8QAFgABAQEAAAAAAAAAAAAAAAAACAIH\/8QAIhAAAgECBQUAAAAAAAAAAAAAAQIDACEEBQYREwcxM5Kx\/8QAFAEBAAAAAAAAAAAAAAAAAAAAAf\/EABgRAAMBAQAAAAAAAAAAAAAAAAACIQEx\/9oADAMBAAIRAxEAPwC+o2iU0cVzPCgnLXbjSMt4GufU3rOGzHBOzMWYEnezHb7SS1XBFKZEkiR0fCzllZQQxETbE0VZFHI9h3NCXKLdP\/\/Z\" class=\"attachment-large wd-lazy-load wd-lazy-fade\" alt=\"stra\u00dfenrandgestaltung-stadtmoebel-atech-pastel\" title=\"stra\u00dfenrandgestaltung-stadtmoebel-atech-pastel\" srcset=\"\" sizes=\"(max-width: 1024px) 100vw, 1024px\" data-wood-src=\"https:\/\/www.atech-sas.com\/wp-content\/uploads\/2021\/06\/amenagement-voirie-mobilier-urbain-atech-pastel-1024x1024.jpg\" data-srcset=\"https:\/\/www.atech-sas.com\/wp-content\/uploads\/2021\/06\/amenagement-voirie-mobilier-urbain-atech-pastel-1024x1024.jpg 1024w, https:\/\/www.atech-sas.com\/wp-content\/uploads\/2021\/06\/amenagement-voirie-mobilier-urbain-atech-pastel-300x300.jpg 300w, https:\/\/www.atech-sas.com\/wp-content\/uploads\/2021\/06\/amenagement-voirie-mobilier-urbain-atech-pastel-150x150.jpg 150w, https:\/\/www.atech-sas.com\/wp-content\/uploads\/2021\/06\/amenagement-voirie-mobilier-urbain-atech-pastel-768x768.jpg 768w, https:\/\/www.atech-sas.com\/wp-content\/uploads\/2021\/06\/amenagement-voirie-mobilier-urbain-atech-pastel.jpg 1200w, https:\/\/www.atech-sas.com\/wp-content\/uploads\/2021\/06\/amenagement-voirie-mobilier-urbain-atech-pastel-600x600.jpg 600w\" \/>\n\t\t\t\t\t<\/div>\n\t\t[\/vc_column][\/vc_row][vc_row][vc_column][vc_row_inner][vc_column_inner]\n\t\t<div id=\"wd-683ee41ec4c17\" class=\"title-wrapper wd-wpb set-mb-s reset-last-child  wd-rs-683ee41ec4c17 wd-title-color-default wd-title-style-default text-center  wd-underline-colored\">\n\t\t\t\n\t\t\t<div class=\"liner-continer\">\n\t\t\t\t<h2 class=\"woodmart-title-container title  wd-font-weight-900 wd-fontsize-xl\" >Natur in die Stadt holen mit der Produktlinie Pastel<\/h2>\n\t\t\t\t\t\t\t<\/div>\n\t\t\t\n\t\t\t\n\t\t\t\n\t\t<\/div>\n\t\t\n\t\t\t\t<div id=\"wd-683ee4e13c041\" class=\"wd-text-block wd-wpb reset-last-child wd-rs-683ee4e13c041 text-left \">\n\t\t\t<p>Neben der farblichen Vielfalt bietet PASTEL auch L\u00f6sungen zur <strong>Bepflanzung<\/strong> \u2013 ideal, um <strong>Begr\u00fcnung und Lebendigkeit<\/strong> in st\u00e4dtische R\u00e4ume zu bringen.<\/p>\n\t\t<\/div>\n\t\t[\/vc_column_inner][\/vc_row_inner][vc_row_inner][vc_column_inner width=&#8221;1\/2&#8243;]\n\t\t<div id=\"wd-683ee506c958d\" class=\"title-wrapper wd-wpb set-mb-s reset-last-child  wd-rs-683ee506c958d wd-title-color-default wd-title-style-default text-left  wd-underline-colored\">\n\t\t\t\n\t\t\t<div class=\"liner-continer\">\n\t\t\t\t<h3 class=\"woodmart-title-container title  wd-font-weight- wd-fontsize-l\" >Natur in die Stadt holen mit der Produktlinie Pastel<\/h3>\n\t\t\t\t\t\t\t<\/div>\n\t\t\t\n\t\t\t\n\t\t\t\n\t\t<\/div>\n\t\t\n\t\t\t\t<div id=\"wd-67596623f127a\" class=\"wd-image wd-wpb wd-rs-67596623f127a text-center \">\n\t\t\t\n\t\t\t<img decoding=\"async\" width=\"1024\" height=\"1024\" src=\"data:image\/jpg;base64,\/9j\/4AAQSkZJRgABAQAAAQABAAD\/2wBDAAYEBAUEBAYFBQUGBgYHCQ4JCQgICRINDQoOFRIWFhUSFBQXGiEcFxgfGRQUHScdHyIjJSUlFhwpLCgkKyEkJST\/2wBDAQYGBgkICREJCREkGBQYJCQkJCQkJCQkJCQkJCQkJCQkJCQkJCQkJCQkJCQkJCQkJCQkJCQkJCQkJCQkJCQkJCT\/wAARCAAKAAoDAREAAhEBAxEB\/8QAFwAAAwEAAAAAAAAAAAAAAAAAAgQFBv\/EACAQAAIBBAIDAQAAAAAAAAAAAAECAwAEESEFURMUMUH\/xAAWAQEBAQAAAAAAAAAAAAAAAAADAgT\/xAAcEQACAgIDAAAAAAAAAAAAAAAAAQIRIVExkaH\/2gAMAwEAAhEDEQA\/AKU3N8p5pTbs10GOY1LmJFPWfnXzqocJVUX2JdW0HHFx8iK93f36XDAGVVmlID\/oBzveaXOiKjtei2B68YxqiFXBnyBk6FaUZD\/\/2Q==\" class=\"attachment-large wd-lazy-load wd-lazy-fade\" alt=\"stra\u00dfenrandgestaltung-stadtschranke-atech-pastel\" title=\"stra\u00dfenrandgestaltung-stadtschranke-atech-pastel\" srcset=\"\" sizes=\"(max-width: 1024px) 100vw, 1024px\" data-wood-src=\"https:\/\/www.atech-sas.com\/wp-content\/uploads\/2021\/06\/amenagement-voirie-mobilier-urbain-barrieres-atech-pastel-1024x1024.jpg\" data-srcset=\"https:\/\/www.atech-sas.com\/wp-content\/uploads\/2021\/06\/amenagement-voirie-mobilier-urbain-barrieres-atech-pastel-1024x1024.jpg 1024w, https:\/\/www.atech-sas.com\/wp-content\/uploads\/2021\/06\/amenagement-voirie-mobilier-urbain-barrieres-atech-pastel-300x300.jpg 300w, https:\/\/www.atech-sas.com\/wp-content\/uploads\/2021\/06\/amenagement-voirie-mobilier-urbain-barrieres-atech-pastel-150x150.jpg 150w, https:\/\/www.atech-sas.com\/wp-content\/uploads\/2021\/06\/amenagement-voirie-mobilier-urbain-barrieres-atech-pastel-768x768.jpg 768w, https:\/\/www.atech-sas.com\/wp-content\/uploads\/2021\/06\/amenagement-voirie-mobilier-urbain-barrieres-atech-pastel.jpg 1200w, https:\/\/www.atech-sas.com\/wp-content\/uploads\/2021\/06\/amenagement-voirie-mobilier-urbain-barrieres-atech-pastel-600x600.jpg 600w\" \/>\n\t\t\t\t\t<\/div>\n\t\t\t\t<div id=\"wd-683ee51a6bbbc\" class=\"wd-text-block wd-wpb reset-last-child wd-rs-683ee51a6bbbc text-left \">\n\t\t\t<p>Die <strong>PASTEL-Stadtzaun<\/strong> k\u00f6nnen mit einer <strong>S\u00e9rie A-Blumenkasten-Option<\/strong> ausgestattet werden, die mittig in das Element integriert ist. So lassen sich auf einfache Weise <strong>bl\u00fchende Arrangements<\/strong> einsetzen, die das Umfeld aufwerten und in stark versiegelten Stadtbereichen <strong>mehr Lebensqualit\u00e4t<\/strong> schaffen.<\/p>\n\t\t<\/div>\n\t\t[vc_empty_space height=&#8221;40&#8243; woodmart_hide_large=&#8221;0&#8243; woodmart_hide_medium=&#8221;0&#8243; woodmart_hide_small=&#8221;0&#8243;]<div id=\"wd-683ee5bce0329\" class=\" wd-rs-683ee5bce0329 vc_custom_1748952515238 wd-button-wrapper text-center\"><a href=\"https:\/\/www.atech-sas.com\/de\/produkt\/stadtzaun-pastel\/\" title=\"ENTDECKEN SIE DIE PRODUKTLINIE PASTEL\" class=\"btn btn-scheme-dark btn-scheme-hover-light btn-style-default btn-style-rectangle btn-size-default\">ENTDECKEN SIE DIE PRODUKTLINIE PASTEL<\/a><\/div>[vc_empty_space height=&#8221;75&#8243; woodmart_hide_large=&#8221;0&#8243; woodmart_hide_medium=&#8221;0&#8243; woodmart_hide_small=&#8221;0&#8243;][\/vc_column_inner][vc_column_inner width=&#8221;1\/2&#8243;]\n\t\t<div id=\"wd-683ee61b534da\" class=\"title-wrapper wd-wpb set-mb-s reset-last-child  wd-rs-683ee61b534da wd-title-color-default wd-title-style-default text-left  wd-underline-colored\">\n\t\t\t\n\t\t\t<div class=\"liner-continer\">\n\t\t\t\t<h3 class=\"woodmart-title-container title  wd-font-weight- wd-fontsize-l\" >Konische Pflanzgef\u00e4sse<\/h3>\n\t\t\t\t\t\t\t<\/div>\n\t\t\t\n\t\t\t\n\t\t\t\n\t\t<\/div>\n\t\t\n\t\t\t\t<div id=\"wd-6759662c3b321\" class=\"wd-image wd-wpb wd-rs-6759662c3b321 text-center \">\n\t\t\t\n\t\t\t<img decoding=\"async\" width=\"1024\" height=\"1024\" src=\"data:image\/jpg;base64,\/9j\/4AAQSkZJRgABAQAAAQABAAD\/\/gAfQ29tcHJlc3NlZCBieSBqcGVnLXJlY29tcHJlc3P\/2wBDAAYEBAUEBAYFBQUGBgYHCQ4JCQgICRINDQoOFRIWFhUSFBQXGiEcFxgfGRQUHScdHyIjJSUlFhwpLCgkKyEkJST\/2wBDAQYGBgkICREJCREkGBQYJCQkJCQkJCQkJCQkJCQkJCQkJCQkJCQkJCQkJCQkJCQkJCQkJCQkJCQkJCQkJCQkJCT\/wAARCAAKAAoDASIAAhEBAxEB\/8QAFwAAAwEAAAAAAAAAAAAAAAAAAgMFBv\/EACQQAAECBAUFAAAAAAAAAAAAAAECBAADBREGByEiURIxMoHB\/8QAFQEBAQAAAAAAAAAAAAAAAAAAAQL\/xAAXEQEBAQEAAAAAAAAAAAAAAAABABEx\/9oADAMBAAIRAxEAPwBlTzFx61qtIdNK0pTWQlSJiFK2rNz5Ai6uAdYvnO\/EIJBe2PAapPyMEz3SklWp6u59QRAudIDrVhf\/2Q==\" class=\"attachment-large wd-lazy-load wd-lazy-fade\" alt=\"stra\u00dfenrandgestaltung-pflanze-atech-pastel\" title=\"stra\u00dfenrandgestaltung-pflanze-atech-pastel\" srcset=\"\" sizes=\"(max-width: 1024px) 100vw, 1024px\" data-wood-src=\"https:\/\/www.atech-sas.com\/wp-content\/uploads\/2021\/06\/amenagement-voirie-mobilier-urbain-plantes-atech-pastel-1024x1024.jpg\" data-srcset=\"https:\/\/www.atech-sas.com\/wp-content\/uploads\/2021\/06\/amenagement-voirie-mobilier-urbain-plantes-atech-pastel-1024x1024.jpg 1024w, https:\/\/www.atech-sas.com\/wp-content\/uploads\/2021\/06\/amenagement-voirie-mobilier-urbain-plantes-atech-pastel-300x300.jpg 300w, https:\/\/www.atech-sas.com\/wp-content\/uploads\/2021\/06\/amenagement-voirie-mobilier-urbain-plantes-atech-pastel-150x150.jpg 150w, https:\/\/www.atech-sas.com\/wp-content\/uploads\/2021\/06\/amenagement-voirie-mobilier-urbain-plantes-atech-pastel-768x768.jpg 768w, https:\/\/www.atech-sas.com\/wp-content\/uploads\/2021\/06\/amenagement-voirie-mobilier-urbain-plantes-atech-pastel.jpg 1200w, https:\/\/www.atech-sas.com\/wp-content\/uploads\/2021\/06\/amenagement-voirie-mobilier-urbain-plantes-atech-pastel-600x600.jpg 600w\" \/>\n\t\t\t\t\t<\/div>\n\t\t\t\t<div id=\"wd-683ee628cd6b4\" class=\"wd-text-block wd-wpb reset-last-child wd-rs-683ee628cd6b4 text-left \">\n\t\t\t<p>Die <strong>konischen Pflanzk\u00fcbel der Serie PASTEL<\/strong> sind ideal f\u00fcr Blumen oder Str\u00e4ucher. Erh\u00e4ltlich in <strong>f\u00fcnf Standardgr\u00f6\u00dfen<\/strong> von <strong>600 mm bis 1400 mm Durchmesser<\/strong>, passen sie sich jeder Gestaltung an und sorgen f\u00fcr ein <strong>ansprechendes, nat\u00fcrliches Stadtbild<\/strong>.<\/p>\n\t\t<\/div>\n\t\t[vc_empty_space height=&#8221;45&#8243; woodmart_hide_large=&#8221;0&#8243; woodmart_hide_medium=&#8221;0&#8243; woodmart_hide_small=&#8221;0&#8243;]<div id=\"wd-683ee6f5303fd\" class=\" wd-rs-683ee6f5303fd vc_custom_1748952826350 wd-button-wrapper text-center\"><a href=\"https:\/\/www.atech-sas.com\/de\/produkt\/konischer-pflanzkuebel-pastel\/\" title=\"DIE PASTEL-PFLANZK\u00dcBEL ENTDECKEN\" class=\"btn btn-scheme-dark btn-scheme-hover-light btn-style-default btn-style-rectangle btn-size-default\">DIE PASTEL-PFLANZK\u00dcBEL ENTDECKEN<\/a><\/div>[vc_empty_space height=&#8221;75&#8243; woodmart_hide_large=&#8221;0&#8243; woodmart_hide_medium=&#8221;0&#8243; woodmart_hide_small=&#8221;0&#8243;][\/vc_column_inner][\/vc_row_inner][vc_row_inner][vc_column_inner][vc_empty_space height=&#8221;75&#8243; woodmart_hide_large=&#8221;0&#8243; woodmart_hide_medium=&#8221;0&#8243; woodmart_hide_small=&#8221;0&#8243;]\n\t\t<div id=\"wd-683ee84545ebc\" class=\"title-wrapper wd-wpb set-mb-s reset-last-child  wd-rs-683ee84545ebc wd-title-color-default wd-title-style-default text-center  wd-underline-colored\">\n\t\t\t\n\t\t\t<div class=\"liner-continer\">\n\t\t\t\t<h2 class=\"woodmart-title-container title  wd-font-weight-900 wd-fontsize-xl\" >Versch\u00f6nern Sie Ihren Stadtraum mit der Serie PASTEL<\/h2>\n\t\t\t\t\t\t\t<\/div>\n\t\t\t\n\t\t\t\n\t\t\t\n\t\t<\/div>\n\t\t\n\t\t\t\t<div id=\"wd-683ee85f31a4e\" class=\"wd-text-block wd-wpb reset-last-child wd-rs-683ee85f31a4e text-left \">\n\t\t\t<p>Die Produktlinie PASTEL bietet mehr als nur ein \u00e4sthetisches Erscheinungsbild. Sie sorgt f\u00fcr <strong>Sicherheit<\/strong>, <strong>bessere Sichtbarkeit<\/strong> und <strong>einladende Stadtr\u00e4ume<\/strong>. Ob mit <strong>farbigem Mobiliar<\/strong> oder <strong>integrierten Bepflanzungsl\u00f6sungen<\/strong> \u2013 PASTEL verwandelt Stra\u00dfenr\u00e4nder in <strong>lebendige \u00f6ffentliche R\u00e4ume<\/strong>, die auf die Bed\u00fcrfnisse aller Nutzer abgestimmt sind.<\/p>\n\t\t<\/div>\n\t\t[\/vc_column_inner][\/vc_row_inner][vc_row_inner][vc_column_inner][vc_empty_space height=&#8221;75&#8243; woodmart_hide_large=&#8221;0&#8243; woodmart_hide_medium=&#8221;0&#8243; woodmart_hide_small=&#8221;0&#8243;]\n\t\t<div id=\"wd-683ee87302389\" class=\"title-wrapper wd-wpb set-mb-s reset-last-child  wd-rs-683ee87302389 wd-title-color-default wd-title-style-default text-center  wd-underline-colored\">\n\t\t\t\n\t\t\t<div class=\"liner-continer\">\n\t\t\t\t<h2 class=\"woodmart-title-container title  wd-font-weight-900 wd-fontsize-xl\" >Warum Pastel f\u00fcr Ihre Stadt?<\/h2>\n\t\t\t\t\t\t\t<\/div>\n\t\t\t\n\t\t\t\n\t\t\t\n\t\t<\/div>\n\t\t\n\t\t\t\t<div id=\"wd-683ee87e6df23\" class=\"wd-text-block wd-wpb reset-last-child wd-rs-683ee87e6df23 text-left \">\n\t\t\t<p>Die PASTEL-Serie bietet Ihnen zahlreiche Vorteile:<\/p>\n<ul>\n<li><strong>Erh\u00f6hte Sicherheit<\/strong> dank besser sichtbarer Ausstattung<\/li>\n<li><strong>Individuelle Farbgestaltung<\/strong> f\u00fcr ein einzigartiges Stadtbild<\/li>\n<li><strong>Begr\u00fcnte Elemente<\/strong> f\u00fcr eine gr\u00fcnere und lebenswertere Stadt<\/li>\n<li><strong>Langlebige Materialien<\/strong> und wartungsarme Nutzung<\/li>\n<\/ul>\n<p>Gestalten Sie Ihre Stra\u00dfenr\u00e4nder <strong>funktional und attraktiv<\/strong> \u2013 mit den innovativen L\u00f6sungen der Serie PASTEL.<\/p>\n<p><a href=\"https:\/\/www.atech-sas.com\/de\/kontakt-dankeschoen\/\"><strong>Kontaktieren Sie uns<\/strong><\/a>, um alle M\u00f6glichkeiten kennenzulernen.<\/p>\n\t\t<\/div>\n\t\t[\/vc_column_inner][\/vc_row_inner][\/vc_column][\/vc_row][vc_row][vc_column][vc_empty_space height=&#8221;75&#8243; woodmart_hide_large=&#8221;0&#8243; woodmart_hide_medium=&#8221;0&#8243; woodmart_hide_small=&#8221;0&#8243;]\t\t\t<div class=\" wd-rs-683ee8a7f3fde wd-wpb\">\r\n\r\n\t\t\t\t\t\t\t\t\t\t\t\t<div id=\"carousel-725\"\n\t\t\t\t class=\"wd-carousel-container  with-title slider-type-product products wd-carousel-spacing-2 disable-owl-mobile\" data-owl-carousel data-wrap=\"no\" data-hide_pagination_control=\"no\" data-hide_prev_next_buttons=\"no\" data-desktop=\"4\" data-tablet_landscape=\"4\" data-tablet=\"3\" data-mobile=\"2\">\n\t\t\t\t<h4 class=\"title element-title\">Produkte<\/h4>\t\t\t\t<div class=\"owl-carousel owl-items-lg-4 owl-items-md-4 owl-items-sm-3 owl-items-xs-2\">\n\t\t\t\t\t\n\t\t\t\t\t\t\t<div class=\"slide-product owl-carousel-item\">\n\t\t\t\n\t\t\t\t\t\t\t\t\t\t\t<div class=\"product-grid-item product product-no-swatches wd-hover-base wd-hover-with-fade wd-fade-off type-product post-37977 status-publish instock product_cat-stadtmoebel-bank product_cat-stahl-de has-post-thumbnail taxable shipping-taxable purchasable product-type-variable has-default-attributes\" data-loop=\"1\" data-id=\"37977\">\r\n\t\r\n\t\n<div class=\"product-wrapper\">\n\t<div class=\"content-product-imagin\"><\/div>\n\t<div class=\"product-element-top wd-quick-shop\">\n\t\t<a href=\"https:\/\/www.atech-sas.com\/de\/produkt\/oeffentliche-sitzbank-pastel\/\" class=\"product-image-link\">\n\t\t\t<img decoding=\"async\" width=\"600\" height=\"600\" src=\"data:image\/jpg;base64,\/9j\/4AAQSkZJRgABAQAAAQABAAD\/\/gAfQ29tcHJlc3NlZCBieSBqcGVnLXJlY29tcHJlc3P\/2wBDAAYEBAUEBAYFBQUGBgYHCQ4JCQgICRINDQoOFRIWFhUSFBQXGiEcFxgfGRQUHScdHyIjJSUlFhwpLCgkKyEkJST\/2wBDAQYGBgkICREJCREkGBQYJCQkJCQkJCQkJCQkJCQkJCQkJCQkJCQkJCQkJCQkJCQkJCQkJCQkJCQkJCQkJCQkJCT\/wAARCAAKAAoDASIAAhEBAxEB\/8QAFgABAQEAAAAAAAAAAAAAAAAABAUI\/8QAHhAAAgIDAAMBAAAAAAAAAAAAAQIDEQAEIQUGElH\/xAAVAQEBAAAAAAAAAAAAAAAAAAAAAf\/EABURAQEAAAAAAAAAAAAAAAAAAAAB\/9oADAMBAAIRAxEAPwDRye0a0n0ywTGMMQHIoNRq+4iDz+rsQxzRhykih1NDoIsZRVFRflVCj8ArA6mvCurCqwxgBFAAUc5lg\/\/Z\" class=\"attachment-woocommerce_thumbnail size-woocommerce_thumbnail wd-lazy-load wd-lazy-fade\" alt=\"ATECH-PASTEL-Sitzbank\" srcset=\"\" sizes=\"(max-width: 600px) 100vw, 600px\" data-wood-src=\"https:\/\/www.atech-sas.com\/wp-content\/uploads\/2021\/02\/ATECH-Banc-PASTEL-3-600x600.jpg\" data-srcset=\"https:\/\/www.atech-sas.com\/wp-content\/uploads\/2021\/02\/ATECH-Banc-PASTEL-3-600x600.jpg 600w, https:\/\/www.atech-sas.com\/wp-content\/uploads\/2021\/02\/ATECH-Banc-PASTEL-3-150x150.jpg 150w, https:\/\/www.atech-sas.com\/wp-content\/uploads\/2021\/02\/ATECH-Banc-PASTEL-1-300x300.jpg 300w, https:\/\/www.atech-sas.com\/wp-content\/uploads\/2021\/02\/ATECH-Banc-PASTEL-1-1024x1024.jpg 1024w, https:\/\/www.atech-sas.com\/wp-content\/uploads\/2021\/02\/ATECH-Banc-PASTEL-1-768x768.jpg 768w, https:\/\/www.atech-sas.com\/wp-content\/uploads\/2021\/02\/ATECH-Banc-PASTEL-3.jpg 1080w\" \/>\t\t<\/a>\n\t\t\t\t\t<div class=\"hover-img\">\n\t\t\t\t<a href=\"https:\/\/www.atech-sas.com\/de\/produkt\/oeffentliche-sitzbank-pastel\/\">\n\t\t\t\t\t<img decoding=\"async\" width=\"600\" height=\"600\" src=\"data:image\/jpg;base64,\/9j\/4AAQSkZJRgABAQAAAQABAAD\/\/gAfQ29tcHJlc3NlZCBieSBqcGVnLXJlY29tcHJlc3P\/2wBDAAYEBAUEBAYFBQUGBgYHCQ4JCQgICRINDQoOFRIWFhUSFBQXGiEcFxgfGRQUHScdHyIjJSUlFhwpLCgkKyEkJST\/2wBDAQYGBgkICREJCREkGBQYJCQkJCQkJCQkJCQkJCQkJCQkJCQkJCQkJCQkJCQkJCQkJCQkJCQkJCQkJCQkJCQkJCT\/wAARCAAKAAoDASIAAhEBAxEB\/8QAFgABAQEAAAAAAAAAAAAAAAAABQIH\/8QAKBAAAgEDAQUJAAAAAAAAAAAAAQMCBAURAAYHEyExEhQiJTJBQ8HR\/8QAFQEBAQAAAAAAAAAAAAAAAAAAAAX\/xAAcEQABAwUAAAAAAAAAAAAAAAABAAIRAxJh4fH\/2gAMAwEAAhEDEQA\/AEt4ddtpt1UK7leU2GmSJKbS8TwvBzky7J58sDBzqUNtC0rhO20r5xiBJoWcTOPV19+ut2uNtonrkW0dOwnmTJcT9aAXZbXw4+W0XQfBH81OrhzougkY2gkcX\/\/Z\" class=\"attachment-woocommerce_thumbnail size-woocommerce_thumbnail wd-lazy-load wd-lazy-fade\" alt=\"ATECH-PASTEL-Sitzbank\" srcset=\"\" sizes=\"(max-width: 600px) 100vw, 600px\" data-wood-src=\"https:\/\/www.atech-sas.com\/wp-content\/uploads\/2021\/05\/ATECH-Banc-PASTEL-600x600.jpg\" data-srcset=\"https:\/\/www.atech-sas.com\/wp-content\/uploads\/2021\/05\/ATECH-Banc-PASTEL-600x600.jpg 600w, https:\/\/www.atech-sas.com\/wp-content\/uploads\/2021\/05\/ATECH-Banc-PASTEL-150x150.jpg 150w, https:\/\/www.atech-sas.com\/wp-content\/uploads\/2021\/05\/ATECH-Banc-PASTEL-300x300.jpg 300w, https:\/\/www.atech-sas.com\/wp-content\/uploads\/2021\/05\/ATECH-Banc-PASTEL-1024x1024.jpg 1024w, https:\/\/www.atech-sas.com\/wp-content\/uploads\/2021\/05\/ATECH-Banc-PASTEL-768x768.jpg 768w, https:\/\/www.atech-sas.com\/wp-content\/uploads\/2021\/05\/ATECH-Banc-PASTEL.jpg 1080w\" \/>\t\t\t\t<\/a>\n\t\t\t<\/div>\n\t\t\t\t\t<div class=\"wrapp-swatches\"><\/div>\n\t<\/div>\n\n\t<div class=\"product-element-bottom product-information\">\n\t\t<h3 class=\"wd-entities-title\"><a href=\"https:\/\/www.atech-sas.com\/de\/produkt\/oeffentliche-sitzbank-pastel\/\">\u00d6ffentliche Sitzbank &#8211; PASTEL<\/a><\/h3>\t\t\t\t<div class=\"product-rating-price\">\n\t\t\t<div class=\"wrapp-product-price\">\n\t\t\t\t\t\t\t\t\n\t<span class=\"price\"><span class=\"woocommerce-Price-amount amount\" aria-hidden=\"true\"><bdi>1.824,00<span class=\"woocommerce-Price-currencySymbol\">&euro;<\/span><\/bdi><\/span> <span aria-hidden=\"true\"> \u2013 <\/span> <span class=\"woocommerce-Price-amount amount\" aria-hidden=\"true\"><bdi>1.968,00<span class=\"woocommerce-Price-currencySymbol\">&euro;<\/span><\/bdi><\/span><span class=\"screen-reader-text\">Preisspanne: 1.824,00&euro; bis 1.968,00&euro;<\/span> <small class=\"woocommerce-price-suffix\">inkl. MwSt<\/small><\/span>\n\t\t\t<\/div>\n\t\t<\/div>\n\t\t<div class=\"fade-in-block\">\n\t\t\t<div class=\"hover-content wd-more-desc\">\n\t\t\t\t<div class=\"hover-content-inner wd-more-desc-inner\">\n\t\t\t\t\tHier ist die \u00f6ffentliche Sitzbank PASTEL, die mit ihren bunten Lamellen Ihren st\u00e4dtischen Raum versch\u00f6nern wird. Sie ist aus Stahl gefertigt.\t\t\t\t<\/div>\n\t\t\t\t<a href=\"#\" rel=\"nofollow\" class=\"wd-more-desc-btn\" aria-label=\"Read more description\"><span><\/span><\/a>\n\t\t\t<\/div>\n\t\t\t<div class=\" wd-buttons wd-pos-r-t\">\n\t\t\t\t<div class=\"wrap-wishlist-button\">\t\t\t<div class=\"wd-wishlist-btn wd-action-btn wd-style-icon wd-wishlist-icon\">\n\t\t\t\t<span class=\" bm-obfuscation\" data-variables=\"aHR0cHM6Ly93d3cuYXRlY2gtc2FzLmNvbS9kZS93dW5zY2h6ZXR0ZWwv\" data-key=\"4e608999d7\" data-product-id=\"37977\" rel=\"nofollow\" data-added-text=\"Wunschliste durchsuchen\">\n\t\t\t\t\t<span>Zur Wunschliste hinzuf\u00fcgen<\/span>\n\t\t\t\t<\/span>\n\t\t\t<\/div>\n\t\t<\/div>\n\t\t\t\t<div class=\"wd-add-btn wd-action-btn wd-style-icon wd-add-cart-icon\">\n\t\t\t\t\t<a href=\"https:\/\/www.atech-sas.com\/de\/produkt\/oeffentliche-sitzbank-pastel\/\" data-quantity=\"1\" class=\"button product_type_variable add_to_cart_button add-to-cart-loop\" data-product_id=\"37977\" data-product_sku=\"0100063\" aria-label=\"W\u00e4hle Optionen f\u00fcr \u201e\u00d6ffentliche Sitzbank - PASTEL\u201c\" rel=\"nofollow\"><span>Ausf\u00fchrung w\u00e4hlen<\/span><\/a>\t\t\t\t\t<span class=\"gtm4wp_productdata\" style=\"display:none; visibility:hidden;\" data-gtm4wp_product_data=\"{&quot;internal_id&quot;:37977,&quot;item_id&quot;:37977,&quot;item_name&quot;:&quot;\\u00d6ffentliche Sitzbank - PASTEL&quot;,&quot;sku&quot;:&quot;0100063&quot;,&quot;price&quot;:1824,&quot;stocklevel&quot;:null,&quot;stockstatus&quot;:&quot;instock&quot;,&quot;google_business_vertical&quot;:&quot;retail&quot;,&quot;item_category&quot;:&quot;Sitzb\\u00e4nke&quot;,&quot;id&quot;:37977,&quot;productlink&quot;:&quot;https:\\\/\\\/www.atech-sas.com\\\/de\\\/produkt\\\/oeffentliche-sitzbank-pastel\\\/&quot;,&quot;item_list_name&quot;:&quot;General Product List&quot;,&quot;index&quot;:2,&quot;product_type&quot;:&quot;variable&quot;,&quot;item_brand&quot;:&quot;&quot;}\"><\/span>\t\t\t\t<\/div>\n\t\t\t\t<div class=\"wrap-quickview-button\">\t\t<div class=\"quick-view wd-action-btn wd-style-icon wd-quick-view-icon\">\n\t\t\t<a\n\t\t\t\thref=\"https:\/\/www.atech-sas.com\/de\/produkt\/oeffentliche-sitzbank-pastel\/\"\n\t\t\t\tclass=\"open-quick-view quick-view-button\"\n\t\t\t\trel=\"nofollow\"\n\t\t\t\tdata-id=\"37977\">Quick view<\/a>\n\t\t<\/div>\n\t\t<\/div>\n\t\t\t<\/div>\n\n\n\t\t\t\t\t\t\n\t\t\t\t\t<\/div>\n\t<\/div>\n<\/div>\n<\/div>\r\n\t\t\t\t\t\n\t\t<\/div>\n\t\t\t\t<div class=\"slide-product owl-carousel-item\">\n\t\t\t\n\t\t\t\t\t\t\t\t\t\t\t<div class=\"product-grid-item product product-no-swatches wd-hover-base wd-hover-with-fade wd-fade-off type-product post-64589 status-publish instock product_cat-pflanzkuebel product_cat-pflanzkubel product_cat-stahl-de has-post-thumbnail taxable shipping-taxable purchasable product-type-variable has-default-attributes\" data-loop=\"2\" data-id=\"64589\">\r\n\t\r\n\t\n<div class=\"product-wrapper\">\n\t<div class=\"content-product-imagin\"><\/div>\n\t<div class=\"product-element-top wd-quick-shop\">\n\t\t<a href=\"https:\/\/www.atech-sas.com\/de\/produkt\/orangerie-pflanzkubel-dualis-pastel\/\" class=\"product-image-link\">\n\t\t\t<img decoding=\"async\" width=\"600\" height=\"600\" src=\"data:image\/jpg;base64,\/9j\/4AAQSkZJRgABAQAAAQABAAD\/\/gAfQ29tcHJlc3NlZCBieSBqcGVnLXJlY29tcHJlc3P\/2wBDAAYEBAUEBAYFBQUGBgYHCQ4JCQgICRINDQoOFRIWFhUSFBQXGiEcFxgfGRQUHScdHyIjJSUlFhwpLCgkKyEkJST\/2wBDAQYGBgkICREJCREkGBQYJCQkJCQkJCQkJCQkJCQkJCQkJCQkJCQkJCQkJCQkJCQkJCQkJCQkJCQkJCQkJCQkJCT\/wAARCAAKAAoDASIAAhEBAxEB\/8QAFgABAQEAAAAAAAAAAAAAAAAABgIF\/8QAIxAAAgIBBAEFAQAAAAAAAAAAAQIDBBEABQYhBxITFDFRof\/EABQBAQAAAAAAAAAAAAAAAAAAAAH\/xAAYEQADAQEAAAAAAAAAAAAAAAAAARESMf\/aAAwDAQACEQMRAD8AS8j5b5J2nbfSk3xnMhw6+2QOyQoOO8\/urq+U+dNWhZ6MruUUsyxjDHH2OtL9+q17dUpYgimXOcSIGH91nJVrqiqsEQAAAAQdaY70MqH\/2Q==\" class=\"attachment-woocommerce_thumbnail size-woocommerce_thumbnail wd-lazy-load wd-lazy-fade\" alt=\"ATECH-DUALIS-Pflanzkuebel\" srcset=\"\" sizes=\"(max-width: 600px) 100vw, 600px\" data-wood-src=\"https:\/\/www.atech-sas.com\/wp-content\/uploads\/2022\/03\/ATECH-Bac-DUALIS-5-600x600.jpg\" data-srcset=\"https:\/\/www.atech-sas.com\/wp-content\/uploads\/2022\/03\/ATECH-Bac-DUALIS-5-600x600.jpg 600w, https:\/\/www.atech-sas.com\/wp-content\/uploads\/2022\/03\/ATECH-Bac-DUALIS-5-300x300.jpg 300w, https:\/\/www.atech-sas.com\/wp-content\/uploads\/2022\/03\/ATECH-Bac-DUALIS-5-1024x1024.jpg 1024w, https:\/\/www.atech-sas.com\/wp-content\/uploads\/2022\/03\/ATECH-Bac-DUALIS-5-150x150.jpg 150w, https:\/\/www.atech-sas.com\/wp-content\/uploads\/2022\/03\/ATECH-Bac-DUALIS-5-768x768.jpg 768w, https:\/\/www.atech-sas.com\/wp-content\/uploads\/2022\/03\/ATECH-Bac-DUALIS-5.jpg 1080w\" \/>\t\t<\/a>\n\t\t\t\t<div class=\"wrapp-swatches\"><\/div>\n\t<\/div>\n\n\t<div class=\"product-element-bottom product-information\">\n\t\t<h3 class=\"wd-entities-title\"><a href=\"https:\/\/www.atech-sas.com\/de\/produkt\/orangerie-pflanzkubel-dualis-pastel\/\">Orangerie-Pflanzk\u00fcbel &#8211; DUALIS PASTEL<\/a><\/h3>\t\t\t\t<div class=\"product-rating-price\">\n\t\t\t<div class=\"wrapp-product-price\">\n\t\t\t\t\t\t\t\t\n\t<span class=\"price\"><span class=\"woocommerce-Price-amount amount\" aria-hidden=\"true\"><bdi>1.812,00<span class=\"woocommerce-Price-currencySymbol\">&euro;<\/span><\/bdi><\/span> <span aria-hidden=\"true\"> \u2013 <\/span> <span class=\"woocommerce-Price-amount amount\" aria-hidden=\"true\"><bdi>4.320,00<span class=\"woocommerce-Price-currencySymbol\">&euro;<\/span><\/bdi><\/span><span class=\"screen-reader-text\">Preisspanne: 1.812,00&euro; bis 4.320,00&euro;<\/span> <small class=\"woocommerce-price-suffix\">inkl. MwSt<\/small><\/span>\n\t\t\t<\/div>\n\t\t<\/div>\n\t\t<div class=\"fade-in-block\">\n\t\t\t<div class=\"hover-content wd-more-desc\">\n\t\t\t\t<div class=\"hover-content-inner wd-more-desc-inner\">\n\t\t\t\t\tMit dem Orangerie-Pflanzk\u00fcbel DUALIS schm\u00fccken Sie den urbanen Raum mit sch\u00f6nen B\u00e4umen und Blumenarrangements\t\t\t\t<\/div>\n\t\t\t\t<a href=\"#\" rel=\"nofollow\" class=\"wd-more-desc-btn\" aria-label=\"Read more description\"><span><\/span><\/a>\n\t\t\t<\/div>\n\t\t\t<div class=\" wd-buttons wd-pos-r-t\">\n\t\t\t\t<div class=\"wrap-wishlist-button\">\t\t\t<div class=\"wd-wishlist-btn wd-action-btn wd-style-icon wd-wishlist-icon\">\n\t\t\t\t<span class=\" bm-obfuscation\" data-variables=\"aHR0cHM6Ly93d3cuYXRlY2gtc2FzLmNvbS9kZS93dW5zY2h6ZXR0ZWwv\" data-key=\"4e608999d7\" data-product-id=\"64589\" rel=\"nofollow\" data-added-text=\"Wunschliste durchsuchen\">\n\t\t\t\t\t<span>Zur Wunschliste hinzuf\u00fcgen<\/span>\n\t\t\t\t<\/span>\n\t\t\t<\/div>\n\t\t<\/div>\n\t\t\t\t<div class=\"wd-add-btn wd-action-btn wd-style-icon wd-add-cart-icon\">\n\t\t\t\t\t<a href=\"https:\/\/www.atech-sas.com\/de\/produkt\/orangerie-pflanzkubel-dualis-pastel\/\" data-quantity=\"1\" class=\"button product_type_variable add_to_cart_button add-to-cart-loop\" data-product_id=\"64589\" data-product_sku=\"0100016-1\" aria-label=\"W\u00e4hle Optionen f\u00fcr \u201eOrangerie-Pflanzk\u00fcbel - DUALIS PASTEL\u201c\" rel=\"nofollow\"><span>Ausf\u00fchrung w\u00e4hlen<\/span><\/a>\t\t\t\t\t<span class=\"gtm4wp_productdata\" style=\"display:none; visibility:hidden;\" data-gtm4wp_product_data=\"{&quot;internal_id&quot;:64589,&quot;item_id&quot;:64589,&quot;item_name&quot;:&quot;Orangerie-Pflanzk\\u00fcbel - DUALIS PASTEL&quot;,&quot;sku&quot;:&quot;0100016-1&quot;,&quot;price&quot;:1884,&quot;stocklevel&quot;:null,&quot;stockstatus&quot;:&quot;instock&quot;,&quot;google_business_vertical&quot;:&quot;retail&quot;,&quot;item_category&quot;:&quot;Pflanzk\\u00fcbel&quot;,&quot;id&quot;:64589,&quot;productlink&quot;:&quot;https:\\\/\\\/www.atech-sas.com\\\/de\\\/produkt\\\/orangerie-pflanzkubel-dualis-pastel\\\/&quot;,&quot;item_list_name&quot;:&quot;General Product List&quot;,&quot;index&quot;:3,&quot;product_type&quot;:&quot;variable&quot;,&quot;item_brand&quot;:&quot;&quot;}\"><\/span>\t\t\t\t<\/div>\n\t\t\t\t<div class=\"wrap-quickview-button\">\t\t<div class=\"quick-view wd-action-btn wd-style-icon wd-quick-view-icon\">\n\t\t\t<a\n\t\t\t\thref=\"https:\/\/www.atech-sas.com\/de\/produkt\/orangerie-pflanzkubel-dualis-pastel\/\"\n\t\t\t\tclass=\"open-quick-view quick-view-button\"\n\t\t\t\trel=\"nofollow\"\n\t\t\t\tdata-id=\"64589\">Quick view<\/a>\n\t\t<\/div>\n\t\t<\/div>\n\t\t\t<\/div>\n\n\n\t\t\t\t\t\t\n\t\t\t\t\t<\/div>\n\t<\/div>\n<\/div>\n<\/div>\r\n\t\t\t\t\t\n\t\t<\/div>\n\t\t\t\t<div class=\"slide-product owl-carousel-item\">\n\t\t\t\n\t\t\t\t\t\t\t\t\t\t\t<div class=\"product-grid-item product product-no-swatches wd-hover-base wd-hover-with-fade wd-fade-off type-product post-35325 status-publish last instock product_cat-kunststoff product_cat-pflanzkubel product_cat-stahl-de has-post-thumbnail taxable shipping-taxable purchasable product-type-variable has-default-attributes\" data-loop=\"3\" data-id=\"35325\">\r\n\t\r\n\t\n<div class=\"product-wrapper\">\n\t<div class=\"content-product-imagin\"><\/div>\n\t<div class=\"product-element-top wd-quick-shop\">\n\t\t<a href=\"https:\/\/www.atech-sas.com\/de\/produkt\/konischer-pflanzkuebel-pastel\/\" class=\"product-image-link\">\n\t\t\t<img decoding=\"async\" width=\"600\" height=\"600\" src=\"data:image\/jpg;base64,\/9j\/4AAQSkZJRgABAQAAAQABAAD\/\/gAfQ29tcHJlc3NlZCBieSBqcGVnLXJlY29tcHJlc3P\/2wBDAAYEBAUEBAYFBQUGBgYHCQ4JCQgICRINDQoOFRIWFhUSFBQXGiEcFxgfGRQUHScdHyIjJSUlFhwpLCgkKyEkJST\/2wBDAQYGBgkICREJCREkGBQYJCQkJCQkJCQkJCQkJCQkJCQkJCQkJCQkJCQkJCQkJCQkJCQkJCQkJCQkJCQkJCQkJCT\/wAARCAAKAAoDASIAAhEBAxEB\/8QAFQABAQAAAAAAAAAAAAAAAAAABgf\/xAAgEAABAwQDAQEAAAAAAAAAAAACAQMEAAUGEQchQRIT\/8QAFQEBAQAAAAAAAAAAAAAAAAAAAAH\/xAAWEQADAAAAAAAAAAAAAAAAAAAAARH\/2gAMAwEAAhEDEQA\/AKrmvImVWDkW249AiWx2BNJpEJ0T\/TRLou0XXXflVOiN\/gxXs3sT7sZlx0BP5cIEUh1vWl8pdSlah\/\/Z\" class=\"attachment-woocommerce_thumbnail size-woocommerce_thumbnail wd-lazy-load wd-lazy-fade\" alt=\"ATECH-PASTEL-Pflanzkubel\" srcset=\"\" sizes=\"(max-width: 600px) 100vw, 600px\" data-wood-src=\"https:\/\/www.atech-sas.com\/wp-content\/uploads\/2021\/02\/ATECH-bac-PASTEL-600x600.jpg\" data-srcset=\"https:\/\/www.atech-sas.com\/wp-content\/uploads\/2021\/02\/ATECH-bac-PASTEL-600x600.jpg 600w, https:\/\/www.atech-sas.com\/wp-content\/uploads\/2021\/02\/ATECH-bac-PASTEL-150x150.jpg 150w, https:\/\/www.atech-sas.com\/wp-content\/uploads\/2021\/02\/ATECH-bac-PASTEL-300x300.jpg 300w, https:\/\/www.atech-sas.com\/wp-content\/uploads\/2021\/02\/ATECH-bac-PASTEL-1024x1024.jpg 1024w, https:\/\/www.atech-sas.com\/wp-content\/uploads\/2021\/02\/ATECH-bac-PASTEL-768x768.jpg 768w, https:\/\/www.atech-sas.com\/wp-content\/uploads\/2021\/02\/ATECH-bac-PASTEL.jpg 1080w\" \/>\t\t<\/a>\n\t\t\t\t\t<div class=\"hover-img\">\n\t\t\t\t<a href=\"https:\/\/www.atech-sas.com\/de\/produkt\/konischer-pflanzkuebel-pastel\/\">\n\t\t\t\t\t<img decoding=\"async\" width=\"600\" height=\"600\" src=\"data:image\/jpg;base64,\/9j\/4AAQSkZJRgABAQEASABIAAD\/4gxYSUNDX1BST0ZJTEUAAQEAAAxITGlubwIQAABtbnRyUkdCIFhZWiAHzgACAAkABgAxAABhY3NwTVNGVAAAAABJRUMgc1JHQgAAAAAAAAAAAAAAAAAA9tYAAQAAAADTLUhQICAAAAAAAAAAAAAAAAAAAAAAAAAAAAAAAAAAAAAAAAAAAAAAAAAAAAAAAAAAAAAAABFjcHJ0AAABUAAAADNkZXNjAAABhAAAAGx3dHB0AAAB8AAAABRia3B0AAACBAAAABRyWFlaAAACGAAAABRnWFlaAAACLAAAABRiWFlaAAACQAAAABRkbW5kAAACVAAAAHBkbWRkAAACxAAAAIh2dWVkAAADTAAAAIZ2aWV3AAAD1AAAACRsdW1pAAAD+AAAABRtZWFzAAAEDAAAACR0ZWNoAAAEMAAAAAxyVFJDAAAEPAAACAxnVFJDAAAEPAAACAxiVFJDAAAEPAAACAx0ZXh0AAAAAENvcHlyaWdodCAoYykgMTk5OCBIZXdsZXR0LVBhY2thcmQgQ29tcGFueQAAZGVzYwAAAAAAAAASc1JHQiBJRUM2MTk2Ni0yLjEAAAAAAAAAAAAAABJzUkdCIElFQzYxOTY2LTIuMQAAAAAAAAAAAAAAAAAAAAAAAAAAAAAAAAAAAAAAAAAAAAAAAAAAAAAAAAAAAAAAAAAAWFlaIAAAAAAAAPNRAAEAAAABFsxYWVogAAAAAAAAAAAAAAAAAAAAAFhZWiAAAAAAAABvogAAOPUAAAOQWFlaIAAAAAAAAGKZAAC3hQAAGNpYWVogAAAAAAAAJKAAAA+EAAC2z2Rlc2MAAAAAAAAAFklFQyBodHRwOi8vd3d3LmllYy5jaAAAAAAAAAAAAAAAFklFQyBodHRwOi8vd3d3LmllYy5jaAAAAAAAAAAAAAAAAAAAAAAAAAAAAAAAAAAAAAAAAAAAAAAAAAAAAAAAAAAAAABkZXNjAAAAAAAAAC5JRUMgNjE5NjYtMi4xIERlZmF1bHQgUkdCIGNvbG91ciBzcGFjZSAtIHNSR0IAAAAAAAAAAAAAAC5JRUMgNjE5NjYtMi4xIERlZmF1bHQgUkdCIGNvbG91ciBzcGFjZSAtIHNSR0IAAAAAAAAAAAAAAAAAAAAAAAAAAAAAZGVzYwAAAAAAAAAsUmVmZXJlbmNlIFZpZXdpbmcgQ29uZGl0aW9uIGluIElFQzYxOTY2LTIuMQAAAAAAAAAAAAAALFJlZmVyZW5jZSBWaWV3aW5nIENvbmRpdGlvbiBpbiBJRUM2MTk2Ni0yLjEAAAAAAAAAAAAAAAAAAAAAAAAAAAAAAAAAAHZpZXcAAAAAABOk\/gAUXy4AEM8UAAPtzAAEEwsAA1yeAAAAAVhZWiAAAAAAAEwJVgBQAAAAVx\/nbWVhcwAAAAAAAAABAAAAAAAAAAAAAAAAAAAAAAAAAo8AAAACc2lnIAAAAABDUlQgY3VydgAAAAAAAAQAAAAABQAKAA8AFAAZAB4AIwAoAC0AMgA3ADsAQABFAEoATwBUAFkAXgBjAGgAbQByAHcAfACBAIYAiwCQAJUAmgCfAKQAqQCuALIAtwC8AMEAxgDLANAA1QDbAOAA5QDrAPAA9gD7AQEBBwENARMBGQEfASUBKwEyATgBPgFFAUwBUgFZAWABZwFuAXUBfAGDAYsBkgGaAaEBqQGxAbkBwQHJAdEB2QHhAekB8gH6AgMCDAIUAh0CJgIvAjgCQQJLAlQCXQJnAnECegKEAo4CmAKiAqwCtgLBAssC1QLgAusC9QMAAwsDFgMhAy0DOANDA08DWgNmA3IDfgOKA5YDogOuA7oDxwPTA+AD7AP5BAYEEwQgBC0EOwRIBFUEYwRxBH4EjASaBKgEtgTEBNME4QTwBP4FDQUcBSsFOgVJBVgFZwV3BYYFlgWmBbUFxQXVBeUF9gYGBhYGJwY3BkgGWQZqBnsGjAadBq8GwAbRBuMG9QcHBxkHKwc9B08HYQd0B4YHmQesB78H0gflB\/gICwgfCDIIRghaCG4IggiWCKoIvgjSCOcI+wkQCSUJOglPCWQJeQmPCaQJugnPCeUJ+woRCicKPQpUCmoKgQqYCq4KxQrcCvMLCwsiCzkLUQtpC4ALmAuwC8gL4Qv5DBIMKgxDDFwMdQyODKcMwAzZDPMNDQ0mDUANWg10DY4NqQ3DDd4N+A4TDi4OSQ5kDn8Omw62DtIO7g8JDyUPQQ9eD3oPlg+zD88P7BAJECYQQxBhEH4QmxC5ENcQ9RETETERTxFtEYwRqhHJEegSBxImEkUSZBKEEqMSwxLjEwMTIxNDE2MTgxOkE8UT5RQGFCcUSRRqFIsUrRTOFPAVEhU0FVYVeBWbFb0V4BYDFiYWSRZsFo8WshbWFvoXHRdBF2UXiReuF9IX9xgbGEAYZRiKGK8Y1Rj6GSAZRRlrGZEZtxndGgQaKhpRGncanhrFGuwbFBs7G2MbihuyG9ocAhwqHFIcexyjHMwc9R0eHUcdcB2ZHcMd7B4WHkAeah6UHr4e6R8THz4faR+UH78f6iAVIEEgbCCYIMQg8CEcIUghdSGhIc4h+yInIlUigiKvIt0jCiM4I2YjlCPCI\/AkHyRNJHwkqyTaJQklOCVoJZclxyX3JicmVyaHJrcm6CcYJ0kneierJ9woDSg\/KHEooijUKQYpOClrKZ0p0CoCKjUqaCqbKs8rAis2K2krnSvRLAUsOSxuLKIs1y0MLUEtdi2rLeEuFi5MLoIuty7uLyQvWi+RL8cv\/jA1MGwwpDDbMRIxSjGCMbox8jIqMmMymzLUMw0zRjN\/M7gz8TQrNGU0njTYNRM1TTWHNcI1\/TY3NnI2rjbpNyQ3YDecN9c4FDhQOIw4yDkFOUI5fzm8Ofk6Njp0OrI67zstO2s7qjvoPCc8ZTykPOM9Ij1hPaE94D4gPmA+oD7gPyE\/YT+iP+JAI0BkQKZA50EpQWpBrEHuQjBCckK1QvdDOkN9Q8BEA0RHRIpEzkUSRVVFmkXeRiJGZ0arRvBHNUd7R8BIBUhLSJFI10kdSWNJqUnwSjdKfUrESwxLU0uaS+JMKkxyTLpNAk1KTZNN3E4lTm5Ot08AT0lPk0\/dUCdQcVC7UQZRUFGbUeZSMVJ8UsdTE1NfU6pT9lRCVI9U21UoVXVVwlYPVlxWqVb3V0RXklfgWC9YfVjLWRpZaVm4WgdaVlqmWvVbRVuVW+VcNVyGXNZdJ114XcleGl5sXr1fD19hX7NgBWBXYKpg\/GFPYaJh9WJJYpxi8GNDY5dj62RAZJRk6WU9ZZJl52Y9ZpJm6Gc9Z5Nn6Wg\/aJZo7GlDaZpp8WpIap9q92tPa6dr\/2xXbK9tCG1gbbluEm5rbsRvHm94b9FwK3CGcOBxOnGVcfByS3KmcwFzXXO4dBR0cHTMdSh1hXXhdj52m3b4d1Z3s3gReG54zHkqeYl553pGeqV7BHtje8J8IXyBfOF9QX2hfgF+Yn7CfyN\/hH\/lgEeAqIEKgWuBzYIwgpKC9INXg7qEHYSAhOOFR4Wrhg6GcobXhzuHn4gEiGmIzokziZmJ\/opkisqLMIuWi\/yMY4zKjTGNmI3\/jmaOzo82j56QBpBukNaRP5GokhGSepLjk02TtpQglIqU9JVflcmWNJaflwqXdZfgmEyYuJkkmZCZ\/JpomtWbQpuvnByciZz3nWSd0p5Anq6fHZ+Ln\/qgaaDYoUehtqImopajBqN2o+akVqTHpTilqaYapoum\/adup+CoUqjEqTepqaocqo+rAqt1q+msXKzQrUStuK4trqGvFq+LsACwdbDqsWCx1rJLssKzOLOutCW0nLUTtYq2AbZ5tvC3aLfguFm40blKucK6O7q1uy67p7whvJu9Fb2Pvgq+hL7\/v3q\/9cBwwOzBZ8Hjwl\/C28NYw9TEUcTOxUvFyMZGxsPHQce\/yD3IvMk6ybnKOMq3yzbLtsw1zLXNNc21zjbOts83z7jQOdC60TzRvtI\/0sHTRNPG1EnUy9VO1dHWVdbY11zX4Nhk2OjZbNnx2nba+9uA3AXcit0Q3ZbeHN6i3ynfr+A24L3hROHM4lPi2+Nj4+vkc+T85YTmDeaW5x\/nqegy6LzpRunQ6lvq5etw6\/vshu0R7ZzuKO6070DvzPBY8OXxcvH\/8ozzGfOn9DT0wvVQ9d72bfb794r4Gfio+Tj5x\/pX+uf7d\/wH\/Jj9Kf26\/kv+3P9t\/\/\/\/2wBDAAYEBAUEBAYFBQUGBgYHCQ4JCQgICRINDQoOFRIWFhUSFBQXGiEcFxgfGRQUHScdHyIjJSUlFhwpLCgkKyEkJST\/2wBDAQYGBgkICREJCREkGBQYJCQkJCQkJCQkJCQkJCQkJCQkJCQkJCQkJCQkJCQkJCQkJCQkJCQkJCQkJCQkJCQkJCT\/wAARCAAKAAoDAREAAhEBAxEB\/8QAFgABAQEAAAAAAAAAAAAAAAAABQYH\/8QAJBAAAQIFAgcAAAAAAAAAAAAAAQIDAAQFBhEhUQcTFiIxgpH\/xAAXAQADAQAAAAAAAAAAAAAAAAABAgQD\/8QAGhEBAQADAQEAAAAAAAAAAAAAAQADEVEhsf\/aAAwDAQACEQMRAD8AcF63J1BT3jOVCV5aAVsl0uMKVucjIztr5iPJjyoI+k4d+ViOK9fSAlctT1KGhIUcExsOXkNFkTjzpmMFxZ9jFCS7d6kQtWB3H7Ajf\/\/Z\" class=\"attachment-woocommerce_thumbnail size-woocommerce_thumbnail wd-lazy-load wd-lazy-fade\" alt=\"ATECH-PASTEL-Pflanzkubel\" srcset=\"\" sizes=\"(max-width: 600px) 100vw, 600px\" data-wood-src=\"https:\/\/www.atech-sas.com\/wp-content\/uploads\/2021\/02\/ATECH-bac-PASTEL-1-600x600.jpg\" data-srcset=\"https:\/\/www.atech-sas.com\/wp-content\/uploads\/2021\/02\/ATECH-bac-PASTEL-1-600x600.jpg 600w, https:\/\/www.atech-sas.com\/wp-content\/uploads\/2021\/02\/ATECH-bac-PASTEL-1-150x150.jpg 150w, https:\/\/www.atech-sas.com\/wp-content\/uploads\/2021\/02\/ATECH-bac-PASTEL-1-300x300.jpg 300w, https:\/\/www.atech-sas.com\/wp-content\/uploads\/2021\/02\/ATECH-bac-PASTEL-1-1024x1024.jpg 1024w, https:\/\/www.atech-sas.com\/wp-content\/uploads\/2021\/02\/ATECH-bac-PASTEL-1-768x768.jpg 768w, https:\/\/www.atech-sas.com\/wp-content\/uploads\/2021\/02\/ATECH-bac-PASTEL-1.jpg 1080w\" \/>\t\t\t\t<\/a>\n\t\t\t<\/div>\n\t\t\t\t\t<div class=\"wrapp-swatches\"><\/div>\n\t<\/div>\n\n\t<div class=\"product-element-bottom product-information\">\n\t\t<h3 class=\"wd-entities-title\"><a href=\"https:\/\/www.atech-sas.com\/de\/produkt\/konischer-pflanzkuebel-pastel\/\">Konischer Pflanzk\u00fcbel &#8211; PASTEL<\/a><\/h3>\t\t\t\t<div class=\"product-rating-price\">\n\t\t\t<div class=\"wrapp-product-price\">\n\t\t\t\t\t\t\t\t\n\t<span class=\"price\"><span class=\"woocommerce-Price-amount amount\" aria-hidden=\"true\"><bdi>1.818,00<span class=\"woocommerce-Price-currencySymbol\">&euro;<\/span><\/bdi><\/span> <span aria-hidden=\"true\"> \u2013 <\/span> <span class=\"woocommerce-Price-amount amount\" aria-hidden=\"true\"><bdi>4.908,00<span class=\"woocommerce-Price-currencySymbol\">&euro;<\/span><\/bdi><\/span><span class=\"screen-reader-text\">Preisspanne: 1.818,00&euro; bis 4.908,00&euro;<\/span> <small class=\"woocommerce-price-suffix\">inkl. MwSt<\/small><\/span>\n\t\t\t<\/div>\n\t\t<\/div>\n\t\t<div class=\"fade-in-block\">\n\t\t\t<div class=\"hover-content wd-more-desc\">\n\t\t\t\t<div class=\"hover-content-inner wd-more-desc-inner\">\n\t\t\t\t\tDer Pflanzk\u00fcbel PASTEL, nichts Sch\u00f6neres als einen Hauch von Farbe in Ihrem Innenstandtaum, um ihn aufzupeppen.\t\t\t\t<\/div>\n\t\t\t\t<a href=\"#\" rel=\"nofollow\" class=\"wd-more-desc-btn\" aria-label=\"Read more description\"><span><\/span><\/a>\n\t\t\t<\/div>\n\t\t\t<div class=\" wd-buttons wd-pos-r-t\">\n\t\t\t\t<div class=\"wrap-wishlist-button\">\t\t\t<div class=\"wd-wishlist-btn wd-action-btn wd-style-icon wd-wishlist-icon\">\n\t\t\t\t<span class=\" bm-obfuscation\" data-variables=\"aHR0cHM6Ly93d3cuYXRlY2gtc2FzLmNvbS9kZS93dW5zY2h6ZXR0ZWwv\" data-key=\"4e608999d7\" data-product-id=\"35325\" rel=\"nofollow\" data-added-text=\"Wunschliste durchsuchen\">\n\t\t\t\t\t<span>Zur Wunschliste hinzuf\u00fcgen<\/span>\n\t\t\t\t<\/span>\n\t\t\t<\/div>\n\t\t<\/div>\n\t\t\t\t<div class=\"wd-add-btn wd-action-btn wd-style-icon wd-add-cart-icon\">\n\t\t\t\t\t<a href=\"https:\/\/www.atech-sas.com\/de\/produkt\/konischer-pflanzkuebel-pastel\/\" data-quantity=\"1\" class=\"button product_type_variable add_to_cart_button add-to-cart-loop\" data-product_id=\"35325\" data-product_sku=\"0100035\" aria-label=\"W\u00e4hle Optionen f\u00fcr \u201eKonischer Pflanzk\u00fcbel - PASTEL\u201c\" rel=\"nofollow\"><span>Ausf\u00fchrung w\u00e4hlen<\/span><\/a>\t\t\t\t\t<span class=\"gtm4wp_productdata\" style=\"display:none; visibility:hidden;\" data-gtm4wp_product_data=\"{&quot;internal_id&quot;:35325,&quot;item_id&quot;:35325,&quot;item_name&quot;:&quot;Konischer Pflanzk\\u00fcbel - PASTEL&quot;,&quot;sku&quot;:&quot;0100035&quot;,&quot;price&quot;:1818,&quot;stocklevel&quot;:null,&quot;stockstatus&quot;:&quot;instock&quot;,&quot;google_business_vertical&quot;:&quot;retail&quot;,&quot;item_category&quot;:&quot;Pflanzk\\u00fcbel&quot;,&quot;id&quot;:35325,&quot;productlink&quot;:&quot;https:\\\/\\\/www.atech-sas.com\\\/de\\\/produkt\\\/konischer-pflanzkuebel-pastel\\\/&quot;,&quot;item_list_name&quot;:&quot;General Product List&quot;,&quot;index&quot;:4,&quot;product_type&quot;:&quot;variable&quot;,&quot;item_brand&quot;:&quot;&quot;}\"><\/span>\t\t\t\t<\/div>\n\t\t\t\t<div class=\"wrap-quickview-button\">\t\t<div class=\"quick-view wd-action-btn wd-style-icon wd-quick-view-icon\">\n\t\t\t<a\n\t\t\t\thref=\"https:\/\/www.atech-sas.com\/de\/produkt\/konischer-pflanzkuebel-pastel\/\"\n\t\t\t\tclass=\"open-quick-view quick-view-button\"\n\t\t\t\trel=\"nofollow\"\n\t\t\t\tdata-id=\"35325\">Quick view<\/a>\n\t\t<\/div>\n\t\t<\/div>\n\t\t\t<\/div>\n\n\n\t\t\t\t\t\t\n\t\t\t\t\t<\/div>\n\t<\/div>\n<\/div>\n<\/div>\r\n\t\t\t\t\t\n\t\t<\/div>\n\t\t\t\t<div class=\"slide-product owl-carousel-item\">\n\t\t\t\n\t\t\t\t\t\t\t\t\t\t\t<div class=\"product-grid-item product product-no-swatches wd-hover-base wd-hover-with-fade wd-fade-off type-product post-38322 status-publish first instock product_cat-stadtmoebel-bank product_cat-stahl-de has-post-thumbnail taxable shipping-taxable purchasable product-type-variable has-default-attributes\" data-loop=\"4\" data-id=\"38322\">\r\n\t\r\n\t\n<div class=\"product-wrapper\">\n\t<div class=\"content-product-imagin\"><\/div>\n\t<div class=\"product-element-top wd-quick-shop\">\n\t\t<a href=\"https:\/\/www.atech-sas.com\/de\/produkt\/sitzbank-pastel\/\" class=\"product-image-link\">\n\t\t\t<img decoding=\"async\" width=\"600\" height=\"600\" src=\"data:image\/jpg;base64,\/9j\/4AAQSkZJRgABAQAAAQABAAD\/\/gAfQ29tcHJlc3NlZCBieSBqcGVnLXJlY29tcHJlc3P\/2wBDAAYEBAUEBAYFBQUGBgYHCQ4JCQgICRINDQoOFRIWFhUSFBQXGiEcFxgfGRQUHScdHyIjJSUlFhwpLCgkKyEkJST\/2wBDAQYGBgkICREJCREkGBQYJCQkJCQkJCQkJCQkJCQkJCQkJCQkJCQkJCQkJCQkJCQkJCQkJCQkJCQkJCQkJCQkJCT\/wAARCAAKAAoDASIAAhEBAxEB\/8QAFwAAAwEAAAAAAAAAAAAAAAAAAwQFCP\/EACAQAAIBAwQDAAAAAAAAAAAAAAECBQADBAYREyESYaH\/xAAUAQEAAAAAAAAAAAAAAAAAAAAA\/8QAFBEBAAAAAAAAAAAAAAAAAAAAAP\/aAAwDAQACEQMRAD8A0RZ1aJAMYuKz8sKSpZk4lBHtu\/lUEkMtkUtHXFJG5HmOqLG20tLkKiKg5m6UbCm6D\/\/Z\" class=\"attachment-woocommerce_thumbnail size-woocommerce_thumbnail wd-lazy-load wd-lazy-fade\" alt=\"ATECH-PASTEL-Sitzbank\" srcset=\"\" sizes=\"(max-width: 600px) 100vw, 600px\" data-wood-src=\"https:\/\/www.atech-sas.com\/wp-content\/uploads\/2021\/02\/ATECH-Banquette-PASTEL-600x600.jpg\" data-srcset=\"https:\/\/www.atech-sas.com\/wp-content\/uploads\/2021\/02\/ATECH-Banquette-PASTEL-600x600.jpg 600w, https:\/\/www.atech-sas.com\/wp-content\/uploads\/2021\/02\/ATECH-Banquette-PASTEL-150x150.jpg 150w, https:\/\/www.atech-sas.com\/wp-content\/uploads\/2021\/02\/ATECH-Banquette-PASTEL-300x300.jpg 300w, https:\/\/www.atech-sas.com\/wp-content\/uploads\/2021\/02\/ATECH-Banquette-PASTEL-1024x1024.jpg 1024w, https:\/\/www.atech-sas.com\/wp-content\/uploads\/2021\/02\/ATECH-Banquette-PASTEL-768x768.jpg 768w, https:\/\/www.atech-sas.com\/wp-content\/uploads\/2021\/02\/ATECH-Banquette-PASTEL.jpg 1080w\" \/>\t\t<\/a>\n\t\t\t\t\t<div class=\"hover-img\">\n\t\t\t\t<a href=\"https:\/\/www.atech-sas.com\/de\/produkt\/sitzbank-pastel\/\">\n\t\t\t\t\t<img decoding=\"async\" width=\"600\" height=\"600\" src=\"data:image\/jpg;base64,\/9j\/4AAQSkZJRgABAQAAAQABAAD\/\/gAfQ29tcHJlc3NlZCBieSBqcGVnLXJlY29tcHJlc3P\/2wBDAAYEBAUEBAYFBQUGBgYHCQ4JCQgICRINDQoOFRIWFhUSFBQXGiEcFxgfGRQUHScdHyIjJSUlFhwpLCgkKyEkJST\/2wBDAQYGBgkICREJCREkGBQYJCQkJCQkJCQkJCQkJCQkJCQkJCQkJCQkJCQkJCQkJCQkJCQkJCQkJCQkJCQkJCQkJCT\/wAARCAAKAAoDASIAAhEBAxEB\/8QAFwAAAwEAAAAAAAAAAAAAAAAABAUGB\/\/EACUQAAECBAQHAAAAAAAAAAAAAAECAwAEBRESEyExFCNBQnGhsv\/EABUBAQEAAAAAAAAAAAAAAAAAAAQF\/8QAFxEAAwEAAAAAAAAAAAAAAAAAAAEREv\/aAAwDAQACEQMRAD8ArKlSqblOcIp6Vm27WS86rDYeQT6hAaDXVEqDsrY664wfiNQqrDL0kvNaQ5bbEkHrBLUsxlp5Lew7REzbg3Kp\/9k=\" class=\"attachment-woocommerce_thumbnail size-woocommerce_thumbnail wd-lazy-load wd-lazy-fade\" alt=\"ATECH-PASTEL-Sitzbank\" srcset=\"\" sizes=\"(max-width: 600px) 100vw, 600px\" data-wood-src=\"https:\/\/www.atech-sas.com\/wp-content\/uploads\/2021\/05\/ATECH-Banquette-PASTEL-600x600.jpg\" data-srcset=\"https:\/\/www.atech-sas.com\/wp-content\/uploads\/2021\/05\/ATECH-Banquette-PASTEL-600x600.jpg 600w, https:\/\/www.atech-sas.com\/wp-content\/uploads\/2021\/05\/ATECH-Banquette-PASTEL-150x150.jpg 150w, https:\/\/www.atech-sas.com\/wp-content\/uploads\/2021\/05\/ATECH-Banquette-PASTEL-300x300.jpg 300w, https:\/\/www.atech-sas.com\/wp-content\/uploads\/2021\/05\/ATECH-Banquette-PASTEL-1024x1024.jpg 1024w, https:\/\/www.atech-sas.com\/wp-content\/uploads\/2021\/05\/ATECH-Banquette-PASTEL-768x768.jpg 768w, https:\/\/www.atech-sas.com\/wp-content\/uploads\/2021\/05\/ATECH-Banquette-PASTEL.jpg 1080w\" \/>\t\t\t\t<\/a>\n\t\t\t<\/div>\n\t\t\t\t\t<div class=\"wrapp-swatches\"><\/div>\n\t<\/div>\n\n\t<div class=\"product-element-bottom product-information\">\n\t\t<h3 class=\"wd-entities-title\"><a href=\"https:\/\/www.atech-sas.com\/de\/produkt\/sitzbank-pastel\/\">Sitzbank &#8211; PASTEL<\/a><\/h3>\t\t\t\t<div class=\"product-rating-price\">\n\t\t\t<div class=\"wrapp-product-price\">\n\t\t\t\t\t\t\t\t\n\t<span class=\"price\"><span class=\"woocommerce-Price-amount amount\"><bdi>1.362,00<span class=\"woocommerce-Price-currencySymbol\">&euro;<\/span><\/bdi><\/span> <small class=\"woocommerce-price-suffix\">inkl. MwSt<\/small><\/span>\n\t\t\t<\/div>\n\t\t<\/div>\n\t\t<div class=\"fade-in-block\">\n\t\t\t<div class=\"hover-content wd-more-desc\">\n\t\t\t\t<div class=\"hover-content-inner wd-more-desc-inner\">\n\t\t\t\t\tSetzen Sie auf Farbe mit der Serie PASTEL und ihrer Stahlbank mit einer Sitzfl\u00e4che aus mehrfarbigen Lamellen.\t\t\t\t<\/div>\n\t\t\t\t<a href=\"#\" rel=\"nofollow\" class=\"wd-more-desc-btn\" aria-label=\"Read more description\"><span><\/span><\/a>\n\t\t\t<\/div>\n\t\t\t<div class=\" wd-buttons wd-pos-r-t\">\n\t\t\t\t<div class=\"wrap-wishlist-button\">\t\t\t<div class=\"wd-wishlist-btn wd-action-btn wd-style-icon wd-wishlist-icon\">\n\t\t\t\t<span class=\" bm-obfuscation\" data-variables=\"aHR0cHM6Ly93d3cuYXRlY2gtc2FzLmNvbS9kZS93dW5zY2h6ZXR0ZWwv\" data-key=\"4e608999d7\" data-product-id=\"38322\" rel=\"nofollow\" data-added-text=\"Wunschliste durchsuchen\">\n\t\t\t\t\t<span>Zur Wunschliste hinzuf\u00fcgen<\/span>\n\t\t\t\t<\/span>\n\t\t\t<\/div>\n\t\t<\/div>\n\t\t\t\t<div class=\"wd-add-btn wd-action-btn wd-style-icon wd-add-cart-icon\">\n\t\t\t\t\t<a href=\"https:\/\/www.atech-sas.com\/de\/produkt\/sitzbank-pastel\/\" data-quantity=\"1\" class=\"button product_type_variable add_to_cart_button add-to-cart-loop\" data-product_id=\"38322\" data-product_sku=\"0100163\" aria-label=\"W\u00e4hle Optionen f\u00fcr \u201eSitzbank - PASTEL\u201c\" rel=\"nofollow\"><span>Ausf\u00fchrung w\u00e4hlen<\/span><\/a>\t\t\t\t\t<span class=\"gtm4wp_productdata\" style=\"display:none; visibility:hidden;\" data-gtm4wp_product_data=\"{&quot;internal_id&quot;:38322,&quot;item_id&quot;:38322,&quot;item_name&quot;:&quot;Sitzbank - PASTEL&quot;,&quot;sku&quot;:&quot;0100163&quot;,&quot;price&quot;:1362,&quot;stocklevel&quot;:null,&quot;stockstatus&quot;:&quot;instock&quot;,&quot;google_business_vertical&quot;:&quot;retail&quot;,&quot;item_category&quot;:&quot;Sitzb\\u00e4nke&quot;,&quot;id&quot;:38322,&quot;productlink&quot;:&quot;https:\\\/\\\/www.atech-sas.com\\\/de\\\/produkt\\\/sitzbank-pastel\\\/&quot;,&quot;item_list_name&quot;:&quot;General Product List&quot;,&quot;index&quot;:5,&quot;product_type&quot;:&quot;variable&quot;,&quot;item_brand&quot;:&quot;&quot;}\"><\/span>\t\t\t\t<\/div>\n\t\t\t\t<div class=\"wrap-quickview-button\">\t\t<div class=\"quick-view wd-action-btn wd-style-icon wd-quick-view-icon\">\n\t\t\t<a\n\t\t\t\thref=\"https:\/\/www.atech-sas.com\/de\/produkt\/sitzbank-pastel\/\"\n\t\t\t\tclass=\"open-quick-view quick-view-button\"\n\t\t\t\trel=\"nofollow\"\n\t\t\t\tdata-id=\"38322\">Quick view<\/a>\n\t\t<\/div>\n\t\t<\/div>\n\t\t\t<\/div>\n\n\n\t\t\t\t\t\t\n\t\t\t\t\t<\/div>\n\t<\/div>\n<\/div>\n<\/div>\r\n\t\t\t\t\t\n\t\t<\/div>\n\t\t\t\t<div class=\"slide-product owl-carousel-item\">\n\t\t\t\n\t\t\t\t\t\t\t\t\t\t\t<div class=\"product-grid-item product product-no-swatches wd-hover-base wd-hover-with-fade wd-fade-off type-product post-38362 status-publish instock product_cat-anlehnbank product_cat-stahl-de has-post-thumbnail taxable shipping-taxable purchasable product-type-variable has-default-attributes\" data-loop=\"5\" data-id=\"38362\">\r\n\t\r\n\t\n<div class=\"product-wrapper\">\n\t<div class=\"content-product-imagin\"><\/div>\n\t<div class=\"product-element-top wd-quick-shop\">\n\t\t<a href=\"https:\/\/www.atech-sas.com\/de\/produkt\/stadtstuhl-pastel\/\" class=\"product-image-link\">\n\t\t\t<img decoding=\"async\" width=\"600\" height=\"600\" src=\"data:image\/jpg;base64,\/9j\/4AAQSkZJRgABAQAAAQABAAD\/\/gAfQ29tcHJlc3NlZCBieSBqcGVnLXJlY29tcHJlc3P\/2wBDAAYEBAUEBAYFBQUGBgYHCQ4JCQgICRINDQoOFRIWFhUSFBQXGiEcFxgfGRQUHScdHyIjJSUlFhwpLCgkKyEkJST\/2wBDAQYGBgkICREJCREkGBQYJCQkJCQkJCQkJCQkJCQkJCQkJCQkJCQkJCQkJCQkJCQkJCQkJCQkJCQkJCQkJCQkJCT\/wAARCAAKAAoDASIAAhEBAxEB\/8QAFgABAQEAAAAAAAAAAAAAAAAABAYI\/8QAHRAAAgEFAQEAAAAAAAAAAAAAAQIDAAQFEUEGQv\/EABQBAQAAAAAAAAAAAAAAAAAAAAD\/xAAUEQEAAAAAAAAAAAAAAAAAAAAA\/9oADAMBAAIRAxEAPwDQ+U9TJi85FYSWha3ZQzTLskA74BwgVQ0OSKN7\/bIrbi6N\/QplB\/\/Z\" class=\"attachment-woocommerce_thumbnail size-woocommerce_thumbnail wd-lazy-load wd-lazy-fade\" alt=\"ATECH-PASTEL-Stadtstuhl\" srcset=\"\" sizes=\"(max-width: 600px) 100vw, 600px\" data-wood-src=\"https:\/\/www.atech-sas.com\/wp-content\/uploads\/2021\/02\/ATECH-Chaise-PASTEL-600x600.jpg\" data-srcset=\"https:\/\/www.atech-sas.com\/wp-content\/uploads\/2021\/02\/ATECH-Chaise-PASTEL-600x600.jpg 600w, https:\/\/www.atech-sas.com\/wp-content\/uploads\/2021\/02\/ATECH-Chaise-PASTEL-150x150.jpg 150w, https:\/\/www.atech-sas.com\/wp-content\/uploads\/2021\/02\/ATECH-Chaise-PASTEL-300x300.jpg 300w, https:\/\/www.atech-sas.com\/wp-content\/uploads\/2021\/02\/ATECH-Chaise-PASTEL-1024x1024.jpg 1024w, https:\/\/www.atech-sas.com\/wp-content\/uploads\/2021\/02\/ATECH-Chaise-PASTEL-768x768.jpg 768w, https:\/\/www.atech-sas.com\/wp-content\/uploads\/2021\/02\/ATECH-Chaise-PASTEL.jpg 1080w\" \/>\t\t<\/a>\n\t\t\t\t\t<div class=\"hover-img\">\n\t\t\t\t<a href=\"https:\/\/www.atech-sas.com\/de\/produkt\/stadtstuhl-pastel\/\">\n\t\t\t\t\t<img decoding=\"async\" width=\"600\" height=\"600\" src=\"data:image\/jpg;base64,\/9j\/4AAQSkZJRgABAQAAAQABAAD\/\/gAfQ29tcHJlc3NlZCBieSBqcGVnLXJlY29tcHJlc3P\/2wBDAAYEBAUEBAYFBQUGBgYHCQ4JCQgICRINDQoOFRIWFhUSFBQXGiEcFxgfGRQUHScdHyIjJSUlFhwpLCgkKyEkJST\/2wBDAQYGBgkICREJCREkGBQYJCQkJCQkJCQkJCQkJCQkJCQkJCQkJCQkJCQkJCQkJCQkJCQkJCQkJCQkJCQkJCQkJCT\/wAARCAAKAAoDASIAAhEBAxEB\/8QAFwAAAwEAAAAAAAAAAAAAAAAAAQIGB\/\/EACEQAAEDBAIDAQAAAAAAAAAAAAECAwQABREhEkEGExZC\/8QAFQEBAQAAAAAAAAAAAAAAAAAAAwT\/xAAYEQACAwAAAAAAAAAAAAAAAAAAAQISMf\/aAAwDAQACEQMRAD8Ag3\/EZDcQc7jiWxxaAQdFPWD3qh8bcPzOTjrEGtvu0WOZpPoayopJPAbpltoC1AISACdYorSWMopF6j\/\/2Q==\" class=\"attachment-woocommerce_thumbnail size-woocommerce_thumbnail wd-lazy-load wd-lazy-fade\" alt=\"ATECH-PASTEL-Stadtstuhl\" srcset=\"\" sizes=\"(max-width: 600px) 100vw, 600px\" data-wood-src=\"https:\/\/www.atech-sas.com\/wp-content\/uploads\/2021\/02\/ATECH-Chaise-PASTEL-1-600x600.jpg\" data-srcset=\"https:\/\/www.atech-sas.com\/wp-content\/uploads\/2021\/02\/ATECH-Chaise-PASTEL-1-600x600.jpg 600w, https:\/\/www.atech-sas.com\/wp-content\/uploads\/2021\/02\/ATECH-Chaise-PASTEL-1-150x150.jpg 150w, https:\/\/www.atech-sas.com\/wp-content\/uploads\/2021\/02\/ATECH-Chaise-PASTEL-1-300x300.jpg 300w, https:\/\/www.atech-sas.com\/wp-content\/uploads\/2021\/02\/ATECH-Chaise-PASTEL-1-1024x1024.jpg 1024w, https:\/\/www.atech-sas.com\/wp-content\/uploads\/2021\/02\/ATECH-Chaise-PASTEL-1-768x768.jpg 768w, https:\/\/www.atech-sas.com\/wp-content\/uploads\/2021\/02\/ATECH-Chaise-PASTEL-1.jpg 1080w\" \/>\t\t\t\t<\/a>\n\t\t\t<\/div>\n\t\t\t\t\t<div class=\"wrapp-swatches\"><\/div>\n\t<\/div>\n\n\t<div class=\"product-element-bottom product-information\">\n\t\t<h3 class=\"wd-entities-title\"><a href=\"https:\/\/www.atech-sas.com\/de\/produkt\/stadtstuhl-pastel\/\">Stadtstuhl &#8211; PASTEL<\/a><\/h3>\t\t\t\t<div class=\"product-rating-price\">\n\t\t\t<div class=\"wrapp-product-price\">\n\t\t\t\t\t\t\t\t\n\t<span class=\"price\"><span class=\"woocommerce-Price-amount amount\"><bdi>840,00<span class=\"woocommerce-Price-currencySymbol\">&euro;<\/span><\/bdi><\/span> <small class=\"woocommerce-price-suffix\">inkl. MwSt<\/small><\/span>\n\t\t\t<\/div>\n\t\t<\/div>\n\t\t<div class=\"fade-in-block\">\n\t\t\t<div class=\"hover-content wd-more-desc\">\n\t\t\t\t<div class=\"hover-content-inner wd-more-desc-inner\">\n\t\t\t\t\tDer PASTEL-Stuhl ist genau wie die anderen Produkte der Serie: farbenfroh, komfortabel und hochwertig. Wahlweise im Wohnbereich oder im Einzelaufstellungsbereich.\t\t\t\t<\/div>\n\t\t\t\t<a href=\"#\" rel=\"nofollow\" class=\"wd-more-desc-btn\" aria-label=\"Read more description\"><span><\/span><\/a>\n\t\t\t<\/div>\n\t\t\t<div class=\" wd-buttons wd-pos-r-t\">\n\t\t\t\t<div class=\"wrap-wishlist-button\">\t\t\t<div class=\"wd-wishlist-btn wd-action-btn wd-style-icon wd-wishlist-icon\">\n\t\t\t\t<span class=\" bm-obfuscation\" data-variables=\"aHR0cHM6Ly93d3cuYXRlY2gtc2FzLmNvbS9kZS93dW5zY2h6ZXR0ZWwv\" data-key=\"4e608999d7\" data-product-id=\"38362\" rel=\"nofollow\" data-added-text=\"Wunschliste durchsuchen\">\n\t\t\t\t\t<span>Zur Wunschliste hinzuf\u00fcgen<\/span>\n\t\t\t\t<\/span>\n\t\t\t<\/div>\n\t\t<\/div>\n\t\t\t\t<div class=\"wd-add-btn wd-action-btn wd-style-icon wd-add-cart-icon\">\n\t\t\t\t\t<a href=\"https:\/\/www.atech-sas.com\/de\/produkt\/stadtstuhl-pastel\/\" data-quantity=\"1\" class=\"button product_type_variable add_to_cart_button add-to-cart-loop\" data-product_id=\"38362\" data-product_sku=\"0100996\" aria-label=\"W\u00e4hle Optionen f\u00fcr \u201eStadtstuhl - PASTEL\u201c\" rel=\"nofollow\"><span>Ausf\u00fchrung w\u00e4hlen<\/span><\/a>\t\t\t\t\t<span class=\"gtm4wp_productdata\" style=\"display:none; visibility:hidden;\" data-gtm4wp_product_data=\"{&quot;internal_id&quot;:38362,&quot;item_id&quot;:38362,&quot;item_name&quot;:&quot;Stadtstuhl - PASTEL&quot;,&quot;sku&quot;:&quot;0100996&quot;,&quot;price&quot;:840,&quot;stocklevel&quot;:null,&quot;stockstatus&quot;:&quot;instock&quot;,&quot;google_business_vertical&quot;:&quot;retail&quot;,&quot;item_category&quot;:&quot;Einzelsitze &amp; Anlehnb\\u00e4nke&quot;,&quot;id&quot;:38362,&quot;productlink&quot;:&quot;https:\\\/\\\/www.atech-sas.com\\\/de\\\/produkt\\\/stadtstuhl-pastel\\\/&quot;,&quot;item_list_name&quot;:&quot;General Product List&quot;,&quot;index&quot;:6,&quot;product_type&quot;:&quot;variable&quot;,&quot;item_brand&quot;:&quot;&quot;}\"><\/span>\t\t\t\t<\/div>\n\t\t\t\t<div class=\"wrap-quickview-button\">\t\t<div class=\"quick-view wd-action-btn wd-style-icon wd-quick-view-icon\">\n\t\t\t<a\n\t\t\t\thref=\"https:\/\/www.atech-sas.com\/de\/produkt\/stadtstuhl-pastel\/\"\n\t\t\t\tclass=\"open-quick-view quick-view-button\"\n\t\t\t\trel=\"nofollow\"\n\t\t\t\tdata-id=\"38362\">Quick view<\/a>\n\t\t<\/div>\n\t\t<\/div>\n\t\t\t<\/div>\n\n\n\t\t\t\t\t\t\n\t\t\t\t\t<\/div>\n\t<\/div>\n<\/div>\n<\/div>\r\n\t\t\t\t\t\n\t\t<\/div>\n\t\t\t\t<div class=\"slide-product owl-carousel-item\">\n\t\t\t\n\t\t\t\t\t\t\t\t\t\t\t<div class=\"product-grid-item product product-no-swatches wd-hover-base wd-hover-with-fade wd-fade-off type-product post-38366 status-publish instock product_cat-stahl-de product_cat-tische has-post-thumbnail taxable shipping-taxable purchasable product-type-variable has-default-attributes\" data-loop=\"6\" data-id=\"38366\">\r\n\t\r\n\t\n<div class=\"product-wrapper\">\n\t<div class=\"content-product-imagin\"><\/div>\n\t<div class=\"product-element-top wd-quick-shop\">\n\t\t<a href=\"https:\/\/www.atech-sas.com\/de\/produkt\/oeffentlicher-tisch-pastel\/\" class=\"product-image-link\">\n\t\t\t<img decoding=\"async\" width=\"600\" height=\"600\" src=\"data:image\/jpg;base64,\/9j\/4AAQSkZJRgABAQAAAQABAAD\/\/gAfQ29tcHJlc3NlZCBieSBqcGVnLXJlY29tcHJlc3P\/2wBDAAYEBAUEBAYFBQUGBgYHCQ4JCQgICRINDQoOFRIWFhUSFBQXGiEcFxgfGRQUHScdHyIjJSUlFhwpLCgkKyEkJST\/2wBDAQYGBgkICREJCREkGBQYJCQkJCQkJCQkJCQkJCQkJCQkJCQkJCQkJCQkJCQkJCQkJCQkJCQkJCQkJCQkJCQkJCT\/wAARCAAKAAoDASIAAhEBAxEB\/8QAFwAAAwEAAAAAAAAAAAAAAAAABAUGCP\/EACQQAAEDAgQHAAAAAAAAAAAAAAECAwQAEQUSM0EHISNCUdHw\/8QAFQEBAQAAAAAAAAAAAAAAAAAAAAH\/xAAVEQEBAAAAAAAAAAAAAAAAAAAAAf\/aAAwDAQACEQMRAD8A0hExXEn45kKgNKbtcZHedrA7j61KlcQWkKKThcm4NtRHuqp4dFY2ymgokGIYjJMZjTT2DxVg\/9k=\" class=\"attachment-woocommerce_thumbnail size-woocommerce_thumbnail wd-lazy-load wd-lazy-fade\" alt=\"ATECH-PASTEL-Oeffentlicher-Tisch\" srcset=\"\" sizes=\"(max-width: 600px) 100vw, 600px\" data-wood-src=\"https:\/\/www.atech-sas.com\/wp-content\/uploads\/2021\/02\/ATECH-Table-PASTEL-1-600x600.jpg\" data-srcset=\"https:\/\/www.atech-sas.com\/wp-content\/uploads\/2021\/02\/ATECH-Table-PASTEL-1-600x600.jpg 600w, https:\/\/www.atech-sas.com\/wp-content\/uploads\/2021\/02\/ATECH-Table-PASTEL-1-150x150.jpg 150w, https:\/\/www.atech-sas.com\/wp-content\/uploads\/2021\/02\/ATECH-Table-PASTEL-1-300x300.jpg 300w, https:\/\/www.atech-sas.com\/wp-content\/uploads\/2021\/02\/ATECH-Table-PASTEL-1-1024x1024.jpg 1024w, https:\/\/www.atech-sas.com\/wp-content\/uploads\/2021\/02\/ATECH-Table-PASTEL-1-768x768.jpg 768w, https:\/\/www.atech-sas.com\/wp-content\/uploads\/2021\/02\/ATECH-Table-PASTEL-1.jpg 1080w\" \/>\t\t<\/a>\n\t\t\t\t\t<div class=\"hover-img\">\n\t\t\t\t<a href=\"https:\/\/www.atech-sas.com\/de\/produkt\/oeffentlicher-tisch-pastel\/\">\n\t\t\t\t\t<img decoding=\"async\" width=\"600\" height=\"600\" src=\"data:image\/jpg;base64,\/9j\/4AAQSkZJRgABAQAAAQABAAD\/\/gAfQ29tcHJlc3NlZCBieSBqcGVnLXJlY29tcHJlc3P\/2wBDAAYEBAUEBAYFBQUGBgYHCQ4JCQgICRINDQoOFRIWFhUSFBQXGiEcFxgfGRQUHScdHyIjJSUlFhwpLCgkKyEkJST\/2wBDAQYGBgkICREJCREkGBQYJCQkJCQkJCQkJCQkJCQkJCQkJCQkJCQkJCQkJCQkJCQkJCQkJCQkJCQkJCQkJCQkJCT\/wAARCAAKAAoDASIAAhEBAxEB\/8QAFgABAQEAAAAAAAAAAAAAAAAABwQG\/8QAIxAAAgEDAwQDAAAAAAAAAAAAAQIDAAURBBIhBggUIjFhkf\/EABUBAQEAAAAAAAAAAAAAAAAAAAME\/8QAGREBAAIDAAAAAAAAAAAAAAAAAQACAyFB\/9oADAMBAAIRAxEAPwAi6Us4u8GqeGZ49VGNxiyAu3IAIbk5z9VvI7ZeVRV8KbgAcICKl7doY5dbemkjR2XTptLAEj2PxSWXbJ9m\/anMZd3HUpyf\/9k=\" class=\"attachment-woocommerce_thumbnail size-woocommerce_thumbnail wd-lazy-load wd-lazy-fade\" alt=\"ATECH-PASTEL-Oeffentlicher-Tisch\" srcset=\"\" sizes=\"(max-width: 600px) 100vw, 600px\" data-wood-src=\"https:\/\/www.atech-sas.com\/wp-content\/uploads\/2021\/02\/ATECH-Table-PASTEL-600x600.jpg\" data-srcset=\"https:\/\/www.atech-sas.com\/wp-content\/uploads\/2021\/02\/ATECH-Table-PASTEL-600x600.jpg 600w, https:\/\/www.atech-sas.com\/wp-content\/uploads\/2021\/02\/ATECH-Table-PASTEL-150x150.jpg 150w, https:\/\/www.atech-sas.com\/wp-content\/uploads\/2021\/02\/ATECH-Table-PASTEL-300x300.jpg 300w, https:\/\/www.atech-sas.com\/wp-content\/uploads\/2021\/02\/ATECH-Table-PASTEL-1024x1024.jpg 1024w, https:\/\/www.atech-sas.com\/wp-content\/uploads\/2021\/02\/ATECH-Table-PASTEL-768x768.jpg 768w, https:\/\/www.atech-sas.com\/wp-content\/uploads\/2021\/02\/ATECH-Table-PASTEL.jpg 1080w\" \/>\t\t\t\t<\/a>\n\t\t\t<\/div>\n\t\t\t\t\t<div class=\"wrapp-swatches\"><\/div>\n\t<\/div>\n\n\t<div class=\"product-element-bottom product-information\">\n\t\t<h3 class=\"wd-entities-title\"><a href=\"https:\/\/www.atech-sas.com\/de\/produkt\/oeffentlicher-tisch-pastel\/\">\u00d6ffentlicher Tisch &#8211; PASTEL<\/a><\/h3>\t\t\t\t<div class=\"product-rating-price\">\n\t\t\t<div class=\"wrapp-product-price\">\n\t\t\t\t\t\t\t\t\n\t<span class=\"price\"><span class=\"woocommerce-Price-amount amount\"><bdi>2.262,00<span class=\"woocommerce-Price-currencySymbol\">&euro;<\/span><\/bdi><\/span> <small class=\"woocommerce-price-suffix\">inkl. MwSt<\/small><\/span>\n\t\t\t<\/div>\n\t\t<\/div>\n\t\t<div class=\"fade-in-block\">\n\t\t\t<div class=\"hover-content wd-more-desc\">\n\t\t\t\t<div class=\"hover-content-inner wd-more-desc-inner\">\n\t\t\t\t\tDer \u00f6ffentliche Tisch PASTEL ist ein farbenfroher Flacheisentisch, ideal f\u00fcr Ihren Innenstadtraum: Park oder Platz.\t\t\t\t<\/div>\n\t\t\t\t<a href=\"#\" rel=\"nofollow\" class=\"wd-more-desc-btn\" aria-label=\"Read more description\"><span><\/span><\/a>\n\t\t\t<\/div>\n\t\t\t<div class=\" wd-buttons wd-pos-r-t\">\n\t\t\t\t<div class=\"wrap-wishlist-button\">\t\t\t<div class=\"wd-wishlist-btn wd-action-btn wd-style-icon wd-wishlist-icon\">\n\t\t\t\t<span class=\" bm-obfuscation\" data-variables=\"aHR0cHM6Ly93d3cuYXRlY2gtc2FzLmNvbS9kZS93dW5zY2h6ZXR0ZWwv\" data-key=\"4e608999d7\" data-product-id=\"38366\" rel=\"nofollow\" data-added-text=\"Wunschliste durchsuchen\">\n\t\t\t\t\t<span>Zur Wunschliste hinzuf\u00fcgen<\/span>\n\t\t\t\t<\/span>\n\t\t\t<\/div>\n\t\t<\/div>\n\t\t\t\t<div class=\"wd-add-btn wd-action-btn wd-style-icon wd-add-cart-icon\">\n\t\t\t\t\t<a href=\"https:\/\/www.atech-sas.com\/de\/produkt\/oeffentlicher-tisch-pastel\/\" data-quantity=\"1\" class=\"button product_type_variable add_to_cart_button add-to-cart-loop\" data-product_id=\"38366\" data-product_sku=\"0000025\" aria-label=\"W\u00e4hle Optionen f\u00fcr \u201e\u00d6ffentlicher Tisch - PASTEL\u201c\" rel=\"nofollow\"><span>Ausf\u00fchrung w\u00e4hlen<\/span><\/a>\t\t\t\t\t<span class=\"gtm4wp_productdata\" style=\"display:none; visibility:hidden;\" data-gtm4wp_product_data=\"{&quot;internal_id&quot;:38366,&quot;item_id&quot;:38366,&quot;item_name&quot;:&quot;\\u00d6ffentlicher Tisch - PASTEL&quot;,&quot;sku&quot;:&quot;0000025&quot;,&quot;price&quot;:2262,&quot;stocklevel&quot;:null,&quot;stockstatus&quot;:&quot;instock&quot;,&quot;google_business_vertical&quot;:&quot;retail&quot;,&quot;item_category&quot;:&quot;Tische&quot;,&quot;id&quot;:38366,&quot;productlink&quot;:&quot;https:\\\/\\\/www.atech-sas.com\\\/de\\\/produkt\\\/oeffentlicher-tisch-pastel\\\/&quot;,&quot;item_list_name&quot;:&quot;General Product List&quot;,&quot;index&quot;:7,&quot;product_type&quot;:&quot;variable&quot;,&quot;item_brand&quot;:&quot;&quot;}\"><\/span>\t\t\t\t<\/div>\n\t\t\t\t<div class=\"wrap-quickview-button\">\t\t<div class=\"quick-view wd-action-btn wd-style-icon wd-quick-view-icon\">\n\t\t\t<a\n\t\t\t\thref=\"https:\/\/www.atech-sas.com\/de\/produkt\/oeffentlicher-tisch-pastel\/\"\n\t\t\t\tclass=\"open-quick-view quick-view-button\"\n\t\t\t\trel=\"nofollow\"\n\t\t\t\tdata-id=\"38366\">Quick view<\/a>\n\t\t<\/div>\n\t\t<\/div>\n\t\t\t<\/div>\n\n\n\t\t\t\t\t\t\n\t\t\t\t\t<\/div>\n\t<\/div>\n<\/div>\n<\/div>\r\n\t\t\t\t\t\n\t\t<\/div>\n\t\t\t\t<div class=\"slide-product owl-carousel-item\">\n\t\t\t\n\t\t\t\t\t\t\t\t\t\t\t<div class=\"product-grid-item product product-no-swatches wd-hover-base wd-hover-with-fade wd-fade-off type-product post-38345 status-publish last instock product_cat-stadtmoebel-bank product_cat-stahl-de has-post-thumbnail taxable shipping-taxable purchasable product-type-variable has-default-attributes\" data-loop=\"7\" data-id=\"38345\">\r\n\t\r\n\t\n<div class=\"product-wrapper\">\n\t<div class=\"content-product-imagin\"><\/div>\n\t<div class=\"product-element-top wd-quick-shop\">\n\t\t<a href=\"https:\/\/www.atech-sas.com\/de\/produkt\/rundbank-pastel\/\" class=\"product-image-link\">\n\t\t\t<img decoding=\"async\" width=\"600\" height=\"600\" src=\"data:image\/jpg;base64,\/9j\/4AAQSkZJRgABAQAAAQABAAD\/\/gAfQ29tcHJlc3NlZCBieSBqcGVnLXJlY29tcHJlc3P\/2wBDAAYEBAUEBAYFBQUGBgYHCQ4JCQgICRINDQoOFRIWFhUSFBQXGiEcFxgfGRQUHScdHyIjJSUlFhwpLCgkKyEkJST\/2wBDAQYGBgkICREJCREkGBQYJCQkJCQkJCQkJCQkJCQkJCQkJCQkJCQkJCQkJCQkJCQkJCQkJCQkJCQkJCQkJCQkJCT\/wAARCAAKAAoDASIAAhEBAxEB\/8QAFgABAQEAAAAAAAAAAAAAAAAABAUH\/8QAJBAAAQQBAgYDAAAAAAAAAAAAAQIDBBEAEhMFBgcUISIjMbH\/xAAUAQEAAAAAAAAAAAAAAAAAAAAA\/8QAFBEBAAAAAAAAAAAAAAAAAAAAAP\/aAAwDAQACEQMRAD8A3SZ1JEabKjp4U8RHJT8iilbtGvVIB\/cvx+YUyI7T3YTUbiArSW\/IsXX3ipzDQZCg0i91BvSLvUMZgf\/Z\" class=\"attachment-woocommerce_thumbnail size-woocommerce_thumbnail wd-lazy-load wd-lazy-fade\" alt=\"ATECH-PASTEL-kreisfoermige-Sitzbank\" srcset=\"\" sizes=\"(max-width: 600px) 100vw, 600px\" data-wood-src=\"https:\/\/www.atech-sas.com\/wp-content\/uploads\/2021\/06\/ATECH-Banquette-circulaire-PASTELjpg-600x600.jpg\" data-srcset=\"https:\/\/www.atech-sas.com\/wp-content\/uploads\/2021\/06\/ATECH-Banquette-circulaire-PASTELjpg-600x600.jpg 600w, https:\/\/www.atech-sas.com\/wp-content\/uploads\/2021\/06\/ATECH-Banquette-circulaire-PASTELjpg-300x300.jpg 300w, https:\/\/www.atech-sas.com\/wp-content\/uploads\/2021\/06\/ATECH-Banquette-circulaire-PASTELjpg-1024x1024.jpg 1024w, https:\/\/www.atech-sas.com\/wp-content\/uploads\/2021\/06\/ATECH-Banquette-circulaire-PASTELjpg-150x150.jpg 150w, https:\/\/www.atech-sas.com\/wp-content\/uploads\/2021\/06\/ATECH-Banquette-circulaire-PASTELjpg-768x768.jpg 768w, https:\/\/www.atech-sas.com\/wp-content\/uploads\/2021\/06\/ATECH-Banquette-circulaire-PASTELjpg.jpg 1080w\" \/>\t\t<\/a>\n\t\t\t\t\t<div class=\"hover-img\">\n\t\t\t\t<a href=\"https:\/\/www.atech-sas.com\/de\/produkt\/rundbank-pastel\/\">\n\t\t\t\t\t<img decoding=\"async\" width=\"600\" height=\"600\" src=\"data:image\/jpg;base64,\/9j\/4AAQSkZJRgABAQAAAQABAAD\/\/gAfQ29tcHJlc3NlZCBieSBqcGVnLXJlY29tcHJlc3P\/2wBDAAYEBAUEBAYFBQUGBgYHCQ4JCQgICRINDQoOFRIWFhUSFBQXGiEcFxgfGRQUHScdHyIjJSUlFhwpLCgkKyEkJST\/2wBDAQYGBgkICREJCREkGBQYJCQkJCQkJCQkJCQkJCQkJCQkJCQkJCQkJCQkJCQkJCQkJCQkJCQkJCQkJCQkJCQkJCT\/wAARCAAKAAoDASIAAhEBAxEB\/8QAFQABAQAAAAAAAAAAAAAAAAAABQb\/xAAiEAACAQMEAgMAAAAAAAAAAAABAgMABREEBhIxB5ETIaH\/xAAUAQEAAAAAAAAAAAAAAAAAAAAF\/8QAGREAAgMBAAAAAAAAAAAAAAAAAgMAASEx\/9oADAMBAAIRAxEAPwAuHadov08KWvdCSiQsD88BXj9Hv2fdPL4a3EqhUvWj4gYGFPVM2+w2ldZEwtehDADBECZH5VoGOOzQzXEOVcTWkS7P\/9k=\" class=\"attachment-woocommerce_thumbnail size-woocommerce_thumbnail wd-lazy-load wd-lazy-fade\" alt=\"ATECH-PASTEL-Rundbank\" srcset=\"\" sizes=\"(max-width: 600px) 100vw, 600px\" data-wood-src=\"https:\/\/www.atech-sas.com\/wp-content\/uploads\/2021\/02\/ATECH-Banquette-circulaire-PASTEL-600x600.jpg\" data-srcset=\"https:\/\/www.atech-sas.com\/wp-content\/uploads\/2021\/02\/ATECH-Banquette-circulaire-PASTEL-600x600.jpg 600w, https:\/\/www.atech-sas.com\/wp-content\/uploads\/2021\/02\/ATECH-Banquette-circulaire-PASTEL-150x150.jpg 150w, https:\/\/www.atech-sas.com\/wp-content\/uploads\/2021\/02\/ATECH-Banquette-circulaire-PASTEL-300x300.jpg 300w, https:\/\/www.atech-sas.com\/wp-content\/uploads\/2021\/02\/ATECH-Banquette-circulaire-PASTEL-1024x1024.jpg 1024w, https:\/\/www.atech-sas.com\/wp-content\/uploads\/2021\/02\/ATECH-Banquette-circulaire-PASTEL-768x768.jpg 768w, https:\/\/www.atech-sas.com\/wp-content\/uploads\/2021\/02\/ATECH-Banquette-circulaire-PASTEL.jpg 1080w\" \/>\t\t\t\t<\/a>\n\t\t\t<\/div>\n\t\t\t\t\t<div class=\"wrapp-swatches\"><\/div>\n\t<\/div>\n\n\t<div class=\"product-element-bottom product-information\">\n\t\t<h3 class=\"wd-entities-title\"><a href=\"https:\/\/www.atech-sas.com\/de\/produkt\/rundbank-pastel\/\">Rundbank &#8211; PASTEL<\/a><\/h3>\t\t\t\t<div class=\"product-rating-price\">\n\t\t\t<div class=\"wrapp-product-price\">\n\t\t\t\t\t\t\t\t\n\t<span class=\"price\"><span class=\"woocommerce-Price-amount amount\" aria-hidden=\"true\"><bdi>3.252,00<span class=\"woocommerce-Price-currencySymbol\">&euro;<\/span><\/bdi><\/span> <span aria-hidden=\"true\"> \u2013 <\/span> <span class=\"woocommerce-Price-amount amount\" aria-hidden=\"true\"><bdi>3.720,00<span class=\"woocommerce-Price-currencySymbol\">&euro;<\/span><\/bdi><\/span><span class=\"screen-reader-text\">Preisspanne: 3.252,00&euro; bis 3.720,00&euro;<\/span> <small class=\"woocommerce-price-suffix\">inkl. MwSt<\/small><\/span>\n\t\t\t<\/div>\n\t\t<\/div>\n\t\t<div class=\"fade-in-block\">\n\t\t\t<div class=\"hover-content wd-more-desc\">\n\t\t\t\t<div class=\"hover-content-inner wd-more-desc-inner\">\n\t\t\t\t\tDie Rundbank PASTEL ist eine Hybridl\u00f6sung f\u00fcr Ihren Stadtraum. Der Sitz kann einen Baum oder einen Blumentopf aufnehmen.\t\t\t\t<\/div>\n\t\t\t\t<a href=\"#\" rel=\"nofollow\" class=\"wd-more-desc-btn\" aria-label=\"Read more description\"><span><\/span><\/a>\n\t\t\t<\/div>\n\t\t\t<div class=\" wd-buttons wd-pos-r-t\">\n\t\t\t\t<div class=\"wrap-wishlist-button\">\t\t\t<div class=\"wd-wishlist-btn wd-action-btn wd-style-icon wd-wishlist-icon\">\n\t\t\t\t<span class=\" bm-obfuscation\" data-variables=\"aHR0cHM6Ly93d3cuYXRlY2gtc2FzLmNvbS9kZS93dW5zY2h6ZXR0ZWwv\" data-key=\"4e608999d7\" data-product-id=\"38345\" rel=\"nofollow\" data-added-text=\"Wunschliste durchsuchen\">\n\t\t\t\t\t<span>Zur Wunschliste hinzuf\u00fcgen<\/span>\n\t\t\t\t<\/span>\n\t\t\t<\/div>\n\t\t<\/div>\n\t\t\t\t<div class=\"wd-add-btn wd-action-btn wd-style-icon wd-add-cart-icon\">\n\t\t\t\t\t<a href=\"https:\/\/www.atech-sas.com\/de\/produkt\/rundbank-pastel\/\" data-quantity=\"1\" class=\"button product_type_variable add_to_cart_button add-to-cart-loop\" data-product_id=\"38345\" data-product_sku=\"0100062\" aria-label=\"W\u00e4hle Optionen f\u00fcr \u201eRundbank - PASTEL\u201c\" rel=\"nofollow\"><span>Ausf\u00fchrung w\u00e4hlen<\/span><\/a>\t\t\t\t\t<span class=\"gtm4wp_productdata\" style=\"display:none; visibility:hidden;\" data-gtm4wp_product_data=\"{&quot;internal_id&quot;:38345,&quot;item_id&quot;:38345,&quot;item_name&quot;:&quot;Rundbank - PASTEL&quot;,&quot;sku&quot;:&quot;0100062&quot;,&quot;price&quot;:3252,&quot;stocklevel&quot;:null,&quot;stockstatus&quot;:&quot;instock&quot;,&quot;google_business_vertical&quot;:&quot;retail&quot;,&quot;item_category&quot;:&quot;Sitzb\\u00e4nke&quot;,&quot;id&quot;:38345,&quot;productlink&quot;:&quot;https:\\\/\\\/www.atech-sas.com\\\/de\\\/produkt\\\/rundbank-pastel\\\/&quot;,&quot;item_list_name&quot;:&quot;General Product List&quot;,&quot;index&quot;:8,&quot;product_type&quot;:&quot;variable&quot;,&quot;item_brand&quot;:&quot;&quot;}\"><\/span>\t\t\t\t<\/div>\n\t\t\t\t<div class=\"wrap-quickview-button\">\t\t<div class=\"quick-view wd-action-btn wd-style-icon wd-quick-view-icon\">\n\t\t\t<a\n\t\t\t\thref=\"https:\/\/www.atech-sas.com\/de\/produkt\/rundbank-pastel\/\"\n\t\t\t\tclass=\"open-quick-view quick-view-button\"\n\t\t\t\trel=\"nofollow\"\n\t\t\t\tdata-id=\"38345\">Quick view<\/a>\n\t\t<\/div>\n\t\t<\/div>\n\t\t\t<\/div>\n\n\n\t\t\t\t\t\t\n\t\t\t\t\t<\/div>\n\t<\/div>\n<\/div>\n<\/div>\r\n\t\t\t\t\t\n\t\t<\/div>\n\t\t\t\t<div class=\"slide-product owl-carousel-item\">\n\t\t\t\n\t\t\t\t\t\t\t\t\t\t\t<div class=\"product-grid-item product product-no-swatches wd-hover-base wd-hover-with-fade wd-fade-off type-product post-39135 status-publish first instock product_cat-abfallbehaelter-kommunen product_cat-stahl-de has-post-thumbnail taxable shipping-taxable purchasable product-type-variable has-default-attributes\" data-loop=\"8\" data-id=\"39135\">\r\n\t\r\n\t\n<div class=\"product-wrapper\">\n\t<div class=\"content-product-imagin\"><\/div>\n\t<div class=\"product-element-top wd-quick-shop\">\n\t\t<a href=\"https:\/\/www.atech-sas.com\/de\/produkt\/oeffentliche-abfalltonne-pastel\/\" class=\"product-image-link\">\n\t\t\t<img decoding=\"async\" width=\"600\" height=\"600\" src=\"data:image\/jpg;base64,\/9j\/4AAQSkZJRgABAQAAAQABAAD\/\/gAfQ29tcHJlc3NlZCBieSBqcGVnLXJlY29tcHJlc3P\/2wBDAAYEBAUEBAYFBQUGBgYHCQ4JCQgICRINDQoOFRIWFhUSFBQXGiEcFxgfGRQUHScdHyIjJSUlFhwpLCgkKyEkJST\/2wBDAQYGBgkICREJCREkGBQYJCQkJCQkJCQkJCQkJCQkJCQkJCQkJCQkJCQkJCQkJCQkJCQkJCQkJCQkJCQkJCQkJCT\/wAARCAAKAAoDASIAAhEBAxEB\/8QAFgABAQEAAAAAAAAAAAAAAAAABQYH\/8QAIBAAAQMEAgMAAAAAAAAAAAAAAQIDBQAEBhESITFBUf\/EABUBAQEAAAAAAAAAAAAAAAAAAAAB\/8QAFREBAQAAAAAAAAAAAAAAAAAAABH\/2gAMAwEAAhEDEQA\/AN\/m8kko\/LYuJt27VVrdgcytKisdnejvXgfKqaDkrdlzJot1bTanEIc4rKQSnr0acpVj\/9k=\" class=\"attachment-woocommerce_thumbnail size-woocommerce_thumbnail wd-lazy-load wd-lazy-fade\" alt=\"ATECH-PASTEL-oeffentliche-Abfalltonne\" srcset=\"\" sizes=\"(max-width: 600px) 100vw, 600px\" data-wood-src=\"https:\/\/www.atech-sas.com\/wp-content\/uploads\/2021\/02\/ATECH-Poubelle-PASTEL-600x600.jpg\" data-srcset=\"https:\/\/www.atech-sas.com\/wp-content\/uploads\/2021\/02\/ATECH-Poubelle-PASTEL-600x600.jpg 600w, https:\/\/www.atech-sas.com\/wp-content\/uploads\/2021\/02\/ATECH-Poubelle-PASTEL-150x150.jpg 150w, https:\/\/www.atech-sas.com\/wp-content\/uploads\/2021\/02\/ATECH-Poubelle-PASTEL-300x300.jpg 300w, https:\/\/www.atech-sas.com\/wp-content\/uploads\/2021\/02\/ATECH-Poubelle-PASTEL-1024x1024.jpg 1024w, https:\/\/www.atech-sas.com\/wp-content\/uploads\/2021\/02\/ATECH-Poubelle-PASTEL-768x768.jpg 768w, https:\/\/www.atech-sas.com\/wp-content\/uploads\/2021\/02\/ATECH-Poubelle-PASTEL.jpg 1080w\" \/>\t\t<\/a>\n\t\t\t\t\t<div class=\"hover-img\">\n\t\t\t\t<a href=\"https:\/\/www.atech-sas.com\/de\/produkt\/oeffentliche-abfalltonne-pastel\/\">\n\t\t\t\t\t<img decoding=\"async\" width=\"600\" height=\"600\" src=\"data:image\/jpg;base64,\/9j\/4AAQSkZJRgABAQAAAQABAAD\/\/gAfQ29tcHJlc3NlZCBieSBqcGVnLXJlY29tcHJlc3P\/2wBDAAYEBAUEBAYFBQUGBgYHCQ4JCQgICRINDQoOFRIWFhUSFBQXGiEcFxgfGRQUHScdHyIjJSUlFhwpLCgkKyEkJST\/2wBDAQYGBgkICREJCREkGBQYJCQkJCQkJCQkJCQkJCQkJCQkJCQkJCQkJCQkJCQkJCQkJCQkJCQkJCQkJCQkJCQkJCT\/wAARCAAKAAoDASIAAhEBAxEB\/8QAFQABAQAAAAAAAAAAAAAAAAAABQf\/xAAjEAABAwMDBQEAAAAAAAAAAAABAgMRAAQGBRJRExUhMUFx\/8QAFAEBAAAAAAAAAAAAAAAAAAAABP\/EABkRAAIDAQAAAAAAAAAAAAAAAAERAAIDEv\/aAAwDAQACEQMRAD8AOtXs8asww\/qrFv00BLKIUrbAgA7QR6A+8UG9kmaNPONq1EEpUUkhoQYP7VRWkdsbMCdo80VA4oNdiQ1FZjurZE\/\/2Q==\" class=\"attachment-woocommerce_thumbnail size-woocommerce_thumbnail wd-lazy-load wd-lazy-fade\" alt=\"ATECH-PASTEL-oeffentliche-Abfalltonne\" srcset=\"\" sizes=\"(max-width: 600px) 100vw, 600px\" data-wood-src=\"https:\/\/www.atech-sas.com\/wp-content\/uploads\/2021\/02\/ATECH-Poubelle-PASTEL-1-600x600.jpg\" data-srcset=\"https:\/\/www.atech-sas.com\/wp-content\/uploads\/2021\/02\/ATECH-Poubelle-PASTEL-1-600x600.jpg 600w, https:\/\/www.atech-sas.com\/wp-content\/uploads\/2021\/02\/ATECH-Poubelle-PASTEL-1-150x150.jpg 150w, https:\/\/www.atech-sas.com\/wp-content\/uploads\/2021\/02\/ATECH-Poubelle-PASTEL-1-300x300.jpg 300w, https:\/\/www.atech-sas.com\/wp-content\/uploads\/2021\/02\/ATECH-Poubelle-PASTEL-1-1024x1024.jpg 1024w, https:\/\/www.atech-sas.com\/wp-content\/uploads\/2021\/02\/ATECH-Poubelle-PASTEL-1-768x768.jpg 768w, https:\/\/www.atech-sas.com\/wp-content\/uploads\/2021\/02\/ATECH-Poubelle-PASTEL-1.jpg 1080w\" \/>\t\t\t\t<\/a>\n\t\t\t<\/div>\n\t\t\t\t\t<div class=\"wrapp-swatches\"><\/div>\n\t<\/div>\n\n\t<div class=\"product-element-bottom product-information\">\n\t\t<h3 class=\"wd-entities-title\"><a href=\"https:\/\/www.atech-sas.com\/de\/produkt\/oeffentliche-abfalltonne-pastel\/\">\u00d6ffentliche Abfalltonne &#8211; PASTEL<\/a><\/h3>\t\t\t\t<div class=\"product-rating-price\">\n\t\t\t<div class=\"wrapp-product-price\">\n\t\t\t\t\t\t\t\t\n\t<span class=\"price\"><span class=\"woocommerce-Price-amount amount\" aria-hidden=\"true\"><bdi>1.704,00<span class=\"woocommerce-Price-currencySymbol\">&euro;<\/span><\/bdi><\/span> <span aria-hidden=\"true\"> \u2013 <\/span> <span class=\"woocommerce-Price-amount amount\" aria-hidden=\"true\"><bdi>2.220,00<span class=\"woocommerce-Price-currencySymbol\">&euro;<\/span><\/bdi><\/span><span class=\"screen-reader-text\">Preisspanne: 1.704,00&euro; bis 2.220,00&euro;<\/span> <small class=\"woocommerce-price-suffix\">inkl. MwSt<\/small><\/span>\n\t\t\t<\/div>\n\t\t<\/div>\n\t\t<div class=\"fade-in-block\">\n\t\t\t<div class=\"hover-content wd-more-desc\">\n\t\t\t\t<div class=\"hover-content-inner wd-more-desc-inner\">\n\t\t\t\t\tEntscheiden Sie sich f\u00fcr die Originalit\u00e4t der \u00f6ffentlichen Abfalltonne PASTEL, aus mehrfarbigem Stahl, mit Beutelhalter oder Inneneimer.\t\t\t\t<\/div>\n\t\t\t\t<a href=\"#\" rel=\"nofollow\" class=\"wd-more-desc-btn\" aria-label=\"Read more description\"><span><\/span><\/a>\n\t\t\t<\/div>\n\t\t\t<div class=\" wd-buttons wd-pos-r-t\">\n\t\t\t\t<div class=\"wrap-wishlist-button\">\t\t\t<div class=\"wd-wishlist-btn wd-action-btn wd-style-icon wd-wishlist-icon\">\n\t\t\t\t<span class=\" bm-obfuscation\" data-variables=\"aHR0cHM6Ly93d3cuYXRlY2gtc2FzLmNvbS9kZS93dW5zY2h6ZXR0ZWwv\" data-key=\"4e608999d7\" data-product-id=\"39135\" rel=\"nofollow\" data-added-text=\"Wunschliste durchsuchen\">\n\t\t\t\t\t<span>Zur Wunschliste hinzuf\u00fcgen<\/span>\n\t\t\t\t<\/span>\n\t\t\t<\/div>\n\t\t<\/div>\n\t\t\t\t<div class=\"wd-add-btn wd-action-btn wd-style-icon wd-add-cart-icon\">\n\t\t\t\t\t<a href=\"https:\/\/www.atech-sas.com\/de\/produkt\/oeffentliche-abfalltonne-pastel\/\" data-quantity=\"1\" class=\"button product_type_variable add_to_cart_button add-to-cart-loop\" data-product_id=\"39135\" data-product_sku=\"0100061\" aria-label=\"W\u00e4hle Optionen f\u00fcr \u201e\u00d6ffentliche Abfalltonne - PASTEL\u201c\" rel=\"nofollow\"><span>Ausf\u00fchrung w\u00e4hlen<\/span><\/a>\t\t\t\t\t<span class=\"gtm4wp_productdata\" style=\"display:none; visibility:hidden;\" data-gtm4wp_product_data=\"{&quot;internal_id&quot;:39135,&quot;item_id&quot;:39135,&quot;item_name&quot;:&quot;\\u00d6ffentliche Abfalltonne - PASTEL&quot;,&quot;sku&quot;:&quot;0100061&quot;,&quot;price&quot;:2100,&quot;stocklevel&quot;:null,&quot;stockstatus&quot;:&quot;instock&quot;,&quot;google_business_vertical&quot;:&quot;retail&quot;,&quot;item_category&quot;:&quot;Abfallbeh\\u00e4lter&quot;,&quot;id&quot;:39135,&quot;productlink&quot;:&quot;https:\\\/\\\/www.atech-sas.com\\\/de\\\/produkt\\\/oeffentliche-abfalltonne-pastel\\\/&quot;,&quot;item_list_name&quot;:&quot;General Product List&quot;,&quot;index&quot;:9,&quot;product_type&quot;:&quot;variable&quot;,&quot;item_brand&quot;:&quot;&quot;}\"><\/span>\t\t\t\t<\/div>\n\t\t\t\t<div class=\"wrap-quickview-button\">\t\t<div class=\"quick-view wd-action-btn wd-style-icon wd-quick-view-icon\">\n\t\t\t<a\n\t\t\t\thref=\"https:\/\/www.atech-sas.com\/de\/produkt\/oeffentliche-abfalltonne-pastel\/\"\n\t\t\t\tclass=\"open-quick-view quick-view-button\"\n\t\t\t\trel=\"nofollow\"\n\t\t\t\tdata-id=\"39135\">Quick view<\/a>\n\t\t<\/div>\n\t\t<\/div>\n\t\t\t<\/div>\n\n\n\t\t\t\t\t\t\n\t\t\t\t\t<\/div>\n\t<\/div>\n<\/div>\n<\/div>\r\n\t\t\t\t\t\n\t\t<\/div>\n\t\t\t\t<div class=\"slide-product owl-carousel-item\">\n\t\t\t\n\t\t\t\t\t\t\t\t\t\t\t<div class=\"product-grid-item product product-no-swatches wd-hover-base wd-hover-with-fade wd-fade-off type-product post-39507 status-publish instock product_cat-strassen-gelaender product_cat-kunststoff product_cat-stahl-de has-post-thumbnail taxable shipping-taxable purchasable product-type-variable has-default-attributes\" data-loop=\"9\" data-id=\"39507\">\r\n\t\r\n\t\n<div class=\"product-wrapper\">\n\t<div class=\"content-product-imagin\"><\/div>\n\t<div class=\"product-element-top wd-quick-shop\">\n\t\t<a href=\"https:\/\/www.atech-sas.com\/de\/produkt\/stadtzaun-pastel\/\" class=\"product-image-link\">\n\t\t\t<img decoding=\"async\" width=\"600\" height=\"600\" src=\"data:image\/jpg;base64,\/9j\/4AAQSkZJRgABAQAAAQABAAD\/\/gAfQ29tcHJlc3NlZCBieSBqcGVnLXJlY29tcHJlc3P\/2wBDAAYEBAUEBAYFBQUGBgYHCQ4JCQgICRINDQoOFRIWFhUSFBQXGiEcFxgfGRQUHScdHyIjJSUlFhwpLCgkKyEkJST\/2wBDAQYGBgkICREJCREkGBQYJCQkJCQkJCQkJCQkJCQkJCQkJCQkJCQkJCQkJCQkJCQkJCQkJCQkJCQkJCQkJCQkJCT\/wAARCAAKAAoDASIAAhEBAxEB\/8QAFgABAQEAAAAAAAAAAAAAAAAABAYH\/8QAJBAAAgIBAgUFAAAAAAAAAAAAAgMBBAUAEQYSEyExMlJxkbH\/xAAUAQEAAAAAAAAAAAAAAAAAAAAA\/8QAFBEBAAAAAAAAAAAAAAAAAAAAAP\/aAAwDAQACEQMRAD8A2rJ5rjOplLrqQY2zjUtKOkZ8jwAfJbT2KPjV1XZLkLZPkwgvuNHy6VuxdsWrBg9E+xRvHpnSK0bVlRHsH80H\/9k=\" class=\"attachment-woocommerce_thumbnail size-woocommerce_thumbnail wd-lazy-load wd-lazy-fade\" alt=\"ATECH-PASTEL-Stadtschranke\" srcset=\"\" sizes=\"(max-width: 600px) 100vw, 600px\" data-wood-src=\"https:\/\/www.atech-sas.com\/wp-content\/uploads\/2021\/02\/ATECH-Barriere-PASTEL-1-600x600.jpg\" data-srcset=\"https:\/\/www.atech-sas.com\/wp-content\/uploads\/2021\/02\/ATECH-Barriere-PASTEL-1-600x600.jpg 600w, https:\/\/www.atech-sas.com\/wp-content\/uploads\/2021\/02\/ATECH-Barriere-PASTEL-1-150x150.jpg 150w, https:\/\/www.atech-sas.com\/wp-content\/uploads\/2021\/02\/ATECH-Barriere-PASTEL-1-300x300.jpg 300w, https:\/\/www.atech-sas.com\/wp-content\/uploads\/2021\/02\/ATECH-Barriere-PASTEL-1-1024x1024.jpg 1024w, https:\/\/www.atech-sas.com\/wp-content\/uploads\/2021\/02\/ATECH-Barriere-PASTEL-1-768x768.jpg 768w, https:\/\/www.atech-sas.com\/wp-content\/uploads\/2021\/02\/ATECH-Barriere-PASTEL-1.jpg 1080w\" \/>\t\t<\/a>\n\t\t\t\t\t<div class=\"hover-img\">\n\t\t\t\t<a href=\"https:\/\/www.atech-sas.com\/de\/produkt\/stadtzaun-pastel\/\">\n\t\t\t\t\t<img decoding=\"async\" width=\"600\" height=\"600\" src=\"data:image\/jpg;base64,\/9j\/4AAQSkZJRgABAQAAAQABAAD\/\/gAfQ29tcHJlc3NlZCBieSBqcGVnLXJlY29tcHJlc3P\/2wBDAAYEBAUEBAYFBQUGBgYHCQ4JCQgICRINDQoOFRIWFhUSFBQXGiEcFxgfGRQUHScdHyIjJSUlFhwpLCgkKyEkJST\/2wBDAQYGBgkICREJCREkGBQYJCQkJCQkJCQkJCQkJCQkJCQkJCQkJCQkJCQkJCQkJCQkJCQkJCQkJCQkJCQkJCQkJCT\/wAARCAAKAAoDASIAAhEBAxEB\/8QAFQABAQAAAAAAAAAAAAAAAAAABAX\/xAAhEAACAQQBBQEAAAAAAAAAAAABAgMABBFBBQYSITFRMv\/EABQBAQAAAAAAAAAAAAAAAAAAAAH\/xAAZEQACAwEAAAAAAAAAAAAAAAAAAQIRMUH\/2gAMAwEAAhEDEQA\/ADJyHJIk0VnbvfSsW7RG5jDZ1jfnPr7S06e6ekRXnLCZgC4zJ4be\/tGufyBrHqpUV5crEgFxMAFAADmiK6Ldaf\/Z\" class=\"attachment-woocommerce_thumbnail size-woocommerce_thumbnail wd-lazy-load wd-lazy-fade\" alt=\"ATECH-PASTEL-Stadtschranke\" srcset=\"\" sizes=\"(max-width: 600px) 100vw, 600px\" data-wood-src=\"https:\/\/www.atech-sas.com\/wp-content\/uploads\/2021\/02\/ATECH-Barriere-PASTEL-600x600.jpg\" data-srcset=\"https:\/\/www.atech-sas.com\/wp-content\/uploads\/2021\/02\/ATECH-Barriere-PASTEL-600x600.jpg 600w, https:\/\/www.atech-sas.com\/wp-content\/uploads\/2021\/02\/ATECH-Barriere-PASTEL-150x150.jpg 150w, https:\/\/www.atech-sas.com\/wp-content\/uploads\/2021\/02\/ATECH-Barriere-PASTEL-300x300.jpg 300w, https:\/\/www.atech-sas.com\/wp-content\/uploads\/2021\/02\/ATECH-Barriere-PASTEL-1024x1024.jpg 1024w, https:\/\/www.atech-sas.com\/wp-content\/uploads\/2021\/02\/ATECH-Barriere-PASTEL-768x768.jpg 768w, https:\/\/www.atech-sas.com\/wp-content\/uploads\/2021\/02\/ATECH-Barriere-PASTEL.jpg 1080w\" \/>\t\t\t\t<\/a>\n\t\t\t<\/div>\n\t\t\t\t\t<div class=\"wrapp-swatches\"><\/div>\n\t<\/div>\n\n\t<div class=\"product-element-bottom product-information\">\n\t\t<h3 class=\"wd-entities-title\"><a href=\"https:\/\/www.atech-sas.com\/de\/produkt\/stadtzaun-pastel\/\">Stadtzaun &#8211; PASTEL<\/a><\/h3>\t\t\t\t<div class=\"product-rating-price\">\n\t\t\t<div class=\"wrapp-product-price\">\n\t\t\t\t\t\t\t\t\n\t<span class=\"price\"><span class=\"woocommerce-Price-amount amount\" aria-hidden=\"true\"><bdi>744,00<span class=\"woocommerce-Price-currencySymbol\">&euro;<\/span><\/bdi><\/span> <span aria-hidden=\"true\"> \u2013 <\/span> <span class=\"woocommerce-Price-amount amount\" aria-hidden=\"true\"><bdi>816,00<span class=\"woocommerce-Price-currencySymbol\">&euro;<\/span><\/bdi><\/span><span class=\"screen-reader-text\">Preisspanne: 744,00&euro; bis 816,00&euro;<\/span> <small class=\"woocommerce-price-suffix\">inkl. MwSt<\/small><\/span>\n\t\t\t<\/div>\n\t\t<\/div>\n\t\t<div class=\"fade-in-block\">\n\t\t\t<div class=\"hover-content wd-more-desc\">\n\t\t\t\t<div class=\"hover-content-inner wd-more-desc-inner\">\n\t\t\t\t\tEine neue farbenfrohe Bereicherung im Stadtraum, die Stadtschranke PASTEL aus Stahl, ideal f\u00fcr die Belebung des \u00f6ffentlichen Raums.\t\t\t\t<\/div>\n\t\t\t\t<a href=\"#\" rel=\"nofollow\" class=\"wd-more-desc-btn\" aria-label=\"Read more description\"><span><\/span><\/a>\n\t\t\t<\/div>\n\t\t\t<div class=\" wd-buttons wd-pos-r-t\">\n\t\t\t\t<div class=\"wrap-wishlist-button\">\t\t\t<div class=\"wd-wishlist-btn wd-action-btn wd-style-icon wd-wishlist-icon\">\n\t\t\t\t<span class=\" bm-obfuscation\" data-variables=\"aHR0cHM6Ly93d3cuYXRlY2gtc2FzLmNvbS9kZS93dW5zY2h6ZXR0ZWwv\" data-key=\"4e608999d7\" data-product-id=\"39507\" rel=\"nofollow\" data-added-text=\"Wunschliste durchsuchen\">\n\t\t\t\t\t<span>Zur Wunschliste hinzuf\u00fcgen<\/span>\n\t\t\t\t<\/span>\n\t\t\t<\/div>\n\t\t<\/div>\n\t\t\t\t<div class=\"wd-add-btn wd-action-btn wd-style-icon wd-add-cart-icon\">\n\t\t\t\t\t<a href=\"https:\/\/www.atech-sas.com\/de\/produkt\/stadtzaun-pastel\/\" data-quantity=\"1\" class=\"button product_type_variable add_to_cart_button add-to-cart-loop\" data-product_id=\"39507\" data-product_sku=\"0100059\" aria-label=\"W\u00e4hle Optionen f\u00fcr \u201eStadtzaun - PASTEL\u201c\" rel=\"nofollow\"><span>Ausf\u00fchrung w\u00e4hlen<\/span><\/a>\t\t\t\t\t<span class=\"gtm4wp_productdata\" style=\"display:none; visibility:hidden;\" data-gtm4wp_product_data=\"{&quot;internal_id&quot;:39507,&quot;item_id&quot;:39507,&quot;item_name&quot;:&quot;Stadtzaun - PASTEL&quot;,&quot;sku&quot;:&quot;0100059&quot;,&quot;price&quot;:744,&quot;stocklevel&quot;:null,&quot;stockstatus&quot;:&quot;instock&quot;,&quot;google_business_vertical&quot;:&quot;retail&quot;,&quot;item_category&quot;:&quot;Gel\\u00e4nder&quot;,&quot;id&quot;:39507,&quot;productlink&quot;:&quot;https:\\\/\\\/www.atech-sas.com\\\/de\\\/produkt\\\/stadtzaun-pastel\\\/&quot;,&quot;item_list_name&quot;:&quot;General Product List&quot;,&quot;index&quot;:10,&quot;product_type&quot;:&quot;variable&quot;,&quot;item_brand&quot;:&quot;&quot;}\"><\/span>\t\t\t\t<\/div>\n\t\t\t\t<div class=\"wrap-quickview-button\">\t\t<div class=\"quick-view wd-action-btn wd-style-icon wd-quick-view-icon\">\n\t\t\t<a\n\t\t\t\thref=\"https:\/\/www.atech-sas.com\/de\/produkt\/stadtzaun-pastel\/\"\n\t\t\t\tclass=\"open-quick-view quick-view-button\"\n\t\t\t\trel=\"nofollow\"\n\t\t\t\tdata-id=\"39507\">Quick view<\/a>\n\t\t<\/div>\n\t\t<\/div>\n\t\t\t<\/div>\n\n\n\t\t\t\t\t\t\n\t\t\t\t\t<\/div>\n\t<\/div>\n<\/div>\n<\/div>\r\n\t\t\t\t\t\n\t\t<\/div>\n\t\t\t\t<div class=\"slide-product owl-carousel-item\">\n\t\t\t\n\t\t\t\t\t\t\t\t\t\t\t<div class=\"product-grid-item product product-no-swatches wd-hover-base wd-hover-with-fade wd-fade-off type-product post-39658 status-publish instock product_cat-stilpoller product_cat-stahl-de has-post-thumbnail taxable shipping-taxable purchasable product-type-variable has-default-attributes\" data-loop=\"10\" data-id=\"39658\">\r\n\t\r\n\t\n<div class=\"product-wrapper\">\n\t<div class=\"content-product-imagin\"><\/div>\n\t<div class=\"product-element-top wd-quick-shop\">\n\t\t<a href=\"https:\/\/www.atech-sas.com\/de\/produkt\/pfosten-pastel\/\" class=\"product-image-link\">\n\t\t\t<img decoding=\"async\" width=\"600\" height=\"600\" src=\"data:image\/jpg;base64,\/9j\/4AAQSkZJRgABAQAAAQABAAD\/\/gAfQ29tcHJlc3NlZCBieSBqcGVnLXJlY29tcHJlc3P\/2wBDAAYEBAUEBAYFBQUGBgYHCQ4JCQgICRINDQoOFRIWFhUSFBQXGiEcFxgfGRQUHScdHyIjJSUlFhwpLCgkKyEkJST\/2wBDAQYGBgkICREJCREkGBQYJCQkJCQkJCQkJCQkJCQkJCQkJCQkJCQkJCQkJCQkJCQkJCQkJCQkJCQkJCQkJCQkJCT\/wAARCAAKAAoDASIAAhEBAxEB\/8QAFgABAQEAAAAAAAAAAAAAAAAABQQI\/8QAIBAAAgEEAQUAAAAAAAAAAAAAAQIFAAMEETESFCEjwf\/EABQBAQAAAAAAAAAAAAAAAAAAAAD\/xAAUEQEAAAAAAAAAAAAAAAAAAAAA\/9oADAMBAAIRAxEAPwDTOdInFkY7EA33dy4hOuOlC3yr6OkEVpSLZlUsty4VJHkes8UjQf\/Z\" class=\"attachment-woocommerce_thumbnail size-woocommerce_thumbnail wd-lazy-load wd-lazy-fade\" alt=\"ATECH-PASTEL-Pfosten\" srcset=\"\" sizes=\"(max-width: 600px) 100vw, 600px\" data-wood-src=\"https:\/\/www.atech-sas.com\/wp-content\/uploads\/2021\/02\/ATECH-Potelet-PASTEL-600x600.jpg\" data-srcset=\"https:\/\/www.atech-sas.com\/wp-content\/uploads\/2021\/02\/ATECH-Potelet-PASTEL-600x600.jpg 600w, https:\/\/www.atech-sas.com\/wp-content\/uploads\/2021\/02\/ATECH-Potelet-PASTEL-150x150.jpg 150w, https:\/\/www.atech-sas.com\/wp-content\/uploads\/2021\/02\/ATECH-Potelet-PASTEL-300x300.jpg 300w, https:\/\/www.atech-sas.com\/wp-content\/uploads\/2021\/02\/ATECH-Potelet-PASTEL-1024x1024.jpg 1024w, https:\/\/www.atech-sas.com\/wp-content\/uploads\/2021\/02\/ATECH-Potelet-PASTEL-768x768.jpg 768w, https:\/\/www.atech-sas.com\/wp-content\/uploads\/2021\/02\/ATECH-Potelet-PASTEL.jpg 1080w\" \/>\t\t<\/a>\n\t\t\t\t\t<div class=\"hover-img\">\n\t\t\t\t<a href=\"https:\/\/www.atech-sas.com\/de\/produkt\/pfosten-pastel\/\">\n\t\t\t\t\t<img decoding=\"async\" width=\"600\" height=\"600\" src=\"data:image\/jpg;base64,\/9j\/4AAQSkZJRgABAQAAAQABAAD\/\/gAfQ29tcHJlc3NlZCBieSBqcGVnLXJlY29tcHJlc3P\/2wBDAAYEBAUEBAYFBQUGBgYHCQ4JCQgICRINDQoOFRIWFhUSFBQXGiEcFxgfGRQUHScdHyIjJSUlFhwpLCgkKyEkJST\/2wBDAQYGBgkICREJCREkGBQYJCQkJCQkJCQkJCQkJCQkJCQkJCQkJCQkJCQkJCQkJCQkJCQkJCQkJCQkJCQkJCQkJCT\/wAARCAAKAAoDASIAAhEBAxEB\/8QAFgABAQEAAAAAAAAAAAAAAAAABQED\/8QAJRAAAQMEAQIHAAAAAAAAAAAAAQIDBAAFESEGEjETJEFRYZLh\/8QAFQEBAQAAAAAAAAAAAAAAAAAAAgP\/xAAXEQADAQAAAAAAAAAAAAAAAAAAAjEi\/9oADAMBAAIRAxEAPwBmzccvLK40uOq0NgslnwVJJOj1ElXvn4rBXC70STiEd+if2kpDi22ovQtSe50cbx3qGdLJPmX\/ALmpLmDp\/9k=\" class=\"attachment-woocommerce_thumbnail size-woocommerce_thumbnail wd-lazy-load wd-lazy-fade\" alt=\"ATECH-PASTEL-Pfosten\" srcset=\"\" sizes=\"(max-width: 600px) 100vw, 600px\" data-wood-src=\"https:\/\/www.atech-sas.com\/wp-content\/uploads\/2021\/02\/ATECH-Potelet-PASTEL-1-600x600.jpg\" data-srcset=\"https:\/\/www.atech-sas.com\/wp-content\/uploads\/2021\/02\/ATECH-Potelet-PASTEL-1-600x600.jpg 600w, https:\/\/www.atech-sas.com\/wp-content\/uploads\/2021\/02\/ATECH-Potelet-PASTEL-1-150x150.jpg 150w, https:\/\/www.atech-sas.com\/wp-content\/uploads\/2021\/02\/ATECH-Potelet-PASTEL-1-300x300.jpg 300w, https:\/\/www.atech-sas.com\/wp-content\/uploads\/2021\/02\/ATECH-Potelet-PASTEL-1-1024x1024.jpg 1024w, https:\/\/www.atech-sas.com\/wp-content\/uploads\/2021\/02\/ATECH-Potelet-PASTEL-1-768x768.jpg 768w, https:\/\/www.atech-sas.com\/wp-content\/uploads\/2021\/02\/ATECH-Potelet-PASTEL-1.jpg 1080w\" \/>\t\t\t\t<\/a>\n\t\t\t<\/div>\n\t\t\t\t\t<div class=\"wrapp-swatches\"><\/div>\n\t<\/div>\n\n\t<div class=\"product-element-bottom product-information\">\n\t\t<h3 class=\"wd-entities-title\"><a href=\"https:\/\/www.atech-sas.com\/de\/produkt\/pfosten-pastel\/\">Pfosten &#8211; PASTEL<\/a><\/h3>\t\t\t\t<div class=\"product-rating-price\">\n\t\t\t<div class=\"wrapp-product-price\">\n\t\t\t\t\t\t\t\t\n\t<span class=\"price\"><span class=\"woocommerce-Price-amount amount\" aria-hidden=\"true\"><bdi>228,00<span class=\"woocommerce-Price-currencySymbol\">&euro;<\/span><\/bdi><\/span> <span aria-hidden=\"true\"> \u2013 <\/span> <span class=\"woocommerce-Price-amount amount\" aria-hidden=\"true\"><bdi>336,00<span class=\"woocommerce-Price-currencySymbol\">&euro;<\/span><\/bdi><\/span><span class=\"screen-reader-text\">Preisspanne: 228,00&euro; bis 336,00&euro;<\/span> <small class=\"woocommerce-price-suffix\">inkl. MwSt<\/small><\/span>\n\t\t\t<\/div>\n\t\t<\/div>\n\t\t<div class=\"fade-in-block\">\n\t\t\t<div class=\"hover-content wd-more-desc\">\n\t\t\t\t<div class=\"hover-content-inner wd-more-desc-inner\">\n\t\t\t\t\tDer Pfosten PASTEL ist aus Stahl gefertigt und mit einem mehrfarbigen Oberteil ausgestattet. Es wird perfekt in der N\u00e4he einer Schule sein.\t\t\t\t<\/div>\n\t\t\t\t<a href=\"#\" rel=\"nofollow\" class=\"wd-more-desc-btn\" aria-label=\"Read more description\"><span><\/span><\/a>\n\t\t\t<\/div>\n\t\t\t<div class=\" wd-buttons wd-pos-r-t\">\n\t\t\t\t<div class=\"wrap-wishlist-button\">\t\t\t<div class=\"wd-wishlist-btn wd-action-btn wd-style-icon wd-wishlist-icon\">\n\t\t\t\t<span class=\" bm-obfuscation\" data-variables=\"aHR0cHM6Ly93d3cuYXRlY2gtc2FzLmNvbS9kZS93dW5zY2h6ZXR0ZWwv\" data-key=\"4e608999d7\" data-product-id=\"39658\" rel=\"nofollow\" data-added-text=\"Wunschliste durchsuchen\">\n\t\t\t\t\t<span>Zur Wunschliste hinzuf\u00fcgen<\/span>\n\t\t\t\t<\/span>\n\t\t\t<\/div>\n\t\t<\/div>\n\t\t\t\t<div class=\"wd-add-btn wd-action-btn wd-style-icon wd-add-cart-icon\">\n\t\t\t\t\t<a href=\"https:\/\/www.atech-sas.com\/de\/produkt\/pfosten-pastel\/\" data-quantity=\"1\" class=\"button product_type_variable add_to_cart_button add-to-cart-loop\" data-product_id=\"39658\" data-product_sku=\"0100058\" aria-label=\"W\u00e4hle Optionen f\u00fcr \u201ePfosten - PASTEL\u201c\" rel=\"nofollow\"><span>Ausf\u00fchrung w\u00e4hlen<\/span><\/a>\t\t\t\t\t<span class=\"gtm4wp_productdata\" style=\"display:none; visibility:hidden;\" data-gtm4wp_product_data=\"{&quot;internal_id&quot;:39658,&quot;item_id&quot;:39658,&quot;item_name&quot;:&quot;Pfosten - PASTEL&quot;,&quot;sku&quot;:&quot;0100058&quot;,&quot;price&quot;:228,&quot;stocklevel&quot;:null,&quot;stockstatus&quot;:&quot;instock&quot;,&quot;google_business_vertical&quot;:&quot;retail&quot;,&quot;item_category&quot;:&quot;Poller&quot;,&quot;id&quot;:39658,&quot;productlink&quot;:&quot;https:\\\/\\\/www.atech-sas.com\\\/de\\\/produkt\\\/pfosten-pastel\\\/&quot;,&quot;item_list_name&quot;:&quot;General Product List&quot;,&quot;index&quot;:11,&quot;product_type&quot;:&quot;variable&quot;,&quot;item_brand&quot;:&quot;&quot;}\"><\/span>\t\t\t\t<\/div>\n\t\t\t\t<div class=\"wrap-quickview-button\">\t\t<div class=\"quick-view wd-action-btn wd-style-icon wd-quick-view-icon\">\n\t\t\t<a\n\t\t\t\thref=\"https:\/\/www.atech-sas.com\/de\/produkt\/pfosten-pastel\/\"\n\t\t\t\tclass=\"open-quick-view quick-view-button\"\n\t\t\t\trel=\"nofollow\"\n\t\t\t\tdata-id=\"39658\">Quick view<\/a>\n\t\t<\/div>\n\t\t<\/div>\n\t\t\t<\/div>\n\n\n\t\t\t\t\t\t\n\t\t\t\t\t<\/div>\n\t<\/div>\n<\/div>\n<\/div>\r\n\t\t\t\t\t\n\t\t<\/div>\n\t\t\t\t<div class=\"slide-product owl-carousel-item\">\n\t\t\t\n\t\t\t\t\t\t\t\t\t\t\t<div class=\"product-grid-item product product-no-swatches wd-hover-base wd-hover-with-fade wd-fade-off type-product post-39365 status-publish last instock product_cat-fahrrad product_cat-stahl-de has-post-thumbnail taxable shipping-taxable purchasable product-type-variable has-default-attributes\" data-loop=\"11\" data-id=\"39365\">\r\n\t\r\n\t\n<div class=\"product-wrapper\">\n\t<div class=\"content-product-imagin\"><\/div>\n\t<div class=\"product-element-top wd-quick-shop\">\n\t\t<a href=\"https:\/\/www.atech-sas.com\/de\/produkt\/stadtfahrradstaender-pastel\/\" class=\"product-image-link\">\n\t\t\t<img decoding=\"async\" width=\"600\" height=\"600\" src=\"data:image\/jpg;base64,\/9j\/4AAQSkZJRgABAQAAAQABAAD\/\/gAfQ29tcHJlc3NlZCBieSBqcGVnLXJlY29tcHJlc3P\/2wBDAAYEBAUEBAYFBQUGBgYHCQ4JCQgICRINDQoOFRIWFhUSFBQXGiEcFxgfGRQUHScdHyIjJSUlFhwpLCgkKyEkJST\/2wBDAQYGBgkICREJCREkGBQYJCQkJCQkJCQkJCQkJCQkJCQkJCQkJCQkJCQkJCQkJCQkJCQkJCQkJCQkJCQkJCQkJCT\/wAARCAAKAAoDASIAAhEBAxEB\/8QAFQABAQAAAAAAAAAAAAAAAAAABAj\/xAAfEAACAgIBBQAAAAAAAAAAAAABAgMEABESBTEyQdH\/xAAUAQEAAAAAAAAAAAAAAAAAAAAA\/8QAFBEBAAAAAAAAAAAAAAAAAAAAAP\/aAAwDAQACEQMRAD8Apyxcli6lUrKitHMkhY+xx4\/cZhpVU36zEDYSTR128cTgf\/\/Z\" class=\"attachment-woocommerce_thumbnail size-woocommerce_thumbnail wd-lazy-load wd-lazy-fade\" alt=\"ATECH-PASTEL-Stadtfahrradstaender\" srcset=\"\" sizes=\"(max-width: 600px) 100vw, 600px\" data-wood-src=\"https:\/\/www.atech-sas.com\/wp-content\/uploads\/2021\/02\/ATECH-Support-velo-PASTEL-1-600x600.jpg\" data-srcset=\"https:\/\/www.atech-sas.com\/wp-content\/uploads\/2021\/02\/ATECH-Support-velo-PASTEL-1-600x600.jpg 600w, https:\/\/www.atech-sas.com\/wp-content\/uploads\/2021\/02\/ATECH-Support-velo-PASTEL-1-150x150.jpg 150w, https:\/\/www.atech-sas.com\/wp-content\/uploads\/2021\/02\/ATECH-Support-velo-PASTEL-1-300x300.jpg 300w, https:\/\/www.atech-sas.com\/wp-content\/uploads\/2021\/02\/ATECH-Support-velo-PASTEL-1-1024x1024.jpg 1024w, https:\/\/www.atech-sas.com\/wp-content\/uploads\/2021\/02\/ATECH-Support-velo-PASTEL-1-768x768.jpg 768w, https:\/\/www.atech-sas.com\/wp-content\/uploads\/2021\/02\/ATECH-Support-velo-PASTEL-1.jpg 1080w\" \/>\t\t<\/a>\n\t\t\t\t\t<div class=\"hover-img\">\n\t\t\t\t<a href=\"https:\/\/www.atech-sas.com\/de\/produkt\/stadtfahrradstaender-pastel\/\">\n\t\t\t\t\t<img decoding=\"async\" width=\"600\" height=\"600\" src=\"data:image\/jpg;base64,\/9j\/4AAQSkZJRgABAQAAAQABAAD\/\/gAfQ29tcHJlc3NlZCBieSBqcGVnLXJlY29tcHJlc3P\/2wBDAAYEBAUEBAYFBQUGBgYHCQ4JCQgICRINDQoOFRIWFhUSFBQXGiEcFxgfGRQUHScdHyIjJSUlFhwpLCgkKyEkJST\/2wBDAQYGBgkICREJCREkGBQYJCQkJCQkJCQkJCQkJCQkJCQkJCQkJCQkJCQkJCQkJCQkJCQkJCQkJCQkJCQkJCQkJCT\/wAARCAAKAAoDASIAAhEBAxEB\/8QAFQABAQAAAAAAAAAAAAAAAAAABAf\/xAAmEAACAQIFAgcAAAAAAAAAAAABAgMABAUREiEiBjEVI0FSYpHR\/8QAFQEBAQAAAAAAAAAAAAAAAAAAAAL\/xAAYEQEBAAMAAAAAAAAAAAAAAAABAAIRIf\/aAAwDAQACEQMRAD8AP0\/c4hdrc2cGHmWKU+ZHI7sNsvXP5VQrfxSOCNAUTSoGkXD8du3eiWiiJNKAIpOZC7A8V\/KWGb3H7qTACAnN3\/\/Z\" class=\"attachment-woocommerce_thumbnail size-woocommerce_thumbnail wd-lazy-load wd-lazy-fade\" alt=\"ATECH-PASTEL-Stadtfahrradstaender\" srcset=\"\" sizes=\"(max-width: 600px) 100vw, 600px\" data-wood-src=\"https:\/\/www.atech-sas.com\/wp-content\/uploads\/2021\/02\/ATECH-Support-velo-PASTEL-600x600.jpg\" data-srcset=\"https:\/\/www.atech-sas.com\/wp-content\/uploads\/2021\/02\/ATECH-Support-velo-PASTEL-600x600.jpg 600w, https:\/\/www.atech-sas.com\/wp-content\/uploads\/2021\/02\/ATECH-Support-velo-PASTEL-150x150.jpg 150w, https:\/\/www.atech-sas.com\/wp-content\/uploads\/2021\/02\/ATECH-Support-velo-PASTEL-300x300.jpg 300w, https:\/\/www.atech-sas.com\/wp-content\/uploads\/2021\/02\/ATECH-Support-velo-PASTEL-1024x1024.jpg 1024w, https:\/\/www.atech-sas.com\/wp-content\/uploads\/2021\/02\/ATECH-Support-velo-PASTEL-768x768.jpg 768w, https:\/\/www.atech-sas.com\/wp-content\/uploads\/2021\/02\/ATECH-Support-velo-PASTEL.jpg 1080w\" \/>\t\t\t\t<\/a>\n\t\t\t<\/div>\n\t\t\t\t\t<div class=\"wrapp-swatches\"><\/div>\n\t<\/div>\n\n\t<div class=\"product-element-bottom product-information\">\n\t\t<h3 class=\"wd-entities-title\"><a href=\"https:\/\/www.atech-sas.com\/de\/produkt\/stadtfahrradstaender-pastel\/\">Stadtfahrradst\u00e4nder &#8211; PASTEL<\/a><\/h3>\t\t\t\t<div class=\"product-rating-price\">\n\t\t\t<div class=\"wrapp-product-price\">\n\t\t\t\t\t\t\t\t\n\t<span class=\"price\"><span class=\"woocommerce-Price-amount amount\" aria-hidden=\"true\"><bdi>270,00<span class=\"woocommerce-Price-currencySymbol\">&euro;<\/span><\/bdi><\/span> <span aria-hidden=\"true\"> \u2013 <\/span> <span class=\"woocommerce-Price-amount amount\" aria-hidden=\"true\"><bdi>306,00<span class=\"woocommerce-Price-currencySymbol\">&euro;<\/span><\/bdi><\/span><span class=\"screen-reader-text\">Preisspanne: 270,00&euro; bis 306,00&euro;<\/span> <small class=\"woocommerce-price-suffix\">inkl. MwSt<\/small><\/span>\n\t\t\t<\/div>\n\t\t<\/div>\n\t\t<div class=\"fade-in-block\">\n\t\t\t<div class=\"hover-content wd-more-desc\">\n\t\t\t\t<div class=\"hover-content-inner wd-more-desc-inner\">\n\t\t\t\t\tW\u00e4hlen Sie unseren mehrfarbigen Fahrradst\u00e4nder aus der PASTEL-Reihe. Farbig und in ein- oder zweifarbiger Ausf\u00fchrung erh\u00e4ltlich, garantiert er \u00c4sthetik.\t\t\t\t<\/div>\n\t\t\t\t<a href=\"#\" rel=\"nofollow\" class=\"wd-more-desc-btn\" aria-label=\"Read more description\"><span><\/span><\/a>\n\t\t\t<\/div>\n\t\t\t<div class=\" wd-buttons wd-pos-r-t\">\n\t\t\t\t<div class=\"wrap-wishlist-button\">\t\t\t<div class=\"wd-wishlist-btn wd-action-btn wd-style-icon wd-wishlist-icon\">\n\t\t\t\t<span class=\" bm-obfuscation\" data-variables=\"aHR0cHM6Ly93d3cuYXRlY2gtc2FzLmNvbS9kZS93dW5zY2h6ZXR0ZWwv\" data-key=\"4e608999d7\" data-product-id=\"39365\" rel=\"nofollow\" data-added-text=\"Wunschliste durchsuchen\">\n\t\t\t\t\t<span>Zur Wunschliste hinzuf\u00fcgen<\/span>\n\t\t\t\t<\/span>\n\t\t\t<\/div>\n\t\t<\/div>\n\t\t\t\t<div class=\"wd-add-btn wd-action-btn wd-style-icon wd-add-cart-icon\">\n\t\t\t\t\t<a href=\"https:\/\/www.atech-sas.com\/de\/produkt\/stadtfahrradstaender-pastel\/\" data-quantity=\"1\" class=\"button product_type_variable add_to_cart_button add-to-cart-loop\" data-product_id=\"39365\" data-product_sku=\"0100060\" aria-label=\"W\u00e4hle Optionen f\u00fcr \u201eStadtfahrradst\u00e4nder - PASTEL\u201c\" rel=\"nofollow\"><span>Ausf\u00fchrung w\u00e4hlen<\/span><\/a>\t\t\t\t\t<span class=\"gtm4wp_productdata\" style=\"display:none; visibility:hidden;\" data-gtm4wp_product_data=\"{&quot;internal_id&quot;:39365,&quot;item_id&quot;:39365,&quot;item_name&quot;:&quot;Stadtfahrradst\\u00e4nder - PASTEL&quot;,&quot;sku&quot;:&quot;0100060&quot;,&quot;price&quot;:270,&quot;stocklevel&quot;:null,&quot;stockstatus&quot;:&quot;instock&quot;,&quot;google_business_vertical&quot;:&quot;retail&quot;,&quot;item_category&quot;:&quot;Fahrrad&quot;,&quot;id&quot;:39365,&quot;productlink&quot;:&quot;https:\\\/\\\/www.atech-sas.com\\\/de\\\/produkt\\\/stadtfahrradstaender-pastel\\\/&quot;,&quot;item_list_name&quot;:&quot;General Product List&quot;,&quot;index&quot;:12,&quot;product_type&quot;:&quot;variable&quot;,&quot;item_brand&quot;:&quot;&quot;}\"><\/span>\t\t\t\t<\/div>\n\t\t\t\t<div class=\"wrap-quickview-button\">\t\t<div class=\"quick-view wd-action-btn wd-style-icon wd-quick-view-icon\">\n\t\t\t<a\n\t\t\t\thref=\"https:\/\/www.atech-sas.com\/de\/produkt\/stadtfahrradstaender-pastel\/\"\n\t\t\t\tclass=\"open-quick-view quick-view-button\"\n\t\t\t\trel=\"nofollow\"\n\t\t\t\tdata-id=\"39365\">Quick view<\/a>\n\t\t<\/div>\n\t\t<\/div>\n\t\t\t<\/div>\n\n\n\t\t\t\t\t\t\n\t\t\t\t\t<\/div>\n\t<\/div>\n<\/div>\n<\/div>\r\n\t\t\t\t\t\n\t\t<\/div>\n\t\t\t\t\t\t\n\t\t\t\t<\/div> <!-- end product-items -->\n\t\t\t<\/div> <!-- end #carousel-725 -->\n\t\t\t\n\t\t\t\r\n\t\t\t<\/div>\r\n\t\t\t[\/vc_column][\/vc_row][vc_row][vc_column][\/vc_column][\/vc_row]<\/p>\n<\/div>","protected":false},"excerpt":{"rendered":"<p>[vc_row][vc_column][\/vc_column][\/vc_row][vc_row equal_height=&#8221;yes&#8221; content_placement=&#8221;top&#8221; css=&#8221;.vc_custom_1494415255420{margin-bottom: 5vh !important;}&#8221;][vc_column css=&#8221;.vc_custom_1499847091930{margin-bottom: 30px !important;}&#8221; offset=&#8221;vc_col-lg-8 vc_col-md-12&#8243;][\/vc_column][vc_column woodmart_sticky_column=&#8221;true&#8221; css=&#8221;.vc_custom_1499847110653{margin-right: 5px !important;margin-bottom: 48px !important;margin-left: 5px !important;}&#8221; offset=&#8221;vc_col-lg-4<\/p>\n","protected":false},"featured_media":40230,"menu_order":0,"comment_status":"open","ping_status":"closed","template":"","project-cat":[2173],"class_list":["post-85069","portfolio","type-portfolio","status-publish","has-post-thumbnail","hentry","project-cat-kollektionen"],"yoast_head":"<!-- This site is optimized with the Yoast SEO plugin v27.4 - https:\/\/yoast.com\/product\/yoast-seo-wordpress\/ -->\n<title>Gestaltung von Stra\u00dfenr\u00e4ndern - ATECH<\/title>\n<meta name=\"robots\" content=\"index, follow, max-snippet:-1, max-image-preview:large, max-video-preview:-1\" \/>\n<link rel=\"canonical\" href=\"https:\/\/www.atech-sas.com\/de\/inspirationen\/gestaltung-von-strassenraendern\/\" \/>\n<meta property=\"og:locale\" content=\"de_DE\" \/>\n<meta property=\"og:type\" content=\"article\" \/>\n<meta property=\"og:title\" content=\"Gestaltung von Stra\u00dfenr\u00e4ndern - ATECH\" \/>\n<meta property=\"og:description\" content=\"[vc_row][vc_column][\/vc_column][\/vc_row][vc_row equal_height=&#8221;yes&#8221; content_placement=&#8221;top&#8221; css=&#8221;.vc_custom_1494415255420{margin-bottom: 5vh !important;}&#8221;][vc_column css=&#8221;.vc_custom_1499847091930{margin-bottom: 30px !important;}&#8221; offset=&#8221;vc_col-lg-8 vc_col-md-12&#8243;][\/vc_column][vc_column woodmart_sticky_column=&#8221;true&#8221; css=&#8221;.vc_custom_1499847110653{margin-right: 5px !important;margin-bottom: 48px !important;margin-left: 5px !important;}&#8221; offset=&#8221;vc_col-lg-4\" \/>\n<meta property=\"og:url\" content=\"https:\/\/www.atech-sas.com\/de\/inspirationen\/gestaltung-von-strassenraendern\/\" \/>\n<meta property=\"og:site_name\" content=\"ATECH\" \/>\n<meta property=\"article:publisher\" content=\"https:\/\/www.facebook.com\/atechsasfr\" \/>\n<meta property=\"og:image\" content=\"https:\/\/www.atech-sas.com\/wp-content\/uploads\/2021\/06\/amenagement-voirie-mobilier-urbain-barrieres-atech-pastel.jpg\" \/>\n\t<meta property=\"og:image:width\" content=\"1200\" \/>\n\t<meta property=\"og:image:height\" content=\"1200\" \/>\n\t<meta property=\"og:image:type\" content=\"image\/jpeg\" \/>\n<meta name=\"twitter:card\" content=\"summary_large_image\" \/>\n<meta name=\"twitter:label1\" content=\"Gesch\u00e4tzte Lesezeit\" \/>\n\t<meta name=\"twitter:data1\" content=\"5\u00a0Minuten\" \/>\n<script type=\"application\/ld+json\" class=\"yoast-schema-graph\">{\"@context\":\"https:\\\/\\\/schema.org\",\"@graph\":[{\"@type\":\"WebPage\",\"@id\":\"https:\\\/\\\/www.atech-sas.com\\\/de\\\/inspirationen\\\/gestaltung-von-strassenraendern\\\/\",\"url\":\"https:\\\/\\\/www.atech-sas.com\\\/de\\\/inspirationen\\\/gestaltung-von-strassenraendern\\\/\",\"name\":\"Gestaltung von Stra\u00dfenr\u00e4ndern - ATECH\",\"isPartOf\":{\"@id\":\"https:\\\/\\\/www.atech-sas.com\\\/de\\\/#website\"},\"primaryImageOfPage\":{\"@id\":\"https:\\\/\\\/www.atech-sas.com\\\/de\\\/inspirationen\\\/gestaltung-von-strassenraendern\\\/#primaryimage\"},\"image\":{\"@id\":\"https:\\\/\\\/www.atech-sas.com\\\/de\\\/inspirationen\\\/gestaltung-von-strassenraendern\\\/#primaryimage\"},\"thumbnailUrl\":\"https:\\\/\\\/www.atech-sas.com\\\/wp-content\\\/uploads\\\/2021\\\/06\\\/amenagement-voirie-mobilier-urbain-barrieres-atech-pastel.jpg\",\"datePublished\":\"2025-06-03T12:23:31+00:00\",\"breadcrumb\":{\"@id\":\"https:\\\/\\\/www.atech-sas.com\\\/de\\\/inspirationen\\\/gestaltung-von-strassenraendern\\\/#breadcrumb\"},\"inLanguage\":\"de\",\"potentialAction\":[{\"@type\":\"ReadAction\",\"target\":[\"https:\\\/\\\/www.atech-sas.com\\\/de\\\/inspirationen\\\/gestaltung-von-strassenraendern\\\/\"]}]},{\"@type\":\"ImageObject\",\"inLanguage\":\"de\",\"@id\":\"https:\\\/\\\/www.atech-sas.com\\\/de\\\/inspirationen\\\/gestaltung-von-strassenraendern\\\/#primaryimage\",\"url\":\"https:\\\/\\\/www.atech-sas.com\\\/wp-content\\\/uploads\\\/2021\\\/06\\\/amenagement-voirie-mobilier-urbain-barrieres-atech-pastel.jpg\",\"contentUrl\":\"https:\\\/\\\/www.atech-sas.com\\\/wp-content\\\/uploads\\\/2021\\\/06\\\/amenagement-voirie-mobilier-urbain-barrieres-atech-pastel.jpg\",\"width\":1200,\"height\":1200,\"caption\":\"stra\u00dfenrandgestaltung-stadtschranke-atech-pastel\"},{\"@type\":\"BreadcrumbList\",\"@id\":\"https:\\\/\\\/www.atech-sas.com\\\/de\\\/inspirationen\\\/gestaltung-von-strassenraendern\\\/#breadcrumb\",\"itemListElement\":[{\"@type\":\"ListItem\",\"position\":1,\"name\":\"Startseite\",\"item\":\"https:\\\/\\\/www.atech-sas.com\\\/de\\\/\"},{\"@type\":\"ListItem\",\"position\":2,\"name\":\"Inspirationen\",\"item\":\"https:\\\/\\\/www.atech-sas.com\\\/de\\\/inspirationen\\\/\"},{\"@type\":\"ListItem\",\"position\":3,\"name\":\"Gestaltung von Stra\u00dfenr\u00e4ndern\"}]},{\"@type\":\"WebSite\",\"@id\":\"https:\\\/\\\/www.atech-sas.com\\\/de\\\/#website\",\"url\":\"https:\\\/\\\/www.atech-sas.com\\\/de\\\/\",\"name\":\"Atech-sas\",\"description\":\"Mobilier urbain\",\"publisher\":{\"@id\":\"https:\\\/\\\/www.atech-sas.com\\\/de\\\/#organization\"},\"potentialAction\":[{\"@type\":\"SearchAction\",\"target\":{\"@type\":\"EntryPoint\",\"urlTemplate\":\"https:\\\/\\\/www.atech-sas.com\\\/de\\\/?s={search_term_string}\"},\"query-input\":{\"@type\":\"PropertyValueSpecification\",\"valueRequired\":true,\"valueName\":\"search_term_string\"}}],\"inLanguage\":\"de\"},{\"@type\":\"Organization\",\"@id\":\"https:\\\/\\\/www.atech-sas.com\\\/de\\\/#organization\",\"name\":\"Atech-sas\",\"url\":\"https:\\\/\\\/www.atech-sas.com\\\/de\\\/\",\"logo\":{\"@type\":\"ImageObject\",\"inLanguage\":\"de\",\"@id\":\"https:\\\/\\\/www.atech-sas.com\\\/de\\\/#\\\/schema\\\/logo\\\/image\\\/\",\"url\":\"https:\\\/\\\/www.atech-sas.com\\\/wp-content\\\/uploads\\\/2021\\\/01\\\/ATECH_logo.svg\",\"contentUrl\":\"https:\\\/\\\/www.atech-sas.com\\\/wp-content\\\/uploads\\\/2021\\\/01\\\/ATECH_logo.svg\",\"width\":640,\"height\":217,\"caption\":\"Atech-sas\"},\"image\":{\"@id\":\"https:\\\/\\\/www.atech-sas.com\\\/de\\\/#\\\/schema\\\/logo\\\/image\\\/\"},\"sameAs\":[\"https:\\\/\\\/www.facebook.com\\\/atechsasfr\",\"https:\\\/\\\/www.instagram.com\\\/atech_sas\\\/\",\"https:\\\/\\\/www.youtube.com\\\/c\\\/Atech-saFr\\\/videos\",\"https:\\\/\\\/www.linkedin.com\\\/company\\\/atech-groupe-girod\\\/\"]}]}<\/script>\n<!-- \/ Yoast SEO plugin. -->","yoast_head_json":{"title":"Gestaltung von Stra\u00dfenr\u00e4ndern - ATECH","robots":{"index":"index","follow":"follow","max-snippet":"max-snippet:-1","max-image-preview":"max-image-preview:large","max-video-preview":"max-video-preview:-1"},"canonical":"https:\/\/www.atech-sas.com\/de\/inspirationen\/gestaltung-von-strassenraendern\/","og_locale":"de_DE","og_type":"article","og_title":"Gestaltung von Stra\u00dfenr\u00e4ndern - ATECH","og_description":"[vc_row][vc_column][\/vc_column][\/vc_row][vc_row equal_height=&#8221;yes&#8221; content_placement=&#8221;top&#8221; css=&#8221;.vc_custom_1494415255420{margin-bottom: 5vh !important;}&#8221;][vc_column css=&#8221;.vc_custom_1499847091930{margin-bottom: 30px !important;}&#8221; offset=&#8221;vc_col-lg-8 vc_col-md-12&#8243;][\/vc_column][vc_column woodmart_sticky_column=&#8221;true&#8221; css=&#8221;.vc_custom_1499847110653{margin-right: 5px !important;margin-bottom: 48px !important;margin-left: 5px !important;}&#8221; offset=&#8221;vc_col-lg-4","og_url":"https:\/\/www.atech-sas.com\/de\/inspirationen\/gestaltung-von-strassenraendern\/","og_site_name":"ATECH","article_publisher":"https:\/\/www.facebook.com\/atechsasfr","og_image":[{"width":1200,"height":1200,"url":"https:\/\/www.atech-sas.com\/wp-content\/uploads\/2021\/06\/amenagement-voirie-mobilier-urbain-barrieres-atech-pastel.jpg","type":"image\/jpeg"}],"twitter_card":"summary_large_image","twitter_misc":{"Gesch\u00e4tzte Lesezeit":"5\u00a0Minuten"},"schema":{"@context":"https:\/\/schema.org","@graph":[{"@type":"WebPage","@id":"https:\/\/www.atech-sas.com\/de\/inspirationen\/gestaltung-von-strassenraendern\/","url":"https:\/\/www.atech-sas.com\/de\/inspirationen\/gestaltung-von-strassenraendern\/","name":"Gestaltung von Stra\u00dfenr\u00e4ndern - ATECH","isPartOf":{"@id":"https:\/\/www.atech-sas.com\/de\/#website"},"primaryImageOfPage":{"@id":"https:\/\/www.atech-sas.com\/de\/inspirationen\/gestaltung-von-strassenraendern\/#primaryimage"},"image":{"@id":"https:\/\/www.atech-sas.com\/de\/inspirationen\/gestaltung-von-strassenraendern\/#primaryimage"},"thumbnailUrl":"https:\/\/www.atech-sas.com\/wp-content\/uploads\/2021\/06\/amenagement-voirie-mobilier-urbain-barrieres-atech-pastel.jpg","datePublished":"2025-06-03T12:23:31+00:00","breadcrumb":{"@id":"https:\/\/www.atech-sas.com\/de\/inspirationen\/gestaltung-von-strassenraendern\/#breadcrumb"},"inLanguage":"de","potentialAction":[{"@type":"ReadAction","target":["https:\/\/www.atech-sas.com\/de\/inspirationen\/gestaltung-von-strassenraendern\/"]}]},{"@type":"ImageObject","inLanguage":"de","@id":"https:\/\/www.atech-sas.com\/de\/inspirationen\/gestaltung-von-strassenraendern\/#primaryimage","url":"https:\/\/www.atech-sas.com\/wp-content\/uploads\/2021\/06\/amenagement-voirie-mobilier-urbain-barrieres-atech-pastel.jpg","contentUrl":"https:\/\/www.atech-sas.com\/wp-content\/uploads\/2021\/06\/amenagement-voirie-mobilier-urbain-barrieres-atech-pastel.jpg","width":1200,"height":1200,"caption":"stra\u00dfenrandgestaltung-stadtschranke-atech-pastel"},{"@type":"BreadcrumbList","@id":"https:\/\/www.atech-sas.com\/de\/inspirationen\/gestaltung-von-strassenraendern\/#breadcrumb","itemListElement":[{"@type":"ListItem","position":1,"name":"Startseite","item":"https:\/\/www.atech-sas.com\/de\/"},{"@type":"ListItem","position":2,"name":"Inspirationen","item":"https:\/\/www.atech-sas.com\/de\/inspirationen\/"},{"@type":"ListItem","position":3,"name":"Gestaltung von Stra\u00dfenr\u00e4ndern"}]},{"@type":"WebSite","@id":"https:\/\/www.atech-sas.com\/de\/#website","url":"https:\/\/www.atech-sas.com\/de\/","name":"Atech-sas","description":"Mobilier urbain","publisher":{"@id":"https:\/\/www.atech-sas.com\/de\/#organization"},"potentialAction":[{"@type":"SearchAction","target":{"@type":"EntryPoint","urlTemplate":"https:\/\/www.atech-sas.com\/de\/?s={search_term_string}"},"query-input":{"@type":"PropertyValueSpecification","valueRequired":true,"valueName":"search_term_string"}}],"inLanguage":"de"},{"@type":"Organization","@id":"https:\/\/www.atech-sas.com\/de\/#organization","name":"Atech-sas","url":"https:\/\/www.atech-sas.com\/de\/","logo":{"@type":"ImageObject","inLanguage":"de","@id":"https:\/\/www.atech-sas.com\/de\/#\/schema\/logo\/image\/","url":"https:\/\/www.atech-sas.com\/wp-content\/uploads\/2021\/01\/ATECH_logo.svg","contentUrl":"https:\/\/www.atech-sas.com\/wp-content\/uploads\/2021\/01\/ATECH_logo.svg","width":640,"height":217,"caption":"Atech-sas"},"image":{"@id":"https:\/\/www.atech-sas.com\/de\/#\/schema\/logo\/image\/"},"sameAs":["https:\/\/www.facebook.com\/atechsasfr","https:\/\/www.instagram.com\/atech_sas\/","https:\/\/www.youtube.com\/c\/Atech-saFr\/videos","https:\/\/www.linkedin.com\/company\/atech-groupe-girod\/"]}]}},"_links":{"self":[{"href":"https:\/\/www.atech-sas.com\/de\/wp-json\/wp\/v2\/portfolio\/85069","targetHints":{"allow":["GET"]}}],"collection":[{"href":"https:\/\/www.atech-sas.com\/de\/wp-json\/wp\/v2\/portfolio"}],"about":[{"href":"https:\/\/www.atech-sas.com\/de\/wp-json\/wp\/v2\/types\/portfolio"}],"replies":[{"embeddable":true,"href":"https:\/\/www.atech-sas.com\/de\/wp-json\/wp\/v2\/comments?post=85069"}],"wp:featuredmedia":[{"embeddable":true,"href":"https:\/\/www.atech-sas.com\/de\/wp-json\/wp\/v2\/media\/40230"}],"wp:attachment":[{"href":"https:\/\/www.atech-sas.com\/de\/wp-json\/wp\/v2\/media?parent=85069"}],"wp:term":[{"taxonomy":"project-cat","embeddable":true,"href":"https:\/\/www.atech-sas.com\/de\/wp-json\/wp\/v2\/project-cat?post=85069"}],"curies":[{"name":"wp","href":"https:\/\/api.w.org\/{rel}","templated":true}]}}