{"id":40970,"date":"2021-07-05T16:34:20","date_gmt":"2021-07-05T14:34:20","guid":{"rendered":"https:\/\/www.atech-sas.com\/inspirations\/der-garten-mit-cortenblaettern\/"},"modified":"2021-10-12T15:24:04","modified_gmt":"2021-10-12T13:24:04","slug":"der-garten-mit-cortenblaettern","status":"publish","type":"portfolio","link":"https:\/\/www.atech-sas.com\/de\/inspirationen\/der-garten-mit-cortenblaettern\/","title":{"rendered":"Der Garten mit Cortenbl\u00e4ttern"},"content":{"rendered":"<div class=\"wpb-content-wrapper\"><p>[vc_row equal_height=&#8221;yes&#8221; content_placement=&#8221;top&#8221; css=&#8221;.vc_custom_1494415255420{margin-bottom: 5vh !important;}&#8221;][vc_column css=&#8221;.vc_custom_1499847091930{margin-bottom: 30px !important;}&#8221; offset=&#8221;vc_col-lg-8 vc_col-md-12&#8243;]\t\t<div id=\"gallery_668\" class=\"wd-images-gallery wd-justify-center wd-items-middle view-grid photoswipe-images\" >\n\t\t\t<div class=\"gallery-images row wd-spacing-20\">\n\t\t\t\t\t\t\t\t\t\t\t\t\t\t\t<div class=\"wd-gallery-item col-lg-6 col-md-6 col-sm-6 col-6\">\n\t\t\t\t\t\t\t\t\t\t\t\t\t\t<a href=\"https:\/\/www.atech-sas.com\/wp-content\/uploads\/2021\/05\/amenagement-paysager-cb21-atech-paris-acier-1.jpg\" data-elementor-open-lightbox=\"no\" data-index=\"1\" data-width=\"1200\" data-height=\"1200\"  >\n\t\t\t\t\t\t\t\t\n\t\t\t\t\t\t\t\t\t\t\t\t\t\t\t\t\t<img decoding=\"async\" width=\"1200\" height=\"1200\" src=\"data:image\/jpg;base64,\/9j\/4AAQSkZJRgABAQAAAQABAAD\/\/gAfQ29tcHJlc3NlZCBieSBqcGVnLXJlY29tcHJlc3P\/2wBDAAYEBAUEBAYFBQUGBgYHCQ4JCQgICRINDQoOFRIWFhUSFBQXGiEcFxgfGRQUHScdHyIjJSUlFhwpLCgkKyEkJST\/2wBDAQYGBgkICREJCREkGBQYJCQkJCQkJCQkJCQkJCQkJCQkJCQkJCQkJCQkJCQkJCQkJCQkJCQkJCQkJCQkJCQkJCT\/wAARCAAKAAoDASIAAhEBAxEB\/8QAFgABAQEAAAAAAAAAAAAAAAAAAwQF\/8QAJhAAAgAEAwkBAAAAAAAAAAAAAQIAAwQhERJxBQYTFSIxMkFR4f\/EABUBAQEAAAAAAAAAAAAAAAAAAAEF\/8QAGREBAAMBAQAAAAAAAAAAAAAAAQACEQMx\/9oADAMBAAIRAxEAPwCKa8mg2fxZlS7nLg64FQCPh96RicxpWuM17+X7A74MwarwJuwJv3vAqOkaRJvZXYPDXB8n\/9k=\" class=\"wd-gallery-image image-1 attachment-full wd-lazy-load wd-lazy-fade\" alt=\"landschaftsbau-atech-paris-cortenstahl\" title=\"landschaftsbau-atech-paris-cortenstahl\" srcset=\"\" sizes=\"(max-width: 1200px) 100vw, 1200px\" data-wood-src=\"https:\/\/www.atech-sas.com\/wp-content\/uploads\/2021\/05\/amenagement-paysager-cb21-atech-paris-acier-1.jpg\" data-srcset=\"https:\/\/www.atech-sas.com\/wp-content\/uploads\/2021\/05\/amenagement-paysager-cb21-atech-paris-acier-1.jpg 1200w, https:\/\/www.atech-sas.com\/wp-content\/uploads\/2021\/05\/amenagement-paysager-cb21-atech-paris-acier-1-600x600.jpg 600w, https:\/\/www.atech-sas.com\/wp-content\/uploads\/2021\/05\/amenagement-paysager-cb21-atech-paris-acier-1-150x150.jpg 150w, https:\/\/www.atech-sas.com\/wp-content\/uploads\/2021\/05\/amenagement-paysager-cb21-atech-paris-acier-1-300x300.jpg 300w, https:\/\/www.atech-sas.com\/wp-content\/uploads\/2021\/05\/amenagement-paysager-cb21-atech-paris-acier-1-1024x1024.jpg 1024w, https:\/\/www.atech-sas.com\/wp-content\/uploads\/2021\/05\/amenagement-paysager-cb21-atech-paris-acier-1-768x768.jpg 768w\" \/>\t\t\t\t\t\t\t\t\n\n\t\t\t\t\t\t\t\t\t\t\t\t\t\t\t<\/a>\n\t\t\t\t\t\t\t\t\t\t\t\t<\/div>\n\t\t\t\t\t\t\t\t\t\t\t<div class=\"wd-gallery-item col-lg-6 col-md-6 col-sm-6 col-6\">\n\t\t\t\t\t\t\t\t\t\t\t\t\t\t<a href=\"https:\/\/www.atech-sas.com\/wp-content\/uploads\/2021\/05\/amenagement-paysager-atech-acier-corten-inspiration.jpg\" data-elementor-open-lightbox=\"no\" data-index=\"2\" data-width=\"1200\" data-height=\"1200\"  >\n\t\t\t\t\t\t\t\t\n\t\t\t\t\t\t\t\t\t\t\t\t\t\t\t\t\t<img decoding=\"async\" width=\"1200\" height=\"1200\" src=\"data:image\/jpg;base64,\/9j\/4AAQSkZJRgABAQAAAQABAAD\/\/gAfQ29tcHJlc3NlZCBieSBqcGVnLXJlY29tcHJlc3P\/2wBDAAYEBAUEBAYFBQUGBgYHCQ4JCQgICRINDQoOFRIWFhUSFBQXGiEcFxgfGRQUHScdHyIjJSUlFhwpLCgkKyEkJST\/2wBDAQYGBgkICREJCREkGBQYJCQkJCQkJCQkJCQkJCQkJCQkJCQkJCQkJCQkJCQkJCQkJCQkJCQkJCQkJCQkJCQkJCT\/wAARCAAKAAoDASIAAhEBAxEB\/8QAFQABAQAAAAAAAAAAAAAAAAAABwX\/xAAjEAEAAQIFBAMAAAAAAAAAAAABAgADBAUGERIIEyEjMYGC\/8QAFAEBAAAAAAAAAAAAAAAAAAAAAv\/EABgRAAMBAQAAAAAAAAAAAAAAAAACERMx\/9oADAMBAAIRAxEAPwC3rvU+fZNbsWMXcbJLk+yXHx90VXNQ5pK5KQwkKu4\/NJfUUrPCyVXuSN\/0URQkkQFAKGjKKLOH\/9k=\" class=\"wd-gallery-image image-2 attachment-full wd-lazy-load wd-lazy-fade\" alt=\"landschaftsbau-atech-paris-cortenstahl\" title=\"landschaftsbau-atech-paris-cortenstahl\" srcset=\"\" sizes=\"(max-width: 1200px) 100vw, 1200px\" data-wood-src=\"https:\/\/www.atech-sas.com\/wp-content\/uploads\/2021\/05\/amenagement-paysager-atech-acier-corten-inspiration.jpg\" data-srcset=\"https:\/\/www.atech-sas.com\/wp-content\/uploads\/2021\/05\/amenagement-paysager-atech-acier-corten-inspiration.jpg 1200w, https:\/\/www.atech-sas.com\/wp-content\/uploads\/2021\/05\/amenagement-paysager-atech-acier-corten-inspiration-600x600.jpg 600w, https:\/\/www.atech-sas.com\/wp-content\/uploads\/2021\/05\/amenagement-paysager-atech-acier-corten-inspiration-150x150.jpg 150w, https:\/\/www.atech-sas.com\/wp-content\/uploads\/2021\/05\/amenagement-paysager-atech-acier-corten-inspiration-300x300.jpg 300w, https:\/\/www.atech-sas.com\/wp-content\/uploads\/2021\/05\/amenagement-paysager-atech-acier-corten-inspiration-1024x1024.jpg 1024w, https:\/\/www.atech-sas.com\/wp-content\/uploads\/2021\/05\/amenagement-paysager-atech-acier-corten-inspiration-768x768.jpg 768w\" \/>\t\t\t\t\t\t\t\t\n\n\t\t\t\t\t\t\t\t\t\t\t\t\t\t\t<\/a>\n\t\t\t\t\t\t\t\t\t\t\t\t<\/div>\n\t\t\t\t\t\t\t\t\t\t\t\t<\/div>\n\t\t<\/div>\n\t\t\t\t\t\t<div id=\"gallery_844\" class=\"wd-images-gallery wd-justify-center wd-items-middle view-grid photoswipe-images\" >\n\t\t\t<div class=\"gallery-images row wd-spacing-20\">\n\t\t\t\t\t\t\t\t\t\t\t\t\t\t\t<div class=\"wd-gallery-item col-lg-12 col-md-12 col-sm-12 col-12\">\n\t\t\t\t\t\t\t\t\t\t\t\t\t\t<a href=\"https:\/\/www.atech-sas.com\/wp-content\/uploads\/2021\/05\/amenagement-paysager-atech-corten-acier.jpg\" data-elementor-open-lightbox=\"no\" data-index=\"1\" data-width=\"1200\" data-height=\"1200\"  >\n\t\t\t\t\t\t\t\t\n\t\t\t\t\t\t\t\t\t\t\t\t\t\t\t\t\t<img decoding=\"async\" width=\"1200\" height=\"1200\" src=\"data:image\/jpg;base64,\/9j\/4AAQSkZJRgABAQAAAQABAAD\/\/gAfQ29tcHJlc3NlZCBieSBqcGVnLXJlY29tcHJlc3P\/2wBDAAYEBAUEBAYFBQUGBgYHCQ4JCQgICRINDQoOFRIWFhUSFBQXGiEcFxgfGRQUHScdHyIjJSUlFhwpLCgkKyEkJST\/2wBDAQYGBgkICREJCREkGBQYJCQkJCQkJCQkJCQkJCQkJCQkJCQkJCQkJCQkJCQkJCQkJCQkJCQkJCQkJCQkJCQkJCT\/wAARCAAKAAoDASIAAhEBAxEB\/8QAFgABAQEAAAAAAAAAAAAAAAAABQMG\/8QAJBAAAgIBAwIHAAAAAAAAAAAAAQMCBAAFERIhMQYiJFGBk9H\/xAAVAQEBAAAAAAAAAAAAAAAAAAABAv\/EABoRAAICAwAAAAAAAAAAAAAAAAECABEDEjL\/2gAMAwEAAhEDEQA\/AD6NvWLJW6z4luHdpjFMFkGHfyn5BIzQtlca2bOdg8pE9Fn3wyy1iH8kzkuQfLrA7HvljqFzc+rsfYf3JTIy3EanoXP\/2Q==\" class=\"wd-gallery-image image-1 attachment-full wd-lazy-load wd-lazy-fade\" alt=\"landschaftsbau-atech-cortenstahl-inspiration\" title=\"landschaftsbau-atech-cortenstahl-inspiration\" srcset=\"\" sizes=\"(max-width: 1200px) 100vw, 1200px\" data-wood-src=\"https:\/\/www.atech-sas.com\/wp-content\/uploads\/2021\/05\/amenagement-paysager-atech-corten-acier.jpg\" data-srcset=\"https:\/\/www.atech-sas.com\/wp-content\/uploads\/2021\/05\/amenagement-paysager-atech-corten-acier.jpg 1200w, https:\/\/www.atech-sas.com\/wp-content\/uploads\/2021\/05\/amenagement-paysager-atech-corten-acier-600x600.jpg 600w, https:\/\/www.atech-sas.com\/wp-content\/uploads\/2021\/05\/amenagement-paysager-atech-corten-acier-150x150.jpg 150w, https:\/\/www.atech-sas.com\/wp-content\/uploads\/2021\/05\/amenagement-paysager-atech-corten-acier-300x300.jpg 300w, https:\/\/www.atech-sas.com\/wp-content\/uploads\/2021\/05\/amenagement-paysager-atech-corten-acier-1024x1024.jpg 1024w, https:\/\/www.atech-sas.com\/wp-content\/uploads\/2021\/05\/amenagement-paysager-atech-corten-acier-768x768.jpg 768w\" \/>\t\t\t\t\t\t\t\t\n\n\t\t\t\t\t\t\t\t\t\t\t\t\t\t\t<\/a>\n\t\t\t\t\t\t\t\t\t\t\t\t<\/div>\n\t\t\t\t\t\t\t\t\t\t\t\t<\/div>\n\t\t<\/div>\n\t\t\t\t[\/vc_column][vc_column woodmart_sticky_column=&#8221;true&#8221; css=&#8221;.vc_custom_1499847110653{margin-right: 5px !important;margin-bottom: 48px !important;margin-left: 5px !important;}&#8221; offset=&#8221;vc_col-lg-4 vc_col-md-12&#8243;][vc_row_inner css=&#8221;.vc_custom_1494415923456{border-top-width: 10px !important;border-right-width: 10px !important;border-bottom-width: 10px !important;border-left-width: 10px !important;padding-top: 30px !important;padding-right: 30px !important;padding-bottom: 10px !important;padding-left: 30px !important;border-left-color: #f7f7f7 !important;border-left-style: solid !important;border-right-color: #f7f7f7 !important;border-right-style: solid !important;border-top-color: #f7f7f7 !important;border-top-style: solid !important;border-bottom-color: #f7f7f7 !important;border-bottom-style: solid !important;}&#8221;][vc_column_inner css=&#8221;.vc_custom_1494415839649{padding-top: 0px !important;padding-right: 0px !important;padding-left: 0px !important;}&#8221;][vc_custom_heading text=&#8221;Der Garten mit Cortenbl\u00e4ttern &#8221; font_container=&#8221;tag:h4|font_size:38px|text_align:left|line_height:1&#8243; use_theme_fonts=&#8221;yes&#8221; css=&#8221;.vc_custom_1621952152297{margin-bottom: 15px !important;}&#8221;][vc_column_text text_larger=&#8221;no&#8221; woodmart_inline=&#8221;no&#8221;]<br \/>\nMit dieser Sonderanfertigung <a href=\"https:\/\/www.atech-sas.com\/de\/produktkategorie\/stadtmobiliar-materialen\/cortenstahl\/\">aus aktiviertem Cortenstahl<\/a> kann ATECH auch die Landschaft zum Bl\u00fchen bringen.<\/p>\n<p>Bei diesem Projekt, das von den Landschaftsarchitekten von La G\u00e9n\u00e9rale d&#8217;Am\u00e9nagements (L.G.A.) durchgef\u00fchrt wurde, fertigte ATECH eine komplette Sonderanfertigung aus aktiviertem Corten: Platten mit L\u00f6chern, Radlaufr\u00e4der, doppelte R\u00fccklaufleisten mit Winkeln. Als w\u00fcrden sie vom Himmel fallen, h\u00e4ngen Bl\u00fctenbl\u00e4tter aus Corten \u00fcber dieser nat\u00fcrlichen Umgebung im Herzen von Paris (Tour CB21, La D\u00e9fense).[\/vc_column_text][\/vc_column_inner][vc_column_inner width=&#8221;1\/2&#8243; css=&#8221;.vc_custom_1499149309417{padding-top: 0px !important;padding-right: 15px !important;padding-left: 0px !important;}&#8221;][vc_custom_heading text=&#8221;KUNDE&#8221; font_container=&#8221;tag:h6|text_align:left&#8221; use_theme_fonts=&#8221;yes&#8221; css=&#8221;.vc_custom_1481478899319{margin-bottom: 10px !important;}&#8221;][vc_separator color=&#8221;custom&#8221; accent_color=&#8221;#eaeaea&#8221; css=&#8221;.vc_custom_1481478904779{margin-bottom: 10px !important;}&#8221;][vc_custom_heading text=&#8221;COVIVIO&#8221; font_container=&#8221;tag:p|font_size:12|text_align:left&#8221; use_theme_fonts=&#8221;yes&#8221; css=&#8221;.vc_custom_1622456993564{margin-bottom: 20px !important;}&#8221; link=&#8221;url:https%3A%2F%2Fwww.covivio.eu%2Ffr%2F|target:_blank|&#8221;][vc_custom_heading text=&#8221;ARCHITEKT&#8221; font_container=&#8221;tag:h6|text_align:left&#8221; use_theme_fonts=&#8221;yes&#8221; css=&#8221;.vc_custom_1621952301155{margin-bottom: 10px !important;}&#8221;][vc_separator color=&#8221;custom&#8221; accent_color=&#8221;#eaeaea&#8221; css=&#8221;.vc_custom_1481478904779{margin-bottom: 10px !important;}&#8221;][vc_custom_heading text=&#8221;LA G\u00c9N\u00c9RALE D&#8217;AM\u00c9NAGEMENTS&#8221; font_container=&#8221;tag:p|font_size:12|text_align:left&#8221; use_theme_fonts=&#8221;yes&#8221; css=&#8221;.vc_custom_1622457035523{margin-bottom: 20px !important;}&#8221; link=&#8221;url:https%3A%2F%2Fwww.lgamenagements.fr%2F|target:_blank|&#8221;][\/vc_column_inner][vc_column_inner width=&#8221;1\/2&#8243; css=&#8221;.vc_custom_1499149316069{padding-top: 0px !important;padding-right: 15px !important;padding-left: 0px !important;}&#8221;][vc_custom_heading text=&#8221;MATIERIAL&#8221; font_container=&#8221;tag:h6|text_align:left&#8221; use_theme_fonts=&#8221;yes&#8221; css=&#8221;.vc_custom_1618300805305{margin-bottom: 10px !important;}&#8221;][vc_separator color=&#8221;custom&#8221; accent_color=&#8221;#eaeaea&#8221; css=&#8221;.vc_custom_1481478904779{margin-bottom: 10px !important;}&#8221;][vc_custom_heading text=&#8221;CORTENSTAHL&#8221; font_container=&#8221;tag:p|font_size:12|text_align:left&#8221; use_theme_fonts=&#8221;yes&#8221; css=&#8221;.vc_custom_1621952433343{margin-bottom: 20px !important;}&#8221;][vc_custom_heading text=&#8221;LOKALISIERUNG&#8221; font_container=&#8221;tag:h6|text_align:left&#8221; use_theme_fonts=&#8221;yes&#8221; css=&#8221;.vc_custom_1616684304200{margin-bottom: 10px !important;}&#8221;][vc_separator color=&#8221;custom&#8221; accent_color=&#8221;#eaeaea&#8221; css=&#8221;.vc_custom_1481478904779{margin-bottom: 10px !important;}&#8221;][vc_custom_heading text=&#8221;TOUR CB21, PARIS (75), LA D\u00c9FENSE, FRANKREICH&#8221; font_container=&#8221;tag:p|font_size:12|text_align:left&#8221; use_theme_fonts=&#8221;yes&#8221; css=&#8221;.vc_custom_1622456963277{margin-bottom: 20px !important;}&#8221;][\/vc_column_inner][\/vc_row_inner][\/vc_column][\/vc_row][vc_row equal_height=&#8221;yes&#8221; content_placement=&#8221;top&#8221; css=&#8221;.vc_custom_1494415255420{margin-bottom: 5vh !important;}&#8221;][vc_column woodmart_sticky_column=&#8221;true&#8221; css=&#8221;.vc_custom_1499847127499{margin-right: 5px !important;margin-bottom: 30px !important;margin-left: 5px !important;}&#8221; offset=&#8221;vc_col-lg-4 vc_col-md-12&#8243;][vc_row_inner css=&#8221;.vc_custom_1494418291071{border-top-width: 10px !important;border-right-width: 10px !important;border-bottom-width: 10px !important;border-left-width: 10px !important;padding-top: 30px !important;padding-right: 30px !important;padding-bottom: 30px !important;padding-left: 30px !important;border-left-color: #f7f7f7 !important;border-left-style: solid !important;border-right-color: #f7f7f7 !important;border-right-style: solid !important;border-top-color: #f7f7f7 !important;border-top-style: solid !important;border-bottom-color: #f7f7f7 !important;border-bottom-style: solid !important;}&#8221;][vc_column_inner css=&#8221;.vc_custom_1494415839649{padding-top: 0px !important;padding-right: 0px !important;padding-left: 0px !important;}&#8221;][vc_custom_heading text=&#8221;Sind Sie an diesem Projekt interessiert?&#8221; font_container=&#8221;tag:h4|font_size:20px|text_align:left|line_height:1.4&#8243; use_theme_fonts=&#8221;yes&#8221; css=&#8221;.vc_custom_1618304253459{margin-bottom: 15px !important;}&#8221;][vc_separator color=&#8221;custom&#8221; accent_color=&#8221;#eaeaea&#8221; css=&#8221;.vc_custom_1494420107842{margin-bottom: 15px !important;}&#8221;][vc_column_text css=&#8221;.vc_custom_1618304289779{margin-bottom: 25px !important;}&#8221; woodmart_inline=&#8221;no&#8221; text_larger=&#8221;no&#8221;]<br \/>\nAls franz\u00f6sischer Hersteller von Pflanzenm\u00f6beln k\u00f6nnen wir dank unseres Sortiments an Standardprodukten und unseres Konstruktionsb\u00fcros Ihre Anforderungen erf\u00fcllen. Letztere untersucht die technische Machbarkeit Ihres kundenspezifischen Projekts.<br \/>\n[\/vc_column_text]<div id=\"wd-60755aa378213\" class=\" wd-rs-60755aa378213  wd-button-wrapper text-center inline-element\"><a href=\"https:\/\/www.atech-sas.com\/de\/materialien-techniken\/\" title=\"Stadm\u00f6bel nach material\" class=\"btn btn-color-black btn-style-default btn-style-rectangle btn-size-default\">Entdecken Sie unsere Materialien<\/a><\/div><div id=\"wd-60755af140304\" class=\" wd-rs-60755af140304  wd-button-wrapper text-center inline-element\"><a href=\"https:\/\/www.atech-sas.com\/de\/kontakt\/\" title=\"\" class=\"btn btn-color-default btn-style-bordered btn-style-rectangle btn-size-default\">KONTAKTIERE UNS <\/a><\/div>[\/vc_column_inner][\/vc_row_inner][\/vc_column][vc_column css=&#8221;.vc_custom_1499847136861{margin-bottom: 30px !important;}&#8221; offset=&#8221;vc_col-lg-8 vc_col-md-12&#8243;]\t\t<div id=\"gallery_489\" class=\"wd-images-gallery wd-justify-center wd-items-middle view-grid photoswipe-images\" >\n\t\t\t<div class=\"gallery-images row wd-spacing-20\">\n\t\t\t\t\t\t\t\t\t\t\t\t\t\t\t<div class=\"wd-gallery-item col-lg-6 col-md-6 col-sm-6 col-6\">\n\t\t\t\t\t\t\t\t\t\t\t\t\t\t<a href=\"https:\/\/www.atech-sas.com\/wp-content\/uploads\/2021\/05\/amenagement-paysager-cb21-atech-paris-acier-1.jpg\" data-elementor-open-lightbox=\"no\" data-index=\"1\" data-width=\"1200\" data-height=\"1200\"  >\n\t\t\t\t\t\t\t\t\n\t\t\t\t\t\t\t\t\t\t\t\t\t\t\t\t\t<img decoding=\"async\" width=\"1200\" height=\"1200\" src=\"data:image\/jpg;base64,\/9j\/4AAQSkZJRgABAQAAAQABAAD\/\/gAfQ29tcHJlc3NlZCBieSBqcGVnLXJlY29tcHJlc3P\/2wBDAAYEBAUEBAYFBQUGBgYHCQ4JCQgICRINDQoOFRIWFhUSFBQXGiEcFxgfGRQUHScdHyIjJSUlFhwpLCgkKyEkJST\/2wBDAQYGBgkICREJCREkGBQYJCQkJCQkJCQkJCQkJCQkJCQkJCQkJCQkJCQkJCQkJCQkJCQkJCQkJCQkJCQkJCQkJCT\/wAARCAAKAAoDASIAAhEBAxEB\/8QAFgABAQEAAAAAAAAAAAAAAAAAAwQF\/8QAJhAAAgAEAwkBAAAAAAAAAAAAAQIAAwQhERJxBQYTFSIxMkFR4f\/EABUBAQEAAAAAAAAAAAAAAAAAAAEF\/8QAGREBAAMBAQAAAAAAAAAAAAAAAQACEQMx\/9oADAMBAAIRAxEAPwCKa8mg2fxZlS7nLg64FQCPh96RicxpWuM17+X7A74MwarwJuwJv3vAqOkaRJvZXYPDXB8n\/9k=\" class=\"wd-gallery-image image-1 attachment-full wd-lazy-load wd-lazy-fade\" alt=\"landschaftsbau-atech-paris-cortenstahl\" title=\"landschaftsbau-atech-paris-cortenstahl\" srcset=\"\" sizes=\"(max-width: 1200px) 100vw, 1200px\" data-wood-src=\"https:\/\/www.atech-sas.com\/wp-content\/uploads\/2021\/05\/amenagement-paysager-cb21-atech-paris-acier-1.jpg\" data-srcset=\"https:\/\/www.atech-sas.com\/wp-content\/uploads\/2021\/05\/amenagement-paysager-cb21-atech-paris-acier-1.jpg 1200w, https:\/\/www.atech-sas.com\/wp-content\/uploads\/2021\/05\/amenagement-paysager-cb21-atech-paris-acier-1-600x600.jpg 600w, https:\/\/www.atech-sas.com\/wp-content\/uploads\/2021\/05\/amenagement-paysager-cb21-atech-paris-acier-1-150x150.jpg 150w, https:\/\/www.atech-sas.com\/wp-content\/uploads\/2021\/05\/amenagement-paysager-cb21-atech-paris-acier-1-300x300.jpg 300w, https:\/\/www.atech-sas.com\/wp-content\/uploads\/2021\/05\/amenagement-paysager-cb21-atech-paris-acier-1-1024x1024.jpg 1024w, https:\/\/www.atech-sas.com\/wp-content\/uploads\/2021\/05\/amenagement-paysager-cb21-atech-paris-acier-1-768x768.jpg 768w\" \/>\t\t\t\t\t\t\t\t\n\n\t\t\t\t\t\t\t\t\t\t\t\t\t\t\t<\/a>\n\t\t\t\t\t\t\t\t\t\t\t\t<\/div>\n\t\t\t\t\t\t\t\t\t\t\t<div class=\"wd-gallery-item col-lg-6 col-md-6 col-sm-6 col-6\">\n\t\t\t\t\t\t\t\t\t\t\t\t\t\t<a href=\"https:\/\/www.atech-sas.com\/wp-content\/uploads\/2021\/05\/amenagement-paysager-atech-acier-corten-inspiration.jpg\" data-elementor-open-lightbox=\"no\" data-index=\"2\" data-width=\"1200\" data-height=\"1200\"  >\n\t\t\t\t\t\t\t\t\n\t\t\t\t\t\t\t\t\t\t\t\t\t\t\t\t\t<img decoding=\"async\" width=\"1200\" height=\"1200\" src=\"data:image\/jpg;base64,\/9j\/4AAQSkZJRgABAQAAAQABAAD\/\/gAfQ29tcHJlc3NlZCBieSBqcGVnLXJlY29tcHJlc3P\/2wBDAAYEBAUEBAYFBQUGBgYHCQ4JCQgICRINDQoOFRIWFhUSFBQXGiEcFxgfGRQUHScdHyIjJSUlFhwpLCgkKyEkJST\/2wBDAQYGBgkICREJCREkGBQYJCQkJCQkJCQkJCQkJCQkJCQkJCQkJCQkJCQkJCQkJCQkJCQkJCQkJCQkJCQkJCQkJCT\/wAARCAAKAAoDASIAAhEBAxEB\/8QAFQABAQAAAAAAAAAAAAAAAAAABwX\/xAAjEAEAAQIFBAMAAAAAAAAAAAABAgADBAUGERIIEyEjMYGC\/8QAFAEBAAAAAAAAAAAAAAAAAAAAAv\/EABgRAAMBAQAAAAAAAAAAAAAAAAACERMx\/9oADAMBAAIRAxEAPwC3rvU+fZNbsWMXcbJLk+yXHx90VXNQ5pK5KQwkKu4\/NJfUUrPCyVXuSN\/0URQkkQFAKGjKKLOH\/9k=\" class=\"wd-gallery-image image-2 attachment-full wd-lazy-load wd-lazy-fade\" alt=\"landschaftsbau-atech-paris-cortenstahl\" title=\"landschaftsbau-atech-paris-cortenstahl\" srcset=\"\" sizes=\"(max-width: 1200px) 100vw, 1200px\" data-wood-src=\"https:\/\/www.atech-sas.com\/wp-content\/uploads\/2021\/05\/amenagement-paysager-atech-acier-corten-inspiration.jpg\" data-srcset=\"https:\/\/www.atech-sas.com\/wp-content\/uploads\/2021\/05\/amenagement-paysager-atech-acier-corten-inspiration.jpg 1200w, https:\/\/www.atech-sas.com\/wp-content\/uploads\/2021\/05\/amenagement-paysager-atech-acier-corten-inspiration-600x600.jpg 600w, https:\/\/www.atech-sas.com\/wp-content\/uploads\/2021\/05\/amenagement-paysager-atech-acier-corten-inspiration-150x150.jpg 150w, https:\/\/www.atech-sas.com\/wp-content\/uploads\/2021\/05\/amenagement-paysager-atech-acier-corten-inspiration-300x300.jpg 300w, https:\/\/www.atech-sas.com\/wp-content\/uploads\/2021\/05\/amenagement-paysager-atech-acier-corten-inspiration-1024x1024.jpg 1024w, https:\/\/www.atech-sas.com\/wp-content\/uploads\/2021\/05\/amenagement-paysager-atech-acier-corten-inspiration-768x768.jpg 768w\" \/>\t\t\t\t\t\t\t\t\n\n\t\t\t\t\t\t\t\t\t\t\t\t\t\t\t<\/a>\n\t\t\t\t\t\t\t\t\t\t\t\t<\/div>\n\t\t\t\t\t\t\t\t\t\t\t\t<\/div>\n\t\t<\/div>\n\t\t\t\t[\/vc_column][\/vc_row]<\/p>\n<\/div>","protected":false},"excerpt":{"rendered":"<p>[vc_row equal_height=&#8221;yes&#8221; content_placement=&#8221;top&#8221; css=&#8221;.vc_custom_1494415255420{margin-bottom: 5vh !important;}&#8221;][vc_column css=&#8221;.vc_custom_1499847091930{margin-bottom: 30px !important;}&#8221; offset=&#8221;vc_col-lg-8 vc_col-md-12&#8243;][\/vc_column][vc_column woodmart_sticky_column=&#8221;true&#8221; css=&#8221;.vc_custom_1499847110653{margin-right: 5px !important;margin-bottom: 48px !important;margin-left: 5px !important;}&#8221; offset=&#8221;vc_col-lg-4<\/p>\n","protected":false},"featured_media":34464,"menu_order":0,"comment_status":"open","ping_status":"closed","template":"","project-cat":[2161],"class_list":["post-40970","portfolio","type-portfolio","status-publish","has-post-thumbnail","hentry","project-cat-landschaftsbau"],"yoast_head":"<!-- This site is optimized with the Yoast SEO plugin v27.4 - https:\/\/yoast.com\/product\/yoast-seo-wordpress\/ -->\n<title>Inspirationen: Der Garten mit Cortenbl\u00e4ttern - ATECH<\/title>\n<meta name=\"description\" content=\"Mit dieser Sonderanfertigung aus aktiviertem Cortenstahl kann ATECH auch die Landschaft zum Bl\u00fchen bringen. Verwandeln Sie Ihren Garten!\" \/>\n<meta name=\"robots\" content=\"index, follow, max-snippet:-1, max-image-preview:large, max-video-preview:-1\" \/>\n<link rel=\"canonical\" href=\"https:\/\/www.atech-sas.com\/de\/inspirationen\/der-garten-mit-cortenblaettern\/\" \/>\n<meta property=\"og:locale\" content=\"de_DE\" \/>\n<meta property=\"og:type\" content=\"article\" \/>\n<meta property=\"og:title\" content=\"Inspirationen: Der Garten mit Cortenbl\u00e4ttern - ATECH\" \/>\n<meta property=\"og:description\" content=\"Mit dieser Sonderanfertigung aus aktiviertem Cortenstahl kann ATECH auch die Landschaft zum Bl\u00fchen bringen. Verwandeln Sie Ihren Garten!\" \/>\n<meta property=\"og:url\" content=\"https:\/\/www.atech-sas.com\/de\/inspirationen\/der-garten-mit-cortenblaettern\/\" \/>\n<meta property=\"og:site_name\" content=\"ATECH\" \/>\n<meta property=\"article:publisher\" content=\"https:\/\/www.facebook.com\/atechsasfr\" \/>\n<meta property=\"article:modified_time\" content=\"2021-10-12T13:24:04+00:00\" \/>\n<meta property=\"og:image\" content=\"https:\/\/www.atech-sas.com\/wp-content\/uploads\/2021\/05\/amenagement-paysager-cb21-atech-paris-acier-1.jpg\" \/>\n\t<meta property=\"og:image:width\" content=\"1200\" \/>\n\t<meta property=\"og:image:height\" content=\"1200\" \/>\n\t<meta property=\"og:image:type\" content=\"image\/jpeg\" \/>\n<meta name=\"twitter:card\" content=\"summary_large_image\" \/>\n<meta name=\"twitter:label1\" content=\"Gesch\u00e4tzte Lesezeit\" \/>\n\t<meta name=\"twitter:data1\" content=\"5\u00a0Minuten\" \/>\n<script type=\"application\/ld+json\" class=\"yoast-schema-graph\">{\"@context\":\"https:\\\/\\\/schema.org\",\"@graph\":[{\"@type\":\"WebPage\",\"@id\":\"https:\\\/\\\/www.atech-sas.com\\\/de\\\/inspirationen\\\/der-garten-mit-cortenblaettern\\\/\",\"url\":\"https:\\\/\\\/www.atech-sas.com\\\/de\\\/inspirationen\\\/der-garten-mit-cortenblaettern\\\/\",\"name\":\"Inspirationen: Der Garten mit Cortenbl\u00e4ttern - ATECH\",\"isPartOf\":{\"@id\":\"https:\\\/\\\/www.atech-sas.com\\\/de\\\/#website\"},\"primaryImageOfPage\":{\"@id\":\"https:\\\/\\\/www.atech-sas.com\\\/de\\\/inspirationen\\\/der-garten-mit-cortenblaettern\\\/#primaryimage\"},\"image\":{\"@id\":\"https:\\\/\\\/www.atech-sas.com\\\/de\\\/inspirationen\\\/der-garten-mit-cortenblaettern\\\/#primaryimage\"},\"thumbnailUrl\":\"https:\\\/\\\/www.atech-sas.com\\\/wp-content\\\/uploads\\\/2021\\\/05\\\/amenagement-paysager-cb21-atech-paris-acier-1.jpg\",\"datePublished\":\"2021-07-05T14:34:20+00:00\",\"dateModified\":\"2021-10-12T13:24:04+00:00\",\"description\":\"Mit dieser Sonderanfertigung aus aktiviertem Cortenstahl kann ATECH auch die Landschaft zum Bl\u00fchen bringen. Verwandeln Sie Ihren Garten!\",\"breadcrumb\":{\"@id\":\"https:\\\/\\\/www.atech-sas.com\\\/de\\\/inspirationen\\\/der-garten-mit-cortenblaettern\\\/#breadcrumb\"},\"inLanguage\":\"de\",\"potentialAction\":[{\"@type\":\"ReadAction\",\"target\":[\"https:\\\/\\\/www.atech-sas.com\\\/de\\\/inspirationen\\\/der-garten-mit-cortenblaettern\\\/\"]}]},{\"@type\":\"ImageObject\",\"inLanguage\":\"de\",\"@id\":\"https:\\\/\\\/www.atech-sas.com\\\/de\\\/inspirationen\\\/der-garten-mit-cortenblaettern\\\/#primaryimage\",\"url\":\"https:\\\/\\\/www.atech-sas.com\\\/wp-content\\\/uploads\\\/2021\\\/05\\\/amenagement-paysager-cb21-atech-paris-acier-1.jpg\",\"contentUrl\":\"https:\\\/\\\/www.atech-sas.com\\\/wp-content\\\/uploads\\\/2021\\\/05\\\/amenagement-paysager-cb21-atech-paris-acier-1.jpg\",\"width\":1200,\"height\":1200,\"caption\":\"landschaftsbau-atech-paris-cortenstahl\"},{\"@type\":\"BreadcrumbList\",\"@id\":\"https:\\\/\\\/www.atech-sas.com\\\/de\\\/inspirationen\\\/der-garten-mit-cortenblaettern\\\/#breadcrumb\",\"itemListElement\":[{\"@type\":\"ListItem\",\"position\":1,\"name\":\"Startseite\",\"item\":\"https:\\\/\\\/www.atech-sas.com\\\/de\\\/\"},{\"@type\":\"ListItem\",\"position\":2,\"name\":\"Inspirationen\",\"item\":\"https:\\\/\\\/www.atech-sas.com\\\/de\\\/inspirationen\\\/\"},{\"@type\":\"ListItem\",\"position\":3,\"name\":\"Der Garten mit Cortenbl\u00e4ttern\"}]},{\"@type\":\"WebSite\",\"@id\":\"https:\\\/\\\/www.atech-sas.com\\\/de\\\/#website\",\"url\":\"https:\\\/\\\/www.atech-sas.com\\\/de\\\/\",\"name\":\"Atech-sas\",\"description\":\"Mobilier urbain\",\"publisher\":{\"@id\":\"https:\\\/\\\/www.atech-sas.com\\\/de\\\/#organization\"},\"potentialAction\":[{\"@type\":\"SearchAction\",\"target\":{\"@type\":\"EntryPoint\",\"urlTemplate\":\"https:\\\/\\\/www.atech-sas.com\\\/de\\\/?s={search_term_string}\"},\"query-input\":{\"@type\":\"PropertyValueSpecification\",\"valueRequired\":true,\"valueName\":\"search_term_string\"}}],\"inLanguage\":\"de\"},{\"@type\":\"Organization\",\"@id\":\"https:\\\/\\\/www.atech-sas.com\\\/de\\\/#organization\",\"name\":\"Atech-sas\",\"url\":\"https:\\\/\\\/www.atech-sas.com\\\/de\\\/\",\"logo\":{\"@type\":\"ImageObject\",\"inLanguage\":\"de\",\"@id\":\"https:\\\/\\\/www.atech-sas.com\\\/de\\\/#\\\/schema\\\/logo\\\/image\\\/\",\"url\":\"https:\\\/\\\/www.atech-sas.com\\\/wp-content\\\/uploads\\\/2021\\\/01\\\/ATECH_logo.svg\",\"contentUrl\":\"https:\\\/\\\/www.atech-sas.com\\\/wp-content\\\/uploads\\\/2021\\\/01\\\/ATECH_logo.svg\",\"width\":640,\"height\":217,\"caption\":\"Atech-sas\"},\"image\":{\"@id\":\"https:\\\/\\\/www.atech-sas.com\\\/de\\\/#\\\/schema\\\/logo\\\/image\\\/\"},\"sameAs\":[\"https:\\\/\\\/www.facebook.com\\\/atechsasfr\",\"https:\\\/\\\/www.instagram.com\\\/atech_sas\\\/\",\"https:\\\/\\\/www.youtube.com\\\/c\\\/Atech-saFr\\\/videos\",\"https:\\\/\\\/www.linkedin.com\\\/company\\\/atech-groupe-girod\\\/\"]}]}<\/script>\n<!-- \/ Yoast SEO plugin. -->","yoast_head_json":{"title":"Inspirationen: Der Garten mit Cortenbl\u00e4ttern - ATECH","description":"Mit dieser Sonderanfertigung aus aktiviertem Cortenstahl kann ATECH auch die Landschaft zum Bl\u00fchen bringen. Verwandeln Sie Ihren Garten!","robots":{"index":"index","follow":"follow","max-snippet":"max-snippet:-1","max-image-preview":"max-image-preview:large","max-video-preview":"max-video-preview:-1"},"canonical":"https:\/\/www.atech-sas.com\/de\/inspirationen\/der-garten-mit-cortenblaettern\/","og_locale":"de_DE","og_type":"article","og_title":"Inspirationen: Der Garten mit Cortenbl\u00e4ttern - ATECH","og_description":"Mit dieser Sonderanfertigung aus aktiviertem Cortenstahl kann ATECH auch die Landschaft zum Bl\u00fchen bringen. Verwandeln Sie Ihren Garten!","og_url":"https:\/\/www.atech-sas.com\/de\/inspirationen\/der-garten-mit-cortenblaettern\/","og_site_name":"ATECH","article_publisher":"https:\/\/www.facebook.com\/atechsasfr","article_modified_time":"2021-10-12T13:24:04+00:00","og_image":[{"width":1200,"height":1200,"url":"https:\/\/www.atech-sas.com\/wp-content\/uploads\/2021\/05\/amenagement-paysager-cb21-atech-paris-acier-1.jpg","type":"image\/jpeg"}],"twitter_card":"summary_large_image","twitter_misc":{"Gesch\u00e4tzte Lesezeit":"5\u00a0Minuten"},"schema":{"@context":"https:\/\/schema.org","@graph":[{"@type":"WebPage","@id":"https:\/\/www.atech-sas.com\/de\/inspirationen\/der-garten-mit-cortenblaettern\/","url":"https:\/\/www.atech-sas.com\/de\/inspirationen\/der-garten-mit-cortenblaettern\/","name":"Inspirationen: Der Garten mit Cortenbl\u00e4ttern - ATECH","isPartOf":{"@id":"https:\/\/www.atech-sas.com\/de\/#website"},"primaryImageOfPage":{"@id":"https:\/\/www.atech-sas.com\/de\/inspirationen\/der-garten-mit-cortenblaettern\/#primaryimage"},"image":{"@id":"https:\/\/www.atech-sas.com\/de\/inspirationen\/der-garten-mit-cortenblaettern\/#primaryimage"},"thumbnailUrl":"https:\/\/www.atech-sas.com\/wp-content\/uploads\/2021\/05\/amenagement-paysager-cb21-atech-paris-acier-1.jpg","datePublished":"2021-07-05T14:34:20+00:00","dateModified":"2021-10-12T13:24:04+00:00","description":"Mit dieser Sonderanfertigung aus aktiviertem Cortenstahl kann ATECH auch die Landschaft zum Bl\u00fchen bringen. Verwandeln Sie Ihren Garten!","breadcrumb":{"@id":"https:\/\/www.atech-sas.com\/de\/inspirationen\/der-garten-mit-cortenblaettern\/#breadcrumb"},"inLanguage":"de","potentialAction":[{"@type":"ReadAction","target":["https:\/\/www.atech-sas.com\/de\/inspirationen\/der-garten-mit-cortenblaettern\/"]}]},{"@type":"ImageObject","inLanguage":"de","@id":"https:\/\/www.atech-sas.com\/de\/inspirationen\/der-garten-mit-cortenblaettern\/#primaryimage","url":"https:\/\/www.atech-sas.com\/wp-content\/uploads\/2021\/05\/amenagement-paysager-cb21-atech-paris-acier-1.jpg","contentUrl":"https:\/\/www.atech-sas.com\/wp-content\/uploads\/2021\/05\/amenagement-paysager-cb21-atech-paris-acier-1.jpg","width":1200,"height":1200,"caption":"landschaftsbau-atech-paris-cortenstahl"},{"@type":"BreadcrumbList","@id":"https:\/\/www.atech-sas.com\/de\/inspirationen\/der-garten-mit-cortenblaettern\/#breadcrumb","itemListElement":[{"@type":"ListItem","position":1,"name":"Startseite","item":"https:\/\/www.atech-sas.com\/de\/"},{"@type":"ListItem","position":2,"name":"Inspirationen","item":"https:\/\/www.atech-sas.com\/de\/inspirationen\/"},{"@type":"ListItem","position":3,"name":"Der Garten mit Cortenbl\u00e4ttern"}]},{"@type":"WebSite","@id":"https:\/\/www.atech-sas.com\/de\/#website","url":"https:\/\/www.atech-sas.com\/de\/","name":"Atech-sas","description":"Mobilier urbain","publisher":{"@id":"https:\/\/www.atech-sas.com\/de\/#organization"},"potentialAction":[{"@type":"SearchAction","target":{"@type":"EntryPoint","urlTemplate":"https:\/\/www.atech-sas.com\/de\/?s={search_term_string}"},"query-input":{"@type":"PropertyValueSpecification","valueRequired":true,"valueName":"search_term_string"}}],"inLanguage":"de"},{"@type":"Organization","@id":"https:\/\/www.atech-sas.com\/de\/#organization","name":"Atech-sas","url":"https:\/\/www.atech-sas.com\/de\/","logo":{"@type":"ImageObject","inLanguage":"de","@id":"https:\/\/www.atech-sas.com\/de\/#\/schema\/logo\/image\/","url":"https:\/\/www.atech-sas.com\/wp-content\/uploads\/2021\/01\/ATECH_logo.svg","contentUrl":"https:\/\/www.atech-sas.com\/wp-content\/uploads\/2021\/01\/ATECH_logo.svg","width":640,"height":217,"caption":"Atech-sas"},"image":{"@id":"https:\/\/www.atech-sas.com\/de\/#\/schema\/logo\/image\/"},"sameAs":["https:\/\/www.facebook.com\/atechsasfr","https:\/\/www.instagram.com\/atech_sas\/","https:\/\/www.youtube.com\/c\/Atech-saFr\/videos","https:\/\/www.linkedin.com\/company\/atech-groupe-girod\/"]}]}},"_links":{"self":[{"href":"https:\/\/www.atech-sas.com\/de\/wp-json\/wp\/v2\/portfolio\/40970","targetHints":{"allow":["GET"]}}],"collection":[{"href":"https:\/\/www.atech-sas.com\/de\/wp-json\/wp\/v2\/portfolio"}],"about":[{"href":"https:\/\/www.atech-sas.com\/de\/wp-json\/wp\/v2\/types\/portfolio"}],"replies":[{"embeddable":true,"href":"https:\/\/www.atech-sas.com\/de\/wp-json\/wp\/v2\/comments?post=40970"}],"wp:featuredmedia":[{"embeddable":true,"href":"https:\/\/www.atech-sas.com\/de\/wp-json\/wp\/v2\/media\/34464"}],"wp:attachment":[{"href":"https:\/\/www.atech-sas.com\/de\/wp-json\/wp\/v2\/media?parent=40970"}],"wp:term":[{"taxonomy":"project-cat","embeddable":true,"href":"https:\/\/www.atech-sas.com\/de\/wp-json\/wp\/v2\/project-cat?post=40970"}],"curies":[{"name":"wp","href":"https:\/\/api.w.org\/{rel}","templated":true}]}}