{"id":40969,"date":"2021-07-05T16:25:57","date_gmt":"2021-07-05T14:25:57","guid":{"rendered":"https:\/\/www.atech-sas.com\/inspirations\/fahrradstaender-in-crystal-park-paris\/"},"modified":"2021-10-14T12:03:18","modified_gmt":"2021-10-14T10:03:18","slug":"fahrradstaender-in-crystal-park-paris","status":"publish","type":"portfolio","link":"https:\/\/www.atech-sas.com\/de\/inspirationen\/fahrradstaender-in-crystal-park-paris\/","title":{"rendered":"Fahrradst\u00e4nder in Crystal Park Paris"},"content":{"rendered":"<div class=\"wpb-content-wrapper\"><p>[vc_row equal_height=&#8221;yes&#8221; content_placement=&#8221;top&#8221; css=&#8221;.vc_custom_1494415255420{margin-bottom: 5vh !important;}&#8221;][vc_column css=&#8221;.vc_custom_1499847091930{margin-bottom: 30px !important;}&#8221; offset=&#8221;vc_col-lg-8 vc_col-md-12&#8243;]\t\t<div id=\"gallery_993\" class=\"wd-images-gallery wd-justify-center wd-items-middle view-grid photoswipe-images\" >\n\t\t\t<div class=\"gallery-images row wd-spacing-20\">\n\t\t\t\t\t\t\t\t\t\t\t\t\t\t\t<div class=\"wd-gallery-item col-lg-6 col-md-6 col-sm-6 col-6\">\n\t\t\t\t\t\t\t\t\t\t\t\t\t\t<a href=\"https:\/\/www.atech-sas.com\/wp-content\/uploads\/2021\/05\/atech-support-velo-crystal-park-paris.jpg\" data-elementor-open-lightbox=\"no\" data-index=\"1\" data-width=\"1200\" data-height=\"1200\"  >\n\t\t\t\t\t\t\t\t\n\t\t\t\t\t\t\t\t\t\t\t\t\t\t\t\t\t<img decoding=\"async\" width=\"1200\" height=\"1200\" src=\"data:image\/jpg;base64,\/9j\/4AAQSkZJRgABAQAAAQABAAD\/\/gAfQ29tcHJlc3NlZCBieSBqcGVnLXJlY29tcHJlc3P\/2wBDAAYEBAUEBAYFBQUGBgYHCQ4JCQgICRINDQoOFRIWFhUSFBQXGiEcFxgfGRQUHScdHyIjJSUlFhwpLCgkKyEkJST\/2wBDAQYGBgkICREJCREkGBQYJCQkJCQkJCQkJCQkJCQkJCQkJCQkJCQkJCQkJCQkJCQkJCQkJCQkJCQkJCQkJCQkJCT\/wAARCAAKAAoDASIAAhEBAxEB\/8QAFQABAQAAAAAAAAAAAAAAAAAABAb\/xAAhEAABAwMEAwAAAAAAAAAAAAACAAERAwUhBAYUYRMxMv\/EABUBAQEAAAAAAAAAAAAAAAAAAAQG\/8QAGhEAAgIDAAAAAAAAAAAAAAAAAAEREgMEUf\/aAAwDAQACEQMRAD8AiLPt+4lbHpUdDVy0+QpEmN+o9JXA3WOOMLxj4JXtuyLT2mKey7kOKhLrh\/\/Z\" class=\"wd-gallery-image image-1 attachment-full wd-lazy-load wd-lazy-fade\" alt=\"atech-paris-fahrradstander\" title=\"atech-paris-fahrradstander\" srcset=\"\" sizes=\"(max-width: 1200px) 100vw, 1200px\" data-wood-src=\"https:\/\/www.atech-sas.com\/wp-content\/uploads\/2021\/05\/atech-support-velo-crystal-park-paris.jpg\" data-srcset=\"https:\/\/www.atech-sas.com\/wp-content\/uploads\/2021\/05\/atech-support-velo-crystal-park-paris.jpg 1200w, https:\/\/www.atech-sas.com\/wp-content\/uploads\/2021\/05\/atech-support-velo-crystal-park-paris-600x600.jpg 600w, https:\/\/www.atech-sas.com\/wp-content\/uploads\/2021\/05\/atech-support-velo-crystal-park-paris-150x150.jpg 150w, https:\/\/www.atech-sas.com\/wp-content\/uploads\/2021\/05\/atech-support-velo-crystal-park-paris-300x300.jpg 300w, https:\/\/www.atech-sas.com\/wp-content\/uploads\/2021\/05\/atech-support-velo-crystal-park-paris-1024x1024.jpg 1024w, https:\/\/www.atech-sas.com\/wp-content\/uploads\/2021\/05\/atech-support-velo-crystal-park-paris-768x768.jpg 768w\" \/>\t\t\t\t\t\t\t\t\n\n\t\t\t\t\t\t\t\t\t\t\t\t\t\t\t<\/a>\n\t\t\t\t\t\t\t\t\t\t\t\t<\/div>\n\t\t\t\t\t\t\t\t\t\t\t<div class=\"wd-gallery-item col-lg-6 col-md-6 col-sm-6 col-6\">\n\t\t\t\t\t\t\t\t\t\t\t\t\t\t<a href=\"https:\/\/www.atech-sas.com\/wp-content\/uploads\/2021\/05\/atech-support-velo-crystal-park-elodie-stephan.jpg\" data-elementor-open-lightbox=\"no\" data-index=\"2\" data-width=\"1200\" data-height=\"1200\"  >\n\t\t\t\t\t\t\t\t\n\t\t\t\t\t\t\t\t\t\t\t\t\t\t\t\t\t<img decoding=\"async\" width=\"1200\" height=\"1200\" src=\"data:image\/jpg;base64,\/9j\/4AAQSkZJRgABAQAAAQABAAD\/\/gAfQ29tcHJlc3NlZCBieSBqcGVnLXJlY29tcHJlc3P\/2wBDAAYEBAUEBAYFBQUGBgYHCQ4JCQgICRINDQoOFRIWFhUSFBQXGiEcFxgfGRQUHScdHyIjJSUlFhwpLCgkKyEkJST\/2wBDAQYGBgkICREJCREkGBQYJCQkJCQkJCQkJCQkJCQkJCQkJCQkJCQkJCQkJCQkJCQkJCQkJCQkJCQkJCQkJCQkJCT\/wAARCAAKAAoDASIAAhEBAxEB\/8QAFQABAQAAAAAAAAAAAAAAAAAABgP\/xAAlEAABAgUEAQUAAAAAAAAAAAABAgMABAURIRITIiNBBiQxcZL\/xAAVAQEBAAAAAAAAAAAAAAAAAAADBP\/EABkRAAMAAwAAAAAAAAAAAAAAAAABAgMRIv\/aAAwDAQACEQMRAD8ArXPWVWYnluTqNCn5rU4FIUkG7Wg2Ns2AHn5gzLKpwl2uaDwGTuZx9wpqXuJihKe7FDfSCvJAucZ8QOD7oA7V\/oxNWJU9sWeT\/9k=\" class=\"wd-gallery-image image-2 attachment-full wd-lazy-load wd-lazy-fade\" alt=\"atech-fahrradstaender-inspiration\" title=\"atech-fahrradstaender-inspiration\" srcset=\"\" sizes=\"(max-width: 1200px) 100vw, 1200px\" data-wood-src=\"https:\/\/www.atech-sas.com\/wp-content\/uploads\/2021\/05\/atech-support-velo-crystal-park-elodie-stephan.jpg\" data-srcset=\"https:\/\/www.atech-sas.com\/wp-content\/uploads\/2021\/05\/atech-support-velo-crystal-park-elodie-stephan.jpg 1200w, https:\/\/www.atech-sas.com\/wp-content\/uploads\/2021\/05\/atech-support-velo-crystal-park-elodie-stephan-600x600.jpg 600w, https:\/\/www.atech-sas.com\/wp-content\/uploads\/2021\/05\/atech-support-velo-crystal-park-elodie-stephan-150x150.jpg 150w, https:\/\/www.atech-sas.com\/wp-content\/uploads\/2021\/05\/atech-support-velo-crystal-park-elodie-stephan-300x300.jpg 300w, https:\/\/www.atech-sas.com\/wp-content\/uploads\/2021\/05\/atech-support-velo-crystal-park-elodie-stephan-1024x1024.jpg 1024w, https:\/\/www.atech-sas.com\/wp-content\/uploads\/2021\/05\/atech-support-velo-crystal-park-elodie-stephan-768x768.jpg 768w\" \/>\t\t\t\t\t\t\t\t\n\n\t\t\t\t\t\t\t\t\t\t\t\t\t\t\t<\/a>\n\t\t\t\t\t\t\t\t\t\t\t\t<\/div>\n\t\t\t\t\t\t\t\t\t\t\t\t<\/div>\n\t\t<\/div>\n\t\t\t\t\t\t<div id=\"gallery_209\" class=\"wd-images-gallery wd-justify-center wd-items-middle view-grid photoswipe-images\" >\n\t\t\t<div class=\"gallery-images row wd-spacing-20\">\n\t\t\t\t\t\t\t\t\t\t\t\t\t\t\t<div class=\"wd-gallery-item col-lg-12 col-md-12 col-sm-12 col-12\">\n\t\t\t\t\t\t\t\t\t\t\t\t\t\t<a href=\"https:\/\/www.atech-sas.com\/wp-content\/uploads\/2021\/05\/atech-support-velo-crystal-park.jpg\" data-elementor-open-lightbox=\"no\" data-index=\"1\" data-width=\"1200\" data-height=\"1200\"  >\n\t\t\t\t\t\t\t\t\n\t\t\t\t\t\t\t\t\t\t\t\t\t\t\t\t\t<img decoding=\"async\" width=\"1200\" height=\"1200\" src=\"data:image\/jpg;base64,\/9j\/4AAQSkZJRgABAQAAAQABAAD\/\/gAfQ29tcHJlc3NlZCBieSBqcGVnLXJlY29tcHJlc3P\/2wBDAAYEBAUEBAYFBQUGBgYHCQ4JCQgICRINDQoOFRIWFhUSFBQXGiEcFxgfGRQUHScdHyIjJSUlFhwpLCgkKyEkJST\/2wBDAQYGBgkICREJCREkGBQYJCQkJCQkJCQkJCQkJCQkJCQkJCQkJCQkJCQkJCQkJCQkJCQkJCQkJCQkJCQkJCQkJCT\/wAARCAAKAAoDASIAAhEBAxEB\/8QAFgABAQEAAAAAAAAAAAAAAAAABQYH\/8QAIxAAAgAFBAIDAAAAAAAAAAAAAQIAAwUGEQQSIVEiMTJBYf\/EABUBAQEAAAAAAAAAAAAAAAAAAAMF\/8QAGREAAwADAAAAAAAAAAAAAAAAAAECAwQR\/9oADAMBAAIRAxEAPwAy6LYvGo1zVVSXRZwSc4dhKmblbjH2AcQe2mvVWIXRzlUHAXjgdfCNKuJFE1sKPXX5EoztuPkffcTHlmm3UjTqzw\/\/2Q==\" class=\"wd-gallery-image image-1 attachment-full wd-lazy-load wd-lazy-fade\" alt=\"atech-anlehnbugel-inspiration\" title=\"atech-anlehnbugel-inspiration\" srcset=\"\" sizes=\"(max-width: 1200px) 100vw, 1200px\" data-wood-src=\"https:\/\/www.atech-sas.com\/wp-content\/uploads\/2021\/05\/atech-support-velo-crystal-park.jpg\" data-srcset=\"https:\/\/www.atech-sas.com\/wp-content\/uploads\/2021\/05\/atech-support-velo-crystal-park.jpg 1200w, https:\/\/www.atech-sas.com\/wp-content\/uploads\/2021\/05\/atech-support-velo-crystal-park-600x600.jpg 600w, https:\/\/www.atech-sas.com\/wp-content\/uploads\/2021\/05\/atech-support-velo-crystal-park-150x150.jpg 150w, https:\/\/www.atech-sas.com\/wp-content\/uploads\/2021\/05\/atech-support-velo-crystal-park-300x300.jpg 300w, https:\/\/www.atech-sas.com\/wp-content\/uploads\/2021\/05\/atech-support-velo-crystal-park-1024x1024.jpg 1024w, https:\/\/www.atech-sas.com\/wp-content\/uploads\/2021\/05\/atech-support-velo-crystal-park-768x768.jpg 768w\" \/>\t\t\t\t\t\t\t\t\n\n\t\t\t\t\t\t\t\t\t\t\t\t\t\t\t<\/a>\n\t\t\t\t\t\t\t\t\t\t\t\t<\/div>\n\t\t\t\t\t\t\t\t\t\t\t\t<\/div>\n\t\t<\/div>\n\t\t\t\t[\/vc_column][vc_column woodmart_sticky_column=&#8221;true&#8221; css=&#8221;.vc_custom_1499847110653{margin-right: 5px !important;margin-bottom: 48px !important;margin-left: 5px !important;}&#8221; offset=&#8221;vc_col-lg-4 vc_col-md-12&#8243;][vc_row_inner css=&#8221;.vc_custom_1494415923456{border-top-width: 10px !important;border-right-width: 10px !important;border-bottom-width: 10px !important;border-left-width: 10px !important;padding-top: 30px !important;padding-right: 30px !important;padding-bottom: 10px !important;padding-left: 30px !important;border-left-color: #f7f7f7 !important;border-left-style: solid !important;border-right-color: #f7f7f7 !important;border-right-style: solid !important;border-top-color: #f7f7f7 !important;border-top-style: solid !important;border-bottom-color: #f7f7f7 !important;border-bottom-style: solid !important;}&#8221;][vc_column_inner css=&#8221;.vc_custom_1494415839649{padding-top: 0px !important;padding-right: 0px !important;padding-left: 0px !important;}&#8221;][vc_custom_heading text=&#8221;Fahrradst\u00e4nder in Crystal Park Paris&#8221; font_container=&#8221;tag:h4|font_size:38px|text_align:left|line_height:1&#8243; use_theme_fonts=&#8221;yes&#8221; css=&#8221;.vc_custom_1621951646466{margin-bottom: 15px !important;}&#8221;][vc_column_text text_larger=&#8221;no&#8221; woodmart_inline=&#8221;no&#8221;]<br \/>\nFinden Sie faszinierende Installationen von Atech in all Ihren Wohnr\u00e4umen, wie im Crystal Park, wo sich die Designerin Elodie Stephan die Anordnung von <a href=\"https:\/\/www.atech-sas.com\/de\/produktkategorie\/stadtmobiliar-fahrrad\/anlehnbuegel\/\">Fahrradst\u00e4ndern<\/a> in einer Achterbahn ausgedacht hat. Das Projekt &#8220;Rayon&#8221;, in Zusammenarbeit mit Les Jardins de Gally, ist eine vertikale Struktur aus IPN und <a href=\"https:\/\/www.atech-sas.com\/de\/produktkategorie\/stadtmobiliar-materialen\/metall-holz\/\">Robinier-Holzverkleidung<\/a>; der Sockel aus Metallschl\u00f6ssern ist in den Boden eingelassen und bietet etwa drei\u00dfig Fahrradstellpl\u00e4tze, die f\u00fcr Radfahrer leicht zu nutzen sind. Sowohl eine k\u00fcnstlerische Geste als auch ein funktionales Ger\u00e4t: Der seit 2018 installierte Fahrradst\u00e4nder versch\u00f6nert den Crystal Park in Neuilly-sur-Seine optisch f\u00fcr die ICADE.[\/vc_column_text][\/vc_column_inner][vc_column_inner width=&#8221;1\/2&#8243; css=&#8221;.vc_custom_1499149309417{padding-top: 0px !important;padding-right: 15px !important;padding-left: 0px !important;}&#8221;][vc_custom_heading text=&#8221;KUNDE&#8221; font_container=&#8221;tag:h6|text_align:left&#8221; use_theme_fonts=&#8221;yes&#8221; css=&#8221;.vc_custom_1481478899319{margin-bottom: 10px !important;}&#8221;][vc_separator color=&#8221;custom&#8221; accent_color=&#8221;#eaeaea&#8221; css=&#8221;.vc_custom_1481478904779{margin-bottom: 10px !important;}&#8221;][vc_custom_heading text=&#8221;ICADE&#8221; font_container=&#8221;tag:p|font_size:12|text_align:left&#8221; use_theme_fonts=&#8221;yes&#8221; css=&#8221;.vc_custom_1622463126042{margin-bottom: 20px !important;}&#8221; link=&#8221;url:https%3A%2F%2Fwww.icade.fr%2F|target:_blank|&#8221;][vc_custom_heading text=&#8221;DESIGNER&#8221; font_container=&#8221;tag:h6|text_align:left&#8221; use_theme_fonts=&#8221;yes&#8221; css=&#8221;.vc_custom_1481479075767{margin-bottom: 10px !important;}&#8221;][vc_separator color=&#8221;custom&#8221; accent_color=&#8221;#eaeaea&#8221; css=&#8221;.vc_custom_1481478904779{margin-bottom: 10px !important;}&#8221;][vc_custom_heading text=&#8221;ELODIE STEPHAN IN ZUSAMMENARBEIT MIT LES JARDINS DE GALLY&#8221; font_container=&#8221;tag:p|font_size:12|text_align:left&#8221; use_theme_fonts=&#8221;yes&#8221; css=&#8221;.vc_custom_1634205795369{margin-bottom: 20px !important;}&#8221; link=&#8221;url:https%3A%2F%2Fwww.studio-klazo.com%2Fa-propos%2F|target:_blank&#8221;][\/vc_column_inner][vc_column_inner width=&#8221;1\/2&#8243; css=&#8221;.vc_custom_1499149316069{padding-top: 0px !important;padding-right: 15px !important;padding-left: 0px !important;}&#8221;][vc_custom_heading text=&#8221;MATERIALIEN&#8221; font_container=&#8221;tag:h6|text_align:left&#8221; use_theme_fonts=&#8221;yes&#8221; css=&#8221;.vc_custom_1622643293685{margin-bottom: 10px !important;}&#8221;][vc_separator color=&#8221;custom&#8221; accent_color=&#8221;#eaeaea&#8221; css=&#8221;.vc_custom_1481478904779{margin-bottom: 10px !important;}&#8221;][vc_custom_heading text=&#8221;IPN-STAHL LACKIERTER SANGESTRAHLTER RAL 8022, ROBINIENHOLZ&#8221; font_container=&#8221;tag:p|font_size:12|text_align:left&#8221; use_theme_fonts=&#8221;yes&#8221; css=&#8221;.vc_custom_1622534930680{margin-bottom: 20px !important;}&#8221;][vc_custom_heading text=&#8221;LOKALISIERUNG&#8221; font_container=&#8221;tag:h6|text_align:left&#8221; use_theme_fonts=&#8221;yes&#8221; css=&#8221;.vc_custom_1616684304200{margin-bottom: 10px !important;}&#8221;][vc_separator color=&#8221;custom&#8221; accent_color=&#8221;#eaeaea&#8221; css=&#8221;.vc_custom_1481478904779{margin-bottom: 10px !important;}&#8221;][vc_custom_heading text=&#8221;CRYSTAL PARK, NEUILLY-SUR-SEINE (92), FRANKREICH&#8221; font_container=&#8221;tag:p|font_size:12|text_align:left&#8221; use_theme_fonts=&#8221;yes&#8221; css=&#8221;.vc_custom_1621951726277{margin-bottom: 20px !important;}&#8221;][\/vc_column_inner][\/vc_row_inner][\/vc_column][\/vc_row][vc_row css=&#8221;.vc_custom_1494493972768{margin-bottom: 7vh !important;}&#8221;][vc_column width=&#8221;1\/3&#8243;]\t\t\t<div class=\"info-box-wrapper\">\n\t\t\t\t<div id=\"wd-6168002f3a94c\" class=\" wd-rs-6168002f3a94c wd-info-box wd-wpb text-center box-icon-align-top box-style- color-scheme- wd-bg-none \"  >\n\t\t\t\t\t\t\t\t\t\t\t<div class=\"box-icon-wrapper  box-with-text text-size-large box-icon-simple\">\n\t\t\t\t\t\t\t<div class=\"info-box-icon\">\n\n\t\t\t\t\t\t\t\t\t\t\t\t\t\t\t01.\t\t\t\t\t\t\t\n\t\t\t\t\t\t\t<\/div>\n\t\t\t\t\t\t<\/div>\n\t\t\t\t\t\t\t\t\t\t<div class=\"info-box-content\">\n\t\t\t\t\t\t<h4 class=\"info-box-title title wd-font-weight- box-title-style-default wd-fontsize-s\">PRAKTIKABILIT\u00c4T<\/h4>\t\t\t\t\t\t<div class=\"info-box-inner set-cont-mb-s reset-last-child\">\n\t\t\t\t\t\t\t\t\t\t\t\t\t<\/div>\n\n\t\t\t\t\t\t\t\t\t\t\t<\/div>\n\n\t\t\t\t\t\t\t\t\t<\/div>\n\t\t\t<\/div>\n\t\t[\/vc_column][vc_column width=&#8221;1\/3&#8243;]\t\t\t<div class=\"info-box-wrapper\">\n\t\t\t\t<div id=\"wd-616800370fe2c\" class=\" wd-rs-616800370fe2c wd-info-box wd-wpb text-center box-icon-align-top box-style- color-scheme- wd-bg-none \"  >\n\t\t\t\t\t\t\t\t\t\t\t<div class=\"box-icon-wrapper  box-with-text text-size-large box-icon-simple\">\n\t\t\t\t\t\t\t<div class=\"info-box-icon\">\n\n\t\t\t\t\t\t\t\t\t\t\t\t\t\t\t02.\t\t\t\t\t\t\t\n\t\t\t\t\t\t\t<\/div>\n\t\t\t\t\t\t<\/div>\n\t\t\t\t\t\t\t\t\t\t<div class=\"info-box-content\">\n\t\t\t\t\t\t<h4 class=\"info-box-title title wd-font-weight- box-title-style-default wd-fontsize-s\">SICHERHEIT<\/h4>\t\t\t\t\t\t<div class=\"info-box-inner set-cont-mb-s reset-last-child\">\n\t\t\t\t\t\t\t\t\t\t\t\t\t<\/div>\n\n\t\t\t\t\t\t\t\t\t\t\t<\/div>\n\n\t\t\t\t\t\t\t\t\t<\/div>\n\t\t\t<\/div>\n\t\t[\/vc_column][vc_column width=&#8221;1\/3&#8243;]\t\t\t<div class=\"info-box-wrapper\">\n\t\t\t\t<div id=\"wd-6168003f2793e\" class=\" wd-rs-6168003f2793e wd-info-box wd-wpb text-center box-icon-align-top box-style- color-scheme- wd-bg-none \"  >\n\t\t\t\t\t\t\t\t\t\t\t<div class=\"box-icon-wrapper  box-with-text text-size-large box-icon-simple\">\n\t\t\t\t\t\t\t<div class=\"info-box-icon\">\n\n\t\t\t\t\t\t\t\t\t\t\t\t\t\t\t03.\t\t\t\t\t\t\t\n\t\t\t\t\t\t\t<\/div>\n\t\t\t\t\t\t<\/div>\n\t\t\t\t\t\t\t\t\t\t<div class=\"info-box-content\">\n\t\t\t\t\t\t<h4 class=\"info-box-title title wd-font-weight- box-title-style-default wd-fontsize-s\">ORIGINALIT\u00c4T<\/h4>\t\t\t\t\t\t<div class=\"info-box-inner set-cont-mb-s reset-last-child\">\n\t\t\t\t\t\t\t\t\t\t\t\t\t<\/div>\n\n\t\t\t\t\t\t\t\t\t\t\t<\/div>\n\n\t\t\t\t\t\t\t\t\t<\/div>\n\t\t\t<\/div>\n\t\t[\/vc_column][\/vc_row][vc_row equal_height=&#8221;yes&#8221; content_placement=&#8221;top&#8221; css=&#8221;.vc_custom_1494415255420{margin-bottom: 5vh !important;}&#8221;][vc_column woodmart_sticky_column=&#8221;true&#8221; css=&#8221;.vc_custom_1499847127499{margin-right: 5px !important;margin-bottom: 30px !important;margin-left: 5px !important;}&#8221; offset=&#8221;vc_col-lg-4 vc_col-md-12&#8243;][vc_row_inner css=&#8221;.vc_custom_1494418291071{border-top-width: 10px !important;border-right-width: 10px !important;border-bottom-width: 10px !important;border-left-width: 10px !important;padding-top: 30px !important;padding-right: 30px !important;padding-bottom: 30px !important;padding-left: 30px !important;border-left-color: #f7f7f7 !important;border-left-style: solid !important;border-right-color: #f7f7f7 !important;border-right-style: solid !important;border-top-color: #f7f7f7 !important;border-top-style: solid !important;border-bottom-color: #f7f7f7 !important;border-bottom-style: solid !important;}&#8221;][vc_column_inner css=&#8221;.vc_custom_1494415839649{padding-top: 0px !important;padding-right: 0px !important;padding-left: 0px !important;}&#8221;][vc_custom_heading text=&#8221;Sind Sie an diesem Projekt interessiert?&#8221; font_container=&#8221;tag:h4|font_size:20px|text_align:left|line_height:1.4&#8243; use_theme_fonts=&#8221;yes&#8221; css=&#8221;.vc_custom_1618304253459{margin-bottom: 15px !important;}&#8221;][vc_separator color=&#8221;custom&#8221; accent_color=&#8221;#eaeaea&#8221; css=&#8221;.vc_custom_1494420107842{margin-bottom: 15px !important;}&#8221;][vc_column_text css=&#8221;.vc_custom_1618304289779{margin-bottom: 25px !important;}&#8221; woodmart_inline=&#8221;no&#8221; text_larger=&#8221;no&#8221;]<br \/>\nAls franz\u00f6sischer Hersteller von Pflanzenm\u00f6beln k\u00f6nnen wir dank unseres Sortiments an Standardprodukten und unseres Konstruktionsb\u00fcros Ihre Anforderungen erf\u00fcllen. Letztere untersucht die technische Machbarkeit Ihres kundenspezifischen Projekts.<br \/>\n[\/vc_column_text]<div id=\"wd-60755aa378213\" class=\" wd-rs-60755aa378213  wd-button-wrapper text-center inline-element\"><a href=\"https:\/\/www.atech-sas.com\/de\/materialien-techniken\/\" title=\"Stadm\u00f6bel nach material\" class=\"btn btn-color-black btn-style-default btn-style-rectangle btn-size-default\">Entdecken Sie unsere Materialien<\/a><\/div><div id=\"wd-60755af140304\" class=\" wd-rs-60755af140304  wd-button-wrapper text-center inline-element\"><a href=\"https:\/\/www.atech-sas.com\/de\/kontakt\/\" title=\"\" class=\"btn btn-color-default btn-style-bordered btn-style-rectangle btn-size-default\">KONTAKTIERE UNS<\/a><\/div>[\/vc_column_inner][\/vc_row_inner][\/vc_column][vc_column css=&#8221;.vc_custom_1499847136861{margin-bottom: 30px !important;}&#8221; offset=&#8221;vc_col-lg-8 vc_col-md-12&#8243;]\t\t<div id=\"gallery_746\" class=\"wd-images-gallery wd-justify-center wd-items-middle view-grid photoswipe-images\" >\n\t\t\t<div class=\"gallery-images row wd-spacing-20\">\n\t\t\t\t\t\t\t\t\t\t\t\t\t\t\t\t<\/div>\n\t\t<\/div>\n\t\t\t\t\t\t<div id=\"gallery_911\" class=\"wd-images-gallery wd-justify-center wd-items-middle view-grid photoswipe-images\" >\n\t\t\t<div class=\"gallery-images row wd-spacing-0\">\n\t\t\t\t\t\t\t\t\t\t\t\t\t\t\t<div class=\"wd-gallery-item col-lg-12 col-md-12 col-sm-12 col-12\">\n\t\t\t\t\t\t\t\t\t\t\t\t\t\t<a href=\"https:\/\/www.atech-sas.com\/wp-content\/uploads\/2021\/05\/atech-supports-velos-crystal-park-paris-1.jpg\" data-elementor-open-lightbox=\"no\" data-index=\"1\" data-width=\"1200\" data-height=\"1200\"  >\n\t\t\t\t\t\t\t\t\n\t\t\t\t\t\t\t\t\t\t\t\t\t\t\t\t\t<img decoding=\"async\" width=\"1200\" height=\"1200\" src=\"data:image\/jpg;base64,\/9j\/4AAQSkZJRgABAQAAAQABAAD\/\/gAfQ29tcHJlc3NlZCBieSBqcGVnLXJlY29tcHJlc3P\/2wBDAAYEBAUEBAYFBQUGBgYHCQ4JCQgICRINDQoOFRIWFhUSFBQXGiEcFxgfGRQUHScdHyIjJSUlFhwpLCgkKyEkJST\/2wBDAQYGBgkICREJCREkGBQYJCQkJCQkJCQkJCQkJCQkJCQkJCQkJCQkJCQkJCQkJCQkJCQkJCQkJCQkJCQkJCQkJCT\/wAARCAAKAAoDASIAAhEBAxEB\/8QAFgABAQEAAAAAAAAAAAAAAAAABwQG\/8QAJRAAAQIEBQUBAAAAAAAAAAAAAQIDAAUREgQGITFhByIyQVGB\/8QAFQEBAQAAAAAAAAAAAAAAAAAAAQX\/xAAZEQADAAMAAAAAAAAAAAAAAAAAAQMCESH\/2gAMAwEAAhEDEQA\/AKOoZmeJljWHzFLnXHwFhOIvuFLgQQBp614MEJy1IqmkuuFfKqteYbM0EreeaUSptJBCDsPyMYptFx7E7\/Im0q56SHKaXEf\/2Q==\" class=\"wd-gallery-image image-1 attachment-full wd-lazy-load wd-lazy-fade\" alt=\"atech-anlehnb\u00fcgel-crystal-park-paris\" title=\"atech-anlehnb\u00fcgel-crystal-park-paris\" srcset=\"\" sizes=\"(max-width: 1200px) 100vw, 1200px\" data-wood-src=\"https:\/\/www.atech-sas.com\/wp-content\/uploads\/2021\/05\/atech-supports-velos-crystal-park-paris-1.jpg\" data-srcset=\"https:\/\/www.atech-sas.com\/wp-content\/uploads\/2021\/05\/atech-supports-velos-crystal-park-paris-1.jpg 1200w, https:\/\/www.atech-sas.com\/wp-content\/uploads\/2021\/05\/atech-supports-velos-crystal-park-paris-1-600x600.jpg 600w, https:\/\/www.atech-sas.com\/wp-content\/uploads\/2021\/05\/atech-supports-velos-crystal-park-paris-1-150x150.jpg 150w, https:\/\/www.atech-sas.com\/wp-content\/uploads\/2021\/05\/atech-supports-velos-crystal-park-paris-1-300x300.jpg 300w, https:\/\/www.atech-sas.com\/wp-content\/uploads\/2021\/05\/atech-supports-velos-crystal-park-paris-1-1024x1024.jpg 1024w, https:\/\/www.atech-sas.com\/wp-content\/uploads\/2021\/05\/atech-supports-velos-crystal-park-paris-1-768x768.jpg 768w\" \/>\t\t\t\t\t\t\t\t\n\n\t\t\t\t\t\t\t\t\t\t\t\t\t\t\t<\/a>\n\t\t\t\t\t\t\t\t\t\t\t\t<\/div>\n\t\t\t\t\t\t\t\t\t\t\t\t<\/div>\n\t\t<\/div>\n\t\t\t\t[\/vc_column][\/vc_row]<\/p>\n<\/div>","protected":false},"excerpt":{"rendered":"<p>[vc_row equal_height=&#8221;yes&#8221; content_placement=&#8221;top&#8221; css=&#8221;.vc_custom_1494415255420{margin-bottom: 5vh !important;}&#8221;][vc_column css=&#8221;.vc_custom_1499847091930{margin-bottom: 30px !important;}&#8221; offset=&#8221;vc_col-lg-8 vc_col-md-12&#8243;][\/vc_column][vc_column woodmart_sticky_column=&#8221;true&#8221; css=&#8221;.vc_custom_1499847110653{margin-right: 5px !important;margin-bottom: 48px !important;margin-left: 5px !important;}&#8221; offset=&#8221;vc_col-lg-4<\/p>\n","protected":false},"featured_media":33997,"menu_order":0,"comment_status":"open","ping_status":"closed","template":"","project-cat":[2161],"class_list":["post-40969","portfolio","type-portfolio","status-publish","has-post-thumbnail","hentry","project-cat-landschaftsbau"],"yoast_head":"<!-- This site is optimized with the Yoast SEO plugin v27.4 - https:\/\/yoast.com\/product\/yoast-seo-wordpress\/ -->\n<title>Inspirationen: Fahrradst\u00e4nder in Crystal Park Paris - ATECH<\/title>\n<meta name=\"description\" content=\"Entdecken Sie das Fahrradtr\u00e4ger-Projekt &quot;Rayon&quot; der Designerin Elodie Stephan, in Zusammenarbeit mit Les Jardins de Gally und produziert von ATECH.\" \/>\n<meta name=\"robots\" content=\"index, follow, max-snippet:-1, max-image-preview:large, max-video-preview:-1\" \/>\n<link rel=\"canonical\" href=\"https:\/\/www.atech-sas.com\/de\/inspirationen\/fahrradstaender-in-crystal-park-paris\/\" \/>\n<meta property=\"og:locale\" content=\"de_DE\" \/>\n<meta property=\"og:type\" content=\"article\" \/>\n<meta property=\"og:title\" content=\"Inspirationen: Fahrradst\u00e4nder in Crystal Park Paris - ATECH\" \/>\n<meta property=\"og:description\" content=\"Entdecken Sie das Fahrradtr\u00e4ger-Projekt &quot;Rayon&quot; der Designerin Elodie Stephan, in Zusammenarbeit mit Les Jardins de Gally und produziert von ATECH.\" \/>\n<meta property=\"og:url\" content=\"https:\/\/www.atech-sas.com\/de\/inspirationen\/fahrradstaender-in-crystal-park-paris\/\" \/>\n<meta property=\"og:site_name\" content=\"ATECH\" \/>\n<meta property=\"article:publisher\" content=\"https:\/\/www.facebook.com\/atechsasfr\" \/>\n<meta property=\"article:modified_time\" content=\"2021-10-14T10:03:18+00:00\" \/>\n<meta property=\"og:image\" content=\"https:\/\/www.atech-sas.com\/wp-content\/uploads\/2021\/05\/atech-support-velo-crystal-park-elodie-stephan.jpg\" \/>\n\t<meta property=\"og:image:width\" content=\"1200\" \/>\n\t<meta property=\"og:image:height\" content=\"1200\" \/>\n\t<meta property=\"og:image:type\" content=\"image\/jpeg\" \/>\n<meta name=\"twitter:card\" content=\"summary_large_image\" \/>\n<meta name=\"twitter:label1\" content=\"Gesch\u00e4tzte Lesezeit\" \/>\n\t<meta name=\"twitter:data1\" content=\"3\u00a0Minuten\" \/>\n<script type=\"application\/ld+json\" class=\"yoast-schema-graph\">{\"@context\":\"https:\\\/\\\/schema.org\",\"@graph\":[{\"@type\":\"WebPage\",\"@id\":\"https:\\\/\\\/www.atech-sas.com\\\/de\\\/inspirationen\\\/fahrradstaender-in-crystal-park-paris\\\/\",\"url\":\"https:\\\/\\\/www.atech-sas.com\\\/de\\\/inspirationen\\\/fahrradstaender-in-crystal-park-paris\\\/\",\"name\":\"Inspirationen: Fahrradst\u00e4nder in Crystal Park Paris - ATECH\",\"isPartOf\":{\"@id\":\"https:\\\/\\\/www.atech-sas.com\\\/de\\\/#website\"},\"primaryImageOfPage\":{\"@id\":\"https:\\\/\\\/www.atech-sas.com\\\/de\\\/inspirationen\\\/fahrradstaender-in-crystal-park-paris\\\/#primaryimage\"},\"image\":{\"@id\":\"https:\\\/\\\/www.atech-sas.com\\\/de\\\/inspirationen\\\/fahrradstaender-in-crystal-park-paris\\\/#primaryimage\"},\"thumbnailUrl\":\"https:\\\/\\\/www.atech-sas.com\\\/wp-content\\\/uploads\\\/2021\\\/05\\\/atech-support-velo-crystal-park-elodie-stephan.jpg\",\"datePublished\":\"2021-07-05T14:25:57+00:00\",\"dateModified\":\"2021-10-14T10:03:18+00:00\",\"description\":\"Entdecken Sie das Fahrradtr\u00e4ger-Projekt \\\"Rayon\\\" der Designerin Elodie Stephan, in Zusammenarbeit mit Les Jardins de Gally und produziert von ATECH.\",\"breadcrumb\":{\"@id\":\"https:\\\/\\\/www.atech-sas.com\\\/de\\\/inspirationen\\\/fahrradstaender-in-crystal-park-paris\\\/#breadcrumb\"},\"inLanguage\":\"de\",\"potentialAction\":[{\"@type\":\"ReadAction\",\"target\":[\"https:\\\/\\\/www.atech-sas.com\\\/de\\\/inspirationen\\\/fahrradstaender-in-crystal-park-paris\\\/\"]}]},{\"@type\":\"ImageObject\",\"inLanguage\":\"de\",\"@id\":\"https:\\\/\\\/www.atech-sas.com\\\/de\\\/inspirationen\\\/fahrradstaender-in-crystal-park-paris\\\/#primaryimage\",\"url\":\"https:\\\/\\\/www.atech-sas.com\\\/wp-content\\\/uploads\\\/2021\\\/05\\\/atech-support-velo-crystal-park-elodie-stephan.jpg\",\"contentUrl\":\"https:\\\/\\\/www.atech-sas.com\\\/wp-content\\\/uploads\\\/2021\\\/05\\\/atech-support-velo-crystal-park-elodie-stephan.jpg\",\"width\":1200,\"height\":1200,\"caption\":\"atech-fahrradstaender-inspiration\"},{\"@type\":\"BreadcrumbList\",\"@id\":\"https:\\\/\\\/www.atech-sas.com\\\/de\\\/inspirationen\\\/fahrradstaender-in-crystal-park-paris\\\/#breadcrumb\",\"itemListElement\":[{\"@type\":\"ListItem\",\"position\":1,\"name\":\"Startseite\",\"item\":\"https:\\\/\\\/www.atech-sas.com\\\/de\\\/\"},{\"@type\":\"ListItem\",\"position\":2,\"name\":\"Inspirationen\",\"item\":\"https:\\\/\\\/www.atech-sas.com\\\/de\\\/inspirationen\\\/\"},{\"@type\":\"ListItem\",\"position\":3,\"name\":\"Fahrradst\u00e4nder in Crystal Park Paris\"}]},{\"@type\":\"WebSite\",\"@id\":\"https:\\\/\\\/www.atech-sas.com\\\/de\\\/#website\",\"url\":\"https:\\\/\\\/www.atech-sas.com\\\/de\\\/\",\"name\":\"Atech-sas\",\"description\":\"Mobilier urbain\",\"publisher\":{\"@id\":\"https:\\\/\\\/www.atech-sas.com\\\/de\\\/#organization\"},\"potentialAction\":[{\"@type\":\"SearchAction\",\"target\":{\"@type\":\"EntryPoint\",\"urlTemplate\":\"https:\\\/\\\/www.atech-sas.com\\\/de\\\/?s={search_term_string}\"},\"query-input\":{\"@type\":\"PropertyValueSpecification\",\"valueRequired\":true,\"valueName\":\"search_term_string\"}}],\"inLanguage\":\"de\"},{\"@type\":\"Organization\",\"@id\":\"https:\\\/\\\/www.atech-sas.com\\\/de\\\/#organization\",\"name\":\"Atech-sas\",\"url\":\"https:\\\/\\\/www.atech-sas.com\\\/de\\\/\",\"logo\":{\"@type\":\"ImageObject\",\"inLanguage\":\"de\",\"@id\":\"https:\\\/\\\/www.atech-sas.com\\\/de\\\/#\\\/schema\\\/logo\\\/image\\\/\",\"url\":\"https:\\\/\\\/www.atech-sas.com\\\/wp-content\\\/uploads\\\/2021\\\/01\\\/ATECH_logo.svg\",\"contentUrl\":\"https:\\\/\\\/www.atech-sas.com\\\/wp-content\\\/uploads\\\/2021\\\/01\\\/ATECH_logo.svg\",\"width\":640,\"height\":217,\"caption\":\"Atech-sas\"},\"image\":{\"@id\":\"https:\\\/\\\/www.atech-sas.com\\\/de\\\/#\\\/schema\\\/logo\\\/image\\\/\"},\"sameAs\":[\"https:\\\/\\\/www.facebook.com\\\/atechsasfr\",\"https:\\\/\\\/www.instagram.com\\\/atech_sas\\\/\",\"https:\\\/\\\/www.youtube.com\\\/c\\\/Atech-saFr\\\/videos\",\"https:\\\/\\\/www.linkedin.com\\\/company\\\/atech-groupe-girod\\\/\"]}]}<\/script>\n<!-- \/ Yoast SEO plugin. -->","yoast_head_json":{"title":"Inspirationen: Fahrradst\u00e4nder in Crystal Park Paris - ATECH","description":"Entdecken Sie das Fahrradtr\u00e4ger-Projekt \"Rayon\" der Designerin Elodie Stephan, in Zusammenarbeit mit Les Jardins de Gally und produziert von ATECH.","robots":{"index":"index","follow":"follow","max-snippet":"max-snippet:-1","max-image-preview":"max-image-preview:large","max-video-preview":"max-video-preview:-1"},"canonical":"https:\/\/www.atech-sas.com\/de\/inspirationen\/fahrradstaender-in-crystal-park-paris\/","og_locale":"de_DE","og_type":"article","og_title":"Inspirationen: Fahrradst\u00e4nder in Crystal Park Paris - ATECH","og_description":"Entdecken Sie das Fahrradtr\u00e4ger-Projekt \"Rayon\" der Designerin Elodie Stephan, in Zusammenarbeit mit Les Jardins de Gally und produziert von ATECH.","og_url":"https:\/\/www.atech-sas.com\/de\/inspirationen\/fahrradstaender-in-crystal-park-paris\/","og_site_name":"ATECH","article_publisher":"https:\/\/www.facebook.com\/atechsasfr","article_modified_time":"2021-10-14T10:03:18+00:00","og_image":[{"width":1200,"height":1200,"url":"https:\/\/www.atech-sas.com\/wp-content\/uploads\/2021\/05\/atech-support-velo-crystal-park-elodie-stephan.jpg","type":"image\/jpeg"}],"twitter_card":"summary_large_image","twitter_misc":{"Gesch\u00e4tzte Lesezeit":"3\u00a0Minuten"},"schema":{"@context":"https:\/\/schema.org","@graph":[{"@type":"WebPage","@id":"https:\/\/www.atech-sas.com\/de\/inspirationen\/fahrradstaender-in-crystal-park-paris\/","url":"https:\/\/www.atech-sas.com\/de\/inspirationen\/fahrradstaender-in-crystal-park-paris\/","name":"Inspirationen: Fahrradst\u00e4nder in Crystal Park Paris - ATECH","isPartOf":{"@id":"https:\/\/www.atech-sas.com\/de\/#website"},"primaryImageOfPage":{"@id":"https:\/\/www.atech-sas.com\/de\/inspirationen\/fahrradstaender-in-crystal-park-paris\/#primaryimage"},"image":{"@id":"https:\/\/www.atech-sas.com\/de\/inspirationen\/fahrradstaender-in-crystal-park-paris\/#primaryimage"},"thumbnailUrl":"https:\/\/www.atech-sas.com\/wp-content\/uploads\/2021\/05\/atech-support-velo-crystal-park-elodie-stephan.jpg","datePublished":"2021-07-05T14:25:57+00:00","dateModified":"2021-10-14T10:03:18+00:00","description":"Entdecken Sie das Fahrradtr\u00e4ger-Projekt \"Rayon\" der Designerin Elodie Stephan, in Zusammenarbeit mit Les Jardins de Gally und produziert von ATECH.","breadcrumb":{"@id":"https:\/\/www.atech-sas.com\/de\/inspirationen\/fahrradstaender-in-crystal-park-paris\/#breadcrumb"},"inLanguage":"de","potentialAction":[{"@type":"ReadAction","target":["https:\/\/www.atech-sas.com\/de\/inspirationen\/fahrradstaender-in-crystal-park-paris\/"]}]},{"@type":"ImageObject","inLanguage":"de","@id":"https:\/\/www.atech-sas.com\/de\/inspirationen\/fahrradstaender-in-crystal-park-paris\/#primaryimage","url":"https:\/\/www.atech-sas.com\/wp-content\/uploads\/2021\/05\/atech-support-velo-crystal-park-elodie-stephan.jpg","contentUrl":"https:\/\/www.atech-sas.com\/wp-content\/uploads\/2021\/05\/atech-support-velo-crystal-park-elodie-stephan.jpg","width":1200,"height":1200,"caption":"atech-fahrradstaender-inspiration"},{"@type":"BreadcrumbList","@id":"https:\/\/www.atech-sas.com\/de\/inspirationen\/fahrradstaender-in-crystal-park-paris\/#breadcrumb","itemListElement":[{"@type":"ListItem","position":1,"name":"Startseite","item":"https:\/\/www.atech-sas.com\/de\/"},{"@type":"ListItem","position":2,"name":"Inspirationen","item":"https:\/\/www.atech-sas.com\/de\/inspirationen\/"},{"@type":"ListItem","position":3,"name":"Fahrradst\u00e4nder in Crystal Park Paris"}]},{"@type":"WebSite","@id":"https:\/\/www.atech-sas.com\/de\/#website","url":"https:\/\/www.atech-sas.com\/de\/","name":"Atech-sas","description":"Mobilier urbain","publisher":{"@id":"https:\/\/www.atech-sas.com\/de\/#organization"},"potentialAction":[{"@type":"SearchAction","target":{"@type":"EntryPoint","urlTemplate":"https:\/\/www.atech-sas.com\/de\/?s={search_term_string}"},"query-input":{"@type":"PropertyValueSpecification","valueRequired":true,"valueName":"search_term_string"}}],"inLanguage":"de"},{"@type":"Organization","@id":"https:\/\/www.atech-sas.com\/de\/#organization","name":"Atech-sas","url":"https:\/\/www.atech-sas.com\/de\/","logo":{"@type":"ImageObject","inLanguage":"de","@id":"https:\/\/www.atech-sas.com\/de\/#\/schema\/logo\/image\/","url":"https:\/\/www.atech-sas.com\/wp-content\/uploads\/2021\/01\/ATECH_logo.svg","contentUrl":"https:\/\/www.atech-sas.com\/wp-content\/uploads\/2021\/01\/ATECH_logo.svg","width":640,"height":217,"caption":"Atech-sas"},"image":{"@id":"https:\/\/www.atech-sas.com\/de\/#\/schema\/logo\/image\/"},"sameAs":["https:\/\/www.facebook.com\/atechsasfr","https:\/\/www.instagram.com\/atech_sas\/","https:\/\/www.youtube.com\/c\/Atech-saFr\/videos","https:\/\/www.linkedin.com\/company\/atech-groupe-girod\/"]}]}},"_links":{"self":[{"href":"https:\/\/www.atech-sas.com\/de\/wp-json\/wp\/v2\/portfolio\/40969","targetHints":{"allow":["GET"]}}],"collection":[{"href":"https:\/\/www.atech-sas.com\/de\/wp-json\/wp\/v2\/portfolio"}],"about":[{"href":"https:\/\/www.atech-sas.com\/de\/wp-json\/wp\/v2\/types\/portfolio"}],"replies":[{"embeddable":true,"href":"https:\/\/www.atech-sas.com\/de\/wp-json\/wp\/v2\/comments?post=40969"}],"wp:featuredmedia":[{"embeddable":true,"href":"https:\/\/www.atech-sas.com\/de\/wp-json\/wp\/v2\/media\/33997"}],"wp:attachment":[{"href":"https:\/\/www.atech-sas.com\/de\/wp-json\/wp\/v2\/media?parent=40969"}],"wp:term":[{"taxonomy":"project-cat","embeddable":true,"href":"https:\/\/www.atech-sas.com\/de\/wp-json\/wp\/v2\/project-cat?post=40969"}],"curies":[{"name":"wp","href":"https:\/\/api.w.org\/{rel}","templated":true}]}}